{"id":927,"date":"2021-10-31T13:19:22","date_gmt":"2021-10-31T12:19:22","guid":{"rendered":"https:\/\/ateneoescurialense.org\/senderismo\/?page_id=927"},"modified":"2021-10-31T13:32:48","modified_gmt":"2021-10-31T12:32:48","slug":"los-molinos-de-navalagamella","status":"publish","type":"page","link":"https:\/\/ateneoescurialense.org\/senderismo\/los-molinos-de-navalagamella\/","title":{"rendered":"Los molinos de Navalagamella"},"content":{"rendered":"<p>[et_pb_section fb_built=\u00bb1&#8243; _builder_version=\u00bb4.9.4&#8243; background_color=\u00bb#e2e8ce\u00bb use_background_color_gradient=\u00bbon\u00bb background_color_gradient_start=\u00bb#688987&#8243; background_color_gradient_end=\u00bb#35ffff\u00bb global_colors_info=\u00bb{}\u00bb][et_pb_row _builder_version=\u00bb4.4.9&#8243; global_colors_info=\u00bb{}\u00bb][et_pb_column type=\u00bb4_4&#8243; _builder_version=\u00bb4.4.9&#8243; global_colors_info=\u00bb{}\u00bb][et_pb_text admin_label=\u00bbT\u00edtulo de la ruta\u00bb _builder_version=\u00bb4.11.4&#8243; border_color_all=\u00bbrgba(0,0,0,0)\u00bb global_colors_info=\u00bb{}\u00bb]<\/p>\n<h1><span style=\"color: #800000;\">Los molinos de Navalagamella<\/span><\/h1>\n<p>[\/et_pb_text][et_pb_blurb use_icon=\u00bbon\u00bb font_icon=\u00bb%%26%%\u00bb icon_color=\u00bb#B7321A\u00bb icon_placement=\u00bbleft\u00bb use_icon_font_size=\u00bbon\u00bb icon_font_size=\u00bb25px\u00bb admin_label=\u00bbFecha\/hora\u00bb _builder_version=\u00bb4.11.4&#8243; _module_preset=\u00bbdefault\u00bb body_font_size=\u00bb16px\u00bb hover_enabled=\u00bb0&#8243; global_colors_info=\u00bb{}\u00bb sticky_enabled=\u00bb0&#8243;]<\/p>\n<p>Domingo 7 de noviembre 2021<\/p>\n<p>[\/et_pb_blurb][et_pb_blurb use_icon=\u00bbon\u00bb font_icon=\u00bb%%249%%\u00bb icon_color=\u00bb#B7321A\u00bb icon_placement=\u00bbleft\u00bb use_icon_font_size=\u00bbon\u00bb icon_font_size=\u00bb25px\u00bb admin_label=\u00bbLugar de salida\u00bb _builder_version=\u00bb4.11.4&#8243; _module_preset=\u00bbdefault\u00bb body_font_size=\u00bb16px\u00bb global_colors_info=\u00bb{}\u00bb]<\/p>\n<p>Punto de encuentro y salida: parking estaci\u00f3n de cercan\u00edas de El Escorial<\/p>\n<p>[\/et_pb_blurb][et_pb_blurb use_icon=\u00bbon\u00bb font_icon=\u00bb%%258%%\u00bb icon_color=\u00bb#B7321A\u00bb icon_placement=\u00bbleft\u00bb use_icon_font_size=\u00bbon\u00bb icon_font_size=\u00bb25px\u00bb admin_label=\u00bbCoordinador\u00bb _builder_version=\u00bb4.9.2&#8243; _module_preset=\u00bbdefault\u00bb global_colors_info=\u00bb{}\u00bb]<\/p>\n<h2><span style=\"color: #993300\">Coordinado por:\u00a0 Miguel \u00c1ngel Santiago<\/span><\/h2>\n<p>[\/et_pb_blurb][\/et_pb_column][\/et_pb_row][et_pb_row _builder_version=\u00bb4.4.9&#8243; background_color=\u00bbrgba(0,0,0,0)\u00bb background_size=\u00bbinitial\u00bb background_position=\u00bbtop_left\u00bb background_repeat=\u00bbrepeat\u00bb global_colors_info=\u00bb{}\u00bb][et_pb_column type=\u00bb4_4&#8243; _builder_version=\u00bb3.25&#8243; custom_padding=\u00bb|||\u00bb global_colors_info=\u00bb{}\u00bb custom_padding__hover=\u00bb|||\u00bb][et_pb_text admin_label=\u00bbDescripci\u00f3n de la ruta\u00bb _builder_version=\u00bb4.11.4&#8243; text_font_size=\u00bb16px\u00bb background_size=\u00bbinitial\u00bb background_position=\u00bbtop_left\u00bb background_repeat=\u00bbrepeat\u00bb global_colors_info=\u00bb{}\u00bb]<\/p>\n<ul>\n<li>Denominaci\u00f3n: Los molinos de Navalagamella.<\/li>\n<li>Lugar de salida: Parking de la estaci\u00f3n del tren de El Escorial.<\/li>\n<li>Distancia: 7 km<\/li>\n<li>Tiempo estimado para completar: 2:30 horas<\/li>\n<li>Desnivel m\u00e1ximo: 170 mts.<\/li>\n<li>Dificultad: media. Exigente en ciertos puntos<\/li>\n<li>Previsi\u00f3n meteorol\u00f3gica: nubes y claros con una temperatura estimada de 10 a 12 grados.<\/li>\n<li>El entorno:<\/li>\n<\/ul>\n<p>Este paseo es del tipo circular, y trascurre por diferentes entornos, aunque el paisaje de encinar ser\u00e1 el mayoritario; observaremos los restos de antiguos molinos hidr\u00e1ulicos, alg\u00fan fresno centenario y quiz\u00e1s aves rapaces como el buitre negro. La zona tambi\u00e9n es habitat del \u00e1guila imperial ib\u00e9rica y del b\u00faho real entre otros tipos de aves, pero su avistamiento es m\u00e1s infrecuente. Navalagamella, est\u00e1 incluida en la <em>zona de Especial Protecci\u00f3n para Aves de los Encinares de los r\u00edos Alberche y Cof\u00edo. <\/em><\/p>\n<p>El recorrido de 7 km es de exigencia f\u00edsica irregular, ya que, aunque en su mayor\u00eda es accesible, en algunos tramos, las pendientes demandan mayor entrega energ\u00e9tica. Esperamos que la meteorolog\u00eda nos acompa\u00f1e con tiempo soleado y una temperatura que ronde los 10 a 12 grados.<\/p>\n<p>Se prev\u00e9 que se complete el paseo en unas 2:30 horas como mucho.<\/p>\n<p>[\/et_pb_text][et_pb_text admin_label=\u00bbDisclaimer\u00bb _builder_version=\u00bb4.9.2&#8243; text_font_size=\u00bb16px\u00bb background_size=\u00bbinitial\u00bb background_position=\u00bbtop_left\u00bb background_repeat=\u00bbrepeat\u00bb border_radii=\u00bbon|11px|11px|11px|11px\u00bb border_width_all=\u00bb2px\u00bb global_colors_info=\u00bb{}\u00bb]<\/p>\n<p style=\"text-align: center\">Aquellos que no sean socios del Ateneo, deber\u00e1n enviar un correo con sus datos a la direcci\u00f3n <span style=\"color: #800000\"><strong>senderismo@ateneoescurialense.org<\/strong><\/span> antes del pr\u00f3ximo viernes.<\/p>\n<p style=\"text-align: center\">Incluimos el v\u00ednculo a las recomendaciones de la <strong><span style=\"color: #800000\"><a style=\"color: #800000\" href=\"https:\/\/seguridadfedme.es\/capsulas-formativa\/\">FEDME sobre seguridad en la monta\u00f1a<\/a><\/span>.<\/strong><\/p>\n<p>[\/et_pb_text][\/et_pb_column][\/et_pb_row][et_pb_row column_structure=\u00bb2_3,1_3&#8243; _builder_version=\u00bb4.4.9&#8243; background_color=\u00bbrgba(0,0,0,0)\u00bb background_size=\u00bbinitial\u00bb background_position=\u00bbtop_left\u00bb background_repeat=\u00bbrepeat\u00bb global_colors_info=\u00bb{}\u00bb][et_pb_column type=\u00bb2_3&#8243; _builder_version=\u00bb3.25&#8243; custom_padding=\u00bb|||\u00bb global_colors_info=\u00bb{}\u00bb custom_padding__hover=\u00bb|||\u00bb][et_pb_image src=\u00bbhttps:\/\/drive.google.com\/thumbnail?sz=w1000&#038;id=1fmIZZbE2R0_PtOY4i_MtMWTHF8-FfsPC\u00bb title_text=\u00bbInnovacion2&#8243; url=\u00bbhttps:\/\/drive.google.com\/thumbnail?sz=w1000&#038;id=1jJxiFTmpVSvwRwAECFDwNK40E6imWX98&#8243; align=\u00bbcenter\u00bb admin_label=\u00bbMapa\u00bb _builder_version=\u00bb4.11.4&#8243; global_colors_info=\u00bb{}\u00bb][\/et_pb_image][\/et_pb_column][et_pb_column type=\u00bb1_3&#8243; _builder_version=\u00bb3.25&#8243; custom_padding=\u00bb|||\u00bb global_colors_info=\u00bb{}\u00bb custom_padding__hover=\u00bb|||\u00bb][et_pb_image src=\u00bbhttps:\/\/drive.google.com\/thumbnail?sz=w1000&#038;id=1i5YuWLkc5XTLqvUqy0ellC3suXesDskB\u00bb title_text=\u00bbInnovacion2&#8243; align=\u00bbcenter\u00bb disabled_on=\u00bboff|off|off\u00bb admin_label=\u00bbPrevisi\u00f3n del tiempo\u00bb _builder_version=\u00bb4.11.4&#8243; global_colors_info=\u00bb{}\u00bb][\/et_pb_image][\/et_pb_column][\/et_pb_row][\/et_pb_section]<\/p>\n","protected":false},"excerpt":{"rendered":"<p>Los molinos de NavalagamellaDomingo 7 de noviembre 2021Punto de encuentro y salida: parking estaci\u00f3n de cercan\u00edas de El EscorialCoordinado por:\u00a0 Miguel \u00c1ngel Santiago Denominaci\u00f3n: Los molinos de Navalagamella. Lugar de salida: Parking de la estaci\u00f3n del tren de El Escorial. Distancia: 7 km Tiempo estimado para completar: 2:30 horas Desnivel m\u00e1ximo: 170 mts. Dificultad: media. [&hellip;]<\/p>\n","protected":false},"author":3,"featured_media":0,"parent":0,"menu_order":0,"comment_status":"closed","ping_status":"closed","template":"","meta":{"_et_pb_use_builder":"on","_et_pb_old_content":"","_et_gb_content_width":"","footnotes":""},"class_list":["post-927","page","type-page","status-publish","hentry"],"_links":{"self":[{"href":"https:\/\/ateneoescurialense.org\/senderismo\/wp-json\/wp\/v2\/pages\/927","targetHints":{"allow":["GET"]}}],"collection":[{"href":"https:\/\/ateneoescurialense.org\/senderismo\/wp-json\/wp\/v2\/pages"}],"about":[{"href":"https:\/\/ateneoescurialense.org\/senderismo\/wp-json\/wp\/v2\/types\/page"}],"author":[{"embeddable":true,"href":"https:\/\/ateneoescurialense.org\/senderismo\/wp-json\/wp\/v2\/users\/3"}],"replies":[{"embeddable":true,"href":"https:\/\/ateneoescurialense.org\/senderismo\/wp-json\/wp\/v2\/comments?post=927"}],"version-history":[{"count":8,"href":"https:\/\/ateneoescurialense.org\/senderismo\/wp-json\/wp\/v2\/pages\/927\/revisions"}],"predecessor-version":[{"id":940,"href":"https:\/\/ateneoescurialense.org\/senderismo\/wp-json\/wp\/v2\/pages\/927\/revisions\/940"}],"wp:attachment":[{"href":"https:\/\/ateneoescurialense.org\/senderismo\/wp-json\/wp\/v2\/media?parent=927"}],"curies":[{"name":"wp","href":"https:\/\/api.w.org\/{rel}","templated":true}]}}