{"id":1036,"date":"2022-01-15T16:16:11","date_gmt":"2022-01-15T15:16:11","guid":{"rendered":"https:\/\/ateneoescurialense.org\/senderismo\/?page_id=1036"},"modified":"2022-01-15T16:26:49","modified_gmt":"2022-01-15T15:26:49","slug":"villanueva-de-la-canada-y-el-castillo-sobre-el-rio-aulencia","status":"publish","type":"page","link":"https:\/\/ateneoescurialense.org\/senderismo\/villanueva-de-la-canada-y-el-castillo-sobre-el-rio-aulencia\/","title":{"rendered":"Villanueva de la Ca\u00f1ada y el castillo sobre el rio Aulencia"},"content":{"rendered":"<p>[et_pb_section fb_built=\u00bb1&#8243; _builder_version=\u00bb4.9.4&#8243; background_color=\u00bb#e2e8ce\u00bb use_background_color_gradient=\u00bbon\u00bb background_color_gradient_start=\u00bb#688987&#8243; background_color_gradient_end=\u00bb#35ffff\u00bb global_colors_info=\u00bb{}\u00bb][et_pb_row _builder_version=\u00bb4.4.9&#8243; global_colors_info=\u00bb{}\u00bb][et_pb_column type=\u00bb4_4&#8243; _builder_version=\u00bb4.4.9&#8243; global_colors_info=\u00bb{}\u00bb][et_pb_text admin_label=\u00bbT\u00edtulo de la ruta\u00bb _builder_version=\u00bb4.14.5&#8243; border_color_all=\u00bbrgba(0,0,0,0)\u00bb global_colors_info=\u00bb{}\u00bb]<\/p>\n<h1><span style=\"color: #800000;\">Villanueva de la Ca\u00f1ada y el castillo sobre el <em data-mce-fragment=\"1\">rio Aulencia<\/em>\u200b<\/span><\/h1>\n<p>[\/et_pb_text][et_pb_blurb use_icon=\u00bbon\u00bb font_icon=\u00bb&#x3b;||divi||400&#8243; icon_color=\u00bb#B7321A\u00bb icon_placement=\u00bbleft\u00bb image_icon_width=\u00bb25px\u00bb admin_label=\u00bbFecha\/hora\u00bb _builder_version=\u00bb4.14.5&#8243; _module_preset=\u00bbdefault\u00bb body_font_size=\u00bb16px\u00bb icon_font_size=\u00bb25px\u00bb global_colors_info=\u00bb{}\u00bb]<\/p>\n<p>Domingo 16 de enero 2022 a las 10:00h<\/p>\n<p>[\/et_pb_blurb][et_pb_blurb use_icon=\u00bbon\u00bb font_icon=\u00bb&#xe081;||divi||400&#8243; icon_color=\u00bb#B7321A\u00bb icon_placement=\u00bbleft\u00bb image_icon_width=\u00bb25px\u00bb admin_label=\u00bbLugar de salida\u00bb _builder_version=\u00bb4.14.5&#8243; _module_preset=\u00bbdefault\u00bb body_font_size=\u00bb16px\u00bb icon_font_size=\u00bb25px\u00bb global_colors_info=\u00bb{}\u00bb]<\/p>\n<p>Aparcamiento de RENFE de El Escorial<\/p>\n<p>[\/et_pb_blurb][et_pb_blurb use_icon=\u00bbon\u00bb font_icon=\u00bb&#xe08a;||divi||400&#8243; icon_color=\u00bb#B7321A\u00bb icon_placement=\u00bbleft\u00bb image_icon_width=\u00bb25px\u00bb admin_label=\u00bbCoordinador\u00bb _builder_version=\u00bb4.14.4&#8243; _module_preset=\u00bbdefault\u00bb icon_font_size=\u00bb25px\u00bb global_colors_info=\u00bb{}\u00bb]<\/p>\n<h2><span style=\"color: #993300;\">Coordinado por:\u00a0 Miguel \u00c1ngel Santiago<\/span><\/h2>\n<p>[\/et_pb_blurb][\/et_pb_column][\/et_pb_row][et_pb_row _builder_version=\u00bb4.4.9&#8243; background_color=\u00bbrgba(0,0,0,0)\u00bb background_size=\u00bbinitial\u00bb background_position=\u00bbtop_left\u00bb background_repeat=\u00bbrepeat\u00bb global_colors_info=\u00bb{}\u00bb][et_pb_column type=\u00bb4_4&#8243; _builder_version=\u00bb3.25&#8243; custom_padding=\u00bb|||\u00bb global_colors_info=\u00bb{}\u00bb custom_padding__hover=\u00bb|||\u00bb][et_pb_text admin_label=\u00bbDescripci\u00f3n de la ruta\u00bb _builder_version=\u00bb4.14.5&#8243; text_font_size=\u00bb16px\u00bb background_size=\u00bbinitial\u00bb background_position=\u00bbtop_left\u00bb background_repeat=\u00bbrepeat\u00bb global_colors_info=\u00bb{}\u00bb]<\/p>\n<p>En previsi\u00f3n de que la climatolog\u00eda en la zona del Alto del Le\u00f3n sea muy desfavorable con<br \/>temperaturas bajo cero y la posibilidad de encontrar placas de hielo, he decidido aplazar esta<br \/>salida.<br \/>En su lugar os propongo un paseo entre Villanueva de la Ca\u00f1ada y el castillo sobre el rio<br \/>Aulencia. Esta ruta discurre por el parque regional del Curso Medio del Rio Guadarrama de la<br \/>Comunidad de Madrid.<br \/>Si bien el Castillo no es visitable, lo podremos contemplar desde muy cerca; adem\u00e1s, como un<br \/>plus de curiosidad, veremos las impresionantes antenas del <strong>Centro Europeo de Astronom\u00eda<\/strong><br \/><strong> Espacial ESAC<\/strong> perteneciente a la ESA.<\/p>\n<h3><span style=\"color: #800000;\">Ruta Propuesta<\/span><\/h3>\n<p>Denominaci\u00f3n: <strong>Castillo sobre el rio Aulencia.<\/strong><br \/>Reuni\u00f3n: Aparcamiento de RENFE de El Escorial<br \/>Hora de Reuni\u00f3n: 10:00 AM<br \/>Distancia: 9,0 km<br \/>Desnivel: 80 mts. con breves pendientes de 15%.<br \/>Tipo de terreno: Sendas de pie.<br \/>Duraci\u00f3n estimada: Dependiendo del ritmo, de entre 2:00 a 2:40 horas<br \/>Dificultad: Ninguna. Es muy f\u00e1cil.<br \/>Meteorolog\u00eda: Previstas temperaturas entorno a 6\u00ba<br \/>Ropa: De andar por casa pero que abrigue y en capas.<br \/>Calzado: Senderismo.<br \/>Bastones: Si se desean; la ruta es muy apropiada para personas que conozcan la modalidad<br \/>deportiva conocida como Marcha N\u00f3rdica.<br \/>Recomendaciones: Agua<\/p>\n<p>[\/et_pb_text][et_pb_text admin_label=\u00bbDisclaimer\u00bb _builder_version=\u00bb4.9.2&#8243; text_font_size=\u00bb16px\u00bb background_size=\u00bbinitial\u00bb background_position=\u00bbtop_left\u00bb background_repeat=\u00bbrepeat\u00bb border_radii=\u00bbon|11px|11px|11px|11px\u00bb border_width_all=\u00bb2px\u00bb global_colors_info=\u00bb{}\u00bb]<\/p>\n<p style=\"text-align: center\">Aquellos que no sean socios del Ateneo, deber\u00e1n enviar un correo con sus datos a la direcci\u00f3n <span style=\"color: #800000\"><strong>senderismo@ateneoescurialense.org<\/strong><\/span> antes del pr\u00f3ximo viernes.<\/p>\n<p style=\"text-align: center\">Incluimos el v\u00ednculo a las recomendaciones de la <strong><span style=\"color: #800000\"><a style=\"color: #800000\" href=\"https:\/\/seguridadfedme.es\/capsulas-formativa\/\">FEDME sobre seguridad en la monta\u00f1a<\/a><\/span>.<\/strong><\/p>\n<p>[\/et_pb_text][\/et_pb_column][\/et_pb_row][et_pb_row column_structure=\u00bb2_3,1_3&#8243; _builder_version=\u00bb4.4.9&#8243; background_color=\u00bbrgba(0,0,0,0)\u00bb background_size=\u00bbinitial\u00bb background_position=\u00bbtop_left\u00bb background_repeat=\u00bbrepeat\u00bb global_colors_info=\u00bb{}\u00bb][et_pb_column type=\u00bb2_3&#8243; _builder_version=\u00bb3.25&#8243; custom_padding=\u00bb|||\u00bb global_colors_info=\u00bb{}\u00bb custom_padding__hover=\u00bb|||\u00bb][et_pb_image title_text=\u00bbInnovacion2&#8243; align=\u00bbcenter\u00bb admin_label=\u00bbMapa\u00bb _builder_version=\u00bb4.14.5&#8243; hover_enabled=\u00bb0&#8243; global_colors_info=\u00bb{}\u00bb src=\u00bbhttps:\/\/drive.google.com\/thumbnail?sz=w1000&#038;id=16EwBgTbfvPQizO2b7ay6RdifAYgrg09W\u00bb sticky_enabled=\u00bb0&#8243;][\/et_pb_image][\/et_pb_column][et_pb_column type=\u00bb1_3&#8243; _builder_version=\u00bb3.25&#8243; custom_padding=\u00bb|||\u00bb global_colors_info=\u00bb{}\u00bb custom_padding__hover=\u00bb|||\u00bb][et_pb_image title_text=\u00bbInnovacion2&#8243; align=\u00bbcenter\u00bb disabled_on=\u00bboff|off|off\u00bb admin_label=\u00bbPrevisi\u00f3n del tiempo\u00bb _builder_version=\u00bb4.14.5&#8243; global_colors_info=\u00bb{}\u00bb][\/et_pb_image][\/et_pb_column][\/et_pb_row][\/et_pb_section]<\/p>\n","protected":false},"excerpt":{"rendered":"<p>Villanueva de la Ca\u00f1ada y el castillo sobre el rio Aulencia\u200bDomingo 16 de enero 2022 a las 10:00hAparcamiento de RENFE de El EscorialCoordinado por:\u00a0 Miguel \u00c1ngel SantiagoEn previsi\u00f3n de que la climatolog\u00eda en la zona del Alto del Le\u00f3n sea muy desfavorable contemperaturas bajo cero y la posibilidad de encontrar placas de hielo, he decidido [&hellip;]<\/p>\n","protected":false},"author":3,"featured_media":0,"parent":0,"menu_order":0,"comment_status":"closed","ping_status":"closed","template":"","meta":{"_et_pb_use_builder":"on","_et_pb_old_content":"","_et_gb_content_width":"","footnotes":""},"class_list":["post-1036","page","type-page","status-publish","hentry"],"_links":{"self":[{"href":"https:\/\/ateneoescurialense.org\/senderismo\/wp-json\/wp\/v2\/pages\/1036","targetHints":{"allow":["GET"]}}],"collection":[{"href":"https:\/\/ateneoescurialense.org\/senderismo\/wp-json\/wp\/v2\/pages"}],"about":[{"href":"https:\/\/ateneoescurialense.org\/senderismo\/wp-json\/wp\/v2\/types\/page"}],"author":[{"embeddable":true,"href":"https:\/\/ateneoescurialense.org\/senderismo\/wp-json\/wp\/v2\/users\/3"}],"replies":[{"embeddable":true,"href":"https:\/\/ateneoescurialense.org\/senderismo\/wp-json\/wp\/v2\/comments?post=1036"}],"version-history":[{"count":8,"href":"https:\/\/ateneoescurialense.org\/senderismo\/wp-json\/wp\/v2\/pages\/1036\/revisions"}],"predecessor-version":[{"id":1052,"href":"https:\/\/ateneoescurialense.org\/senderismo\/wp-json\/wp\/v2\/pages\/1036\/revisions\/1052"}],"wp:attachment":[{"href":"https:\/\/ateneoescurialense.org\/senderismo\/wp-json\/wp\/v2\/media?parent=1036"}],"curies":[{"name":"wp","href":"https:\/\/api.w.org\/{rel}","templated":true}]}}