{"id":2959,"date":"2026-09-04T22:05:12","date_gmt":"2026-09-04T20:05:12","guid":{"rendered":"https:\/\/ateneoescurialense.org\/musica\/?page_id=2959"},"modified":"2026-09-04T22:05:15","modified_gmt":"2026-09-04T20:05:15","slug":"lautaro-tissera-presenta-bayum-tango-y-musica-argentina","status":"publish","type":"page","link":"https:\/\/ateneoescurialense.org\/musica\/lautaro-tissera-presenta-bayum-tango-y-musica-argentina\/","title":{"rendered":"Lautaro Tissera presenta \u201cBayum: Tango y m\u00fasica argentina\u201d"},"content":{"rendered":"<p>[et_pb_section fb_built=\u00bb1&#8243; _builder_version=\u00bb4.16&#8243; background_color=\u00bb#e2e8ce\u00bb use_background_color_gradient=\u00bbon\u00bb background_color_gradient_stops=\u00bb#ebf430 0%|#35ffff 100%\u00bb background_color_gradient_start=\u00bb#ebf430&#8243; background_color_gradient_end=\u00bb#35ffff\u00bb global_colors_info=\u00bb{}\u00bb][et_pb_row column_structure=\u00bb1_2,1_2&#8243; admin_label=\u00bbCabecera\u00bb _builder_version=\u00bb4.16&#8243; custom_margin=\u00bb|auto|-23px|auto||\u00bb global_colors_info=\u00bb{}\u00bb][et_pb_column type=\u00bb1_2&#8243; _builder_version=\u00bb4.16&#8243; global_colors_info=\u00bb{}\u00bb][et_pb_text admin_label=\u00bbT\u00edtulo\u00bb _builder_version=\u00bb4.27.7&#8243; text_font_size=\u00bb17px\u00bb background_size=\u00bbinitial\u00bb background_position=\u00bbtop_left\u00bb background_repeat=\u00bbrepeat\u00bb global_colors_info=\u00bb{}\u00bb]<\/p>\n<h1><strong>Lautaro Tissera presenta \u00abBayum: Tango y m\u00fasica argentina\u00bb<\/strong><\/h1>\n<p>[\/et_pb_text][et_pb_blurb use_icon=\u00bbon\u00bb font_icon=\u00bb&#xe08a;||divi||400&#8243; icon_placement=\u00bbleft\u00bb image_icon_width=\u00bb25px\u00bb admin_label=\u00bbPonente\u00bb _builder_version=\u00bb4.27.7&#8243; _module_preset=\u00bbdefault\u00bb body_font_size=\u00bb16px\u00bb custom_margin=\u00bb|-61px||||\u00bb icon_font_size=\u00bb25px\u00bb global_colors_info=\u00bb{}\u00bb]Lautaro Tissera Favarolo<br \/>\n[\/et_pb_blurb][et_pb_blurb use_icon=\u00bbon\u00bb font_icon=\u00bb&#x3b;||divi||400&#8243; icon_placement=\u00bbleft\u00bb image_icon_width=\u00bb25px\u00bb admin_label=\u00bbFecha, hora\u00bb _builder_version=\u00bb4.27.7&#8243; _module_preset=\u00bbdefault\u00bb custom_margin=\u00bb|-61px||||\u00bb custom_padding=\u00bb1px|||||\u00bb icon_font_size=\u00bb25px\u00bb global_colors_info=\u00bb{}\u00bb]<\/p>\n<h3>S\u00e1bado 10 de octubre de 2026, a las 12:00<\/h3>\n<p>[\/et_pb_blurb][\/et_pb_column][et_pb_column type=\u00bb1_2&#8243; _builder_version=\u00bb4.16&#8243; global_colors_info=\u00bb{}\u00bb][et_pb_blurb url=\u00bbhttps:\/\/ateneoescurialense.org\/casa-de-cultura\/\u00bb use_icon=\u00bbon\u00bb font_icon=\u00bb&#xe081;||divi||400&#8243; icon_placement=\u00bbleft\u00bb image_icon_width=\u00bb25px\u00bb disabled_on=\u00bbon|on|on\u00bb admin_label=\u00bbCasa de Cultura\u00bb _builder_version=\u00bb4.27.4&#8243; _module_preset=\u00bbdefault\u00bb body_font_size=\u00bb16px\u00bb custom_margin=\u00bb|-61px||157px||\u00bb link_option_url=\u00bbhttps:\/\/ateneoescurialense.org\/casa-de-cultura\/\u00bb icon_font_size=\u00bb25px\u00bb disabled=\u00bbon\u00bb global_colors_info=\u00bb{}\u00bb]<span style=\"font-size: large\">Casa de Cultura<\/span><\/p>\n<p>c\/Floridablanca 3<br \/>\n[\/et_pb_blurb][et_pb_blurb url=\u00bbhttps:\/\/ateneoescurialense.org\/casa-de-cultura\/\u00bb use_icon=\u00bbon\u00bb font_icon=\u00bb&#xe081;||divi||400&#8243; icon_placement=\u00bbleft\u00bb image_icon_width=\u00bb25px\u00bb disabled_on=\u00bboff|off|off\u00bb admin_label=\u00bbSede\u00bb _builder_version=\u00bb4.27.7&#8243; _module_preset=\u00bbdefault\u00bb body_font_size=\u00bb16px\u00bb custom_margin=\u00bb|-61px||157px||\u00bb link_option_url=\u00bbhttps:\/\/ateneoescurialense.org\/casa-de-cultura\/\u00bb icon_font_size=\u00bb25px\u00bb global_colors_info=\u00bb{}\u00bb]<span style=\"font-size: large\">Sede de encuentros\u00a0<\/span><\/p>\n<p>Calle del Rey 36, 1\u00aa planta<br \/>\n[\/et_pb_blurb][et_pb_blurb url=\u00bbhttps:\/\/ateneoescurialense.org\/ateneo-on-line\/\u00bb image=\u00bbhttps:\/\/ateneoescurialense.org\/musica\/wp-content\/uploads\/sites\/11\/2021\/03\/LOGO-Ateneo-DIGITAL-Ver-08.jpg\u00bb icon_placement=\u00bbleft\u00bb image_icon_width=\u00bb25px\u00bb disabled_on=\u00bbon|on|on\u00bb admin_label=\u00bbOn-line\u00bb _builder_version=\u00bb4.27.4&#8243; _module_preset=\u00bbdefault\u00bb body_font_size=\u00bb16px\u00bb custom_margin=\u00bb|-61px||157px||\u00bb link_option_url=\u00bbhttps:\/\/ateneoescurialense.org\/ateneo-on-line\/\u00bb icon_font_size=\u00bb25px\u00bb disabled=\u00bbon\u00bb global_colors_info=\u00bb{}\u00bb]<span style=\"font-size: large\">On-line<\/span><br \/>\n[\/et_pb_blurb][et_pb_blurb use_icon=\u00bbon\u00bb font_icon=\u00bb&#xe081;||divi||400&#8243; icon_placement=\u00bbleft\u00bb image_icon_width=\u00bb25px\u00bb disabled_on=\u00bbon|on|on\u00bb admin_label=\u00bbCapilla Abantos\u00bb _builder_version=\u00bb4.27.0&#8243; _module_preset=\u00bbdefault\u00bb body_font_size=\u00bb16px\u00bb custom_margin=\u00bb|-61px||157px||\u00bb icon_font_size=\u00bb25px\u00bb disabled=\u00bbon\u00bb global_colors_info=\u00bb{}\u00bb]<span style=\"font-size: large\">Capilla de Abantos<\/span><\/p>\n<p>Calle Maestro Alonso s\/n<br \/>\n[\/et_pb_blurb][\/et_pb_column][\/et_pb_row][et_pb_row column_structure=\u00bb2_5,3_5&#8243; _builder_version=\u00bb4.16&#8243; _module_preset=\u00bbdefault\u00bb global_colors_info=\u00bb{}\u00bb][et_pb_column type=\u00bb2_5&#8243; _builder_version=\u00bb4.16&#8243; _module_preset=\u00bbdefault\u00bb global_colors_info=\u00bb{}\u00bb][et_pb_image src=\u00bbhttps:\/\/drive.google.com\/thumbnail?sz=w1000&amp;id=15I8LvoWTXKt5cdK80tmQylbsHhLJ2LuJ\u00bb _builder_version=\u00bb4.27.7&#8243; _module_preset=\u00bbdefault\u00bb global_colors_info=\u00bb{}\u00bb][\/et_pb_image][et_pb_image src=\u00bbhttps:\/\/drive.google.com\/thumbnail?sz=w1000&amp;id=1uNoSuLqfLSiVdfo4vSgSoxOPZ2DFJz4j\u00bb _builder_version=\u00bb4.27.7&#8243; _module_preset=\u00bbdefault\u00bb global_colors_info=\u00bb{}\u00bb][\/et_pb_image][\/et_pb_column][et_pb_column type=\u00bb3_5&#8243; _builder_version=\u00bb4.16&#8243; _module_preset=\u00bbdefault\u00bb global_colors_info=\u00bb{}\u00bb][et_pb_text _builder_version=\u00bb4.27.7&#8243; _module_preset=\u00bbdefault\u00bb text_font_size=\u00bb16px\u00bb hover_enabled=\u00bb0&#8243; global_colors_info=\u00bb{}\u00bb sticky_enabled=\u00bb0&#8243;]<\/p>\n<p>El guitarrista y compositor argentino Lautaro Tissera Favaloro presenta un concierto dedicado al tango contempor\u00e1neo para guitarra, donde tradici\u00f3n y creaci\u00f3n actual dialogan en un lenguaje personal y profundamente expresivo. El programa re\u00fane composiciones originales de su \u00e1lbum \u201cBayum\u201d, junto a otras obras inspiradas en la riqueza r\u00edtmica y po\u00e9tica de la m\u00fasica argentina. A trav\u00e9s de una interpretaci\u00f3n \u00edntima y virtuosa, la guitarra se convierte en un instrumento orquestal capaz de evocar paisajes urbanos, memorias del R\u00edo de la Plata y nuevas sonoridades del tango del siglo XXI.<br \/>Con una trayectoria internacional que incluye conciertos en Europa, Asia, Rusia, Estados Unidos y Am\u00e9rica Latina, Tissera Favaloro propone un\u00a0 concierto donde la sensibilidad del tango, la improvisaci\u00f3n y la exploraci\u00f3n sonora se encuentran en un formato cercano y profundo.<br \/>El concierto invita al p\u00fablico a descubrir una mirada contempor\u00e1nea sobre la guitarra argentina, en un recorrido musical que combina intensidad r\u00edtmica, lirismo y libertad creativa.<\/p>\n<p>[\/et_pb_text][et_pb_text _builder_version=\u00bb4.27.7&#8243; _module_preset=\u00bbdefault\u00bb text_font_size=\u00bb16px\u00bb hover_enabled=\u00bb0&#8243; global_colors_info=\u00bb{}\u00bb sticky_enabled=\u00bb0&#8243;]<\/p>\n<h2 style=\"text-align: center\"><strong>Recital de guitarra<\/strong><\/h2>\n<p>&nbsp;<\/p>\n<p>[\/et_pb_text][et_pb_text _builder_version=\u00bb4.27.7&#8243; _module_preset=\u00bbdefault\u00bb text_font_size=\u00bb16px\u00bb global_colors_info=\u00bb{}\u00bb hover_enabled=\u00bb0&#8243; sticky_enabled=\u00bb0&#8243;]<\/p>\n<p style=\"text-align: center\"><strong>*Tangos de oro*<\/strong><\/p>\n<p style=\"text-align: center\">Volver (Carlos Gardel\/Alfredo Le Pera)<\/p>\n<p style=\"text-align: center\">La Clavada (Ernesto Zambonini)<\/p>\n<p style=\"text-align: center\">Chique (Ricardo Brignolo)<\/p>\n<p style=\"text-align: center\">\n<p style=\"text-align: center\"><strong>*Lautaro Tissera Favaloro*<\/strong><\/p>\n<p style=\"text-align: center\">Vidala Suite<\/p>\n<p style=\"text-align: center\">Litoralenia<\/p>\n<p style=\"text-align: center\">Milonga desespera<\/p>\n<p style=\"text-align: center\">\n<p style=\"text-align: center\"><strong>*Astor Piazzolla*<\/strong><\/p>\n<p style=\"text-align: center\">Verano Porte\u00f1o<\/p>\n<p style=\"text-align: center\">Adios Nonino<\/p>\n<p style=\"text-align: center\">\n<p style=\"text-align: center\"><strong>*Lautaro Tissera Favaloro*<\/strong><\/p>\n<p style=\"text-align: center\">Malambo Suite<\/p>\n<p style=\"text-align: center\">Cachivaches<\/p>\n<p style=\"text-align: center\">Milonga Suite<\/p>\n<p style=\"text-align: center\">Tango Suite<\/p>\n<p style=\"text-align: center\">\n<p style=\"text-align: center\"><strong>* Eduardo Fal\u00f9 *<\/strong><\/p>\n<p style=\"text-align: center\">Misa Chico<\/p>\n<p style=\"text-align: center\">Malambo<\/p>\n<p>[\/et_pb_text][et_pb_text disabled_on=\u00bboff|off|off\u00bb _builder_version=\u00bb4.27.7&#8243; _module_preset=\u00bbdefault\u00bb hover_enabled=\u00bb0&#8243; global_colors_info=\u00bb{}\u00bb sticky_enabled=\u00bb0&#8243;][\/et_pb_text][et_pb_video disabled_on=\u00bboff|off|off\u00bb _builder_version=\u00bb4.27.7&#8243; _module_preset=\u00bbdefault\u00bb hover_enabled=\u00bb0&#8243; global_colors_info=\u00bb{}\u00bb sticky_enabled=\u00bb0&#8243;][\/et_pb_video][et_pb_image _builder_version=\u00bb4.27.7&#8243; _module_preset=\u00bbdefault\u00bb global_colors_info=\u00bb{}\u00bb][\/et_pb_image][\/et_pb_column][\/et_pb_row][et_pb_row disabled_on=\u00bboff|off|off\u00bb admin_label=\u00bbCV\u00bb _builder_version=\u00bb4.16&#8243; _module_preset=\u00bbdefault\u00bb global_colors_info=\u00bb{}\u00bb][et_pb_column type=\u00bb4_4&#8243; _builder_version=\u00bb4.16&#8243; _module_preset=\u00bbdefault\u00bb global_colors_info=\u00bb{}\u00bb][et_pb_text _builder_version=\u00bb4.27.7&#8243; _module_preset=\u00bbdefault\u00bb text_font_size=\u00bb16px\u00bb hover_enabled=\u00bb0&#8243; global_colors_info=\u00bb{}\u00bb sticky_enabled=\u00bb0&#8243;]<\/p>\n<p><strong>Biograf\u00eda<\/strong><\/p>\n<p>Lautaro Tissera Favarolo es uno de los guitarristas virtuosos m\u00e1s destacados del tango y la m\u00fasica argentina contempor\u00e1nea. La mezcla de sus ritmos nativos de Tango \/ Milonga \/ Folk con m\u00fasica cl\u00e1sica entusiasma al p\u00fablico del mundo. Es un guitarrista y compositor de tango y m\u00fasica folcl\u00f3rica argentina. El lenguaje musical que utiliza es una forma expresiva y emocionante de combinar su herencia musical (tango y m\u00fasica cl\u00e1sica) con un uso rico e inteligente de texturas arm\u00f3nicas y excelente t\u00e9cnica de guitarrista.<\/p>\n<p>Lautaro Tissera naci\u00f3 en La Plata, Rep\u00fablica Argentina, estudi\u00f3 en la Escuela de M\u00fasica Popular de Avellaneda y obtuvo el t\u00edtulo de \u00abProfesorado de M\u00fasica Popular\u00bb. Desde su debut en 2003, se ha convertido en una figura destacada que act\u00faa regularmente en festivales de toda Europa, Asia, Am\u00e9rica del Sur y el Caribe. Ha grabado en la Orquesta de Tango, en Tr\u00eco, D\u00f9o o como Solista.<\/p>\n<p>&nbsp;<\/p>\n<p><strong>Giras <\/strong>(entre 2015 y 2025): Eslovenia, Kuwait, Pakist\u00e1n, India, Rusia, M\u00e9xico, Kenia, Portugal, Espa\u00f1a, Francia, B\u00e9lgica, Corea del Sur, China, Taiw\u00e1n, Finlandia, Alemania, Estados Unidos y Jap\u00f3n<\/p>\n<p><strong>Festivales de guitarra: <\/strong>Argentina, Mumbai, Calcuta y M\u00e9xico, entre otros.<\/p>\n<p><strong>Algunos enlaces:<\/strong><\/p>\n<p><a href=\"https:\/\/lautarotissera.wixsite.com\/lautarofavaloro\">https:\/\/lautarotissera.wixsite.com\/lautarofavaloro<\/a><\/p>\n<p>CACHIVACHES (Tango) (Lautaro Tissera Favaloro) &#8211; Toulouse\/Francia<br \/>\u00a0<a href=\"https:\/\/youtu.be\/pxt5Bx9rWfY?si=Stv36HE4ZbnEbNMj\">https:\/\/youtu.be\/pxt5Bx9rWfY?si=Stv36HE4ZbnEbNMj<\/a><\/p>\n<p>[\/et_pb_text][\/et_pb_column][\/et_pb_row][\/et_pb_section]<\/p>\n","protected":false},"excerpt":{"rendered":"<p>Lautaro Tissera presenta \u00abBayum: Tango y m\u00fasica argentina\u00bb Lautaro Tissera Favarolo S\u00e1bado 10 de octubre de 2026, a las 12:00 Casa de Cultura c\/Floridablanca 3 Sede de encuentros\u00a0 Calle del Rey 36, 1\u00aa planta On-line Capilla de Abantos Calle Maestro Alonso s\/n El guitarrista y compositor argentino Lautaro Tissera Favaloro presenta un concierto dedicado al [&hellip;]<\/p>\n","protected":false},"author":17,"featured_media":0,"parent":0,"menu_order":0,"comment_status":"closed","ping_status":"closed","template":"","meta":{"_et_pb_use_builder":"on","_et_pb_old_content":"","_et_gb_content_width":"","footnotes":""},"class_list":["post-2959","page","type-page","status-publish","hentry"],"_links":{"self":[{"href":"https:\/\/ateneoescurialense.org\/musica\/wp-json\/wp\/v2\/pages\/2959","targetHints":{"allow":["GET"]}}],"collection":[{"href":"https:\/\/ateneoescurialense.org\/musica\/wp-json\/wp\/v2\/pages"}],"about":[{"href":"https:\/\/ateneoescurialense.org\/musica\/wp-json\/wp\/v2\/types\/page"}],"author":[{"embeddable":true,"href":"https:\/\/ateneoescurialense.org\/musica\/wp-json\/wp\/v2\/users\/17"}],"replies":[{"embeddable":true,"href":"https:\/\/ateneoescurialense.org\/musica\/wp-json\/wp\/v2\/comments?post=2959"}],"version-history":[{"count":11,"href":"https:\/\/ateneoescurialense.org\/musica\/wp-json\/wp\/v2\/pages\/2959\/revisions"}],"predecessor-version":[{"id":2974,"href":"https:\/\/ateneoescurialense.org\/musica\/wp-json\/wp\/v2\/pages\/2959\/revisions\/2974"}],"wp:attachment":[{"href":"https:\/\/ateneoescurialense.org\/musica\/wp-json\/wp\/v2\/media?parent=2959"}],"curies":[{"name":"wp","href":"https:\/\/api.w.org\/{rel}","templated":true}]}}