{"id":2385,"date":"2025-04-17T17:35:04","date_gmt":"2025-04-17T15:35:04","guid":{"rendered":"https:\/\/ateneoescurialense.org\/musica\/?page_id=2385"},"modified":"2025-04-17T17:50:17","modified_gmt":"2025-04-17T15:50:17","slug":"concierto-de-saxo-y-piano-centro-integrado-padre-antonio-soler","status":"publish","type":"page","link":"https:\/\/ateneoescurialense.org\/musica\/concierto-de-saxo-y-piano-centro-integrado-padre-antonio-soler\/","title":{"rendered":"Concierto de saxo y piano Centro integrado \u00abPadre Antonio Soler\u00bb"},"content":{"rendered":"<p>[et_pb_section fb_built=\u00bb1&#8243; _builder_version=\u00bb4.16&#8243; background_color=\u00bb#e2e8ce\u00bb use_background_color_gradient=\u00bbon\u00bb background_color_gradient_stops=\u00bb#ebf430 0%|#35ffff 100%\u00bb background_color_gradient_start=\u00bb#ebf430&#8243; background_color_gradient_end=\u00bb#35ffff\u00bb global_colors_info=\u00bb{}\u00bb][et_pb_row column_structure=\u00bb1_2,1_2&#8243; admin_label=\u00bbCabecera\u00bb _builder_version=\u00bb4.16&#8243; custom_margin=\u00bb|auto|-23px|auto||\u00bb global_colors_info=\u00bb{}\u00bb][et_pb_column type=\u00bb1_2&#8243; _builder_version=\u00bb4.16&#8243; global_colors_info=\u00bb{}\u00bb][et_pb_text admin_label=\u00bbT\u00edtulo\u00bb _builder_version=\u00bb4.27.4&#8243; text_font_size=\u00bb17px\u00bb background_size=\u00bbinitial\u00bb background_position=\u00bbtop_left\u00bb background_repeat=\u00bbrepeat\u00bb global_colors_info=\u00bb{}\u00bb]<\/p>\n<h1><strong>Concierto de saxo y piano Centro integrado \u00abPadre Antonio Soler\u00bb<\/strong><\/h1>\n<p>[\/et_pb_text][et_pb_blurb use_icon=\u00bbon\u00bb font_icon=\u00bb&#xe08b;||divi||400&#8243; icon_placement=\u00bbleft\u00bb image_icon_width=\u00bb25px\u00bb admin_label=\u00bbPonente\u00bb _builder_version=\u00bb4.27.4&#8243; _module_preset=\u00bbdefault\u00bb custom_margin=\u00bb|-61px||||\u00bb icon_font_size=\u00bb25px\u00bb global_colors_info=\u00bb{}\u00bb body_font_size=\u00bb16px\u00bb]<\/p>\n<p>Jes\u00fas Baland\u00edn, saxo<br \/>Gonzalo Santos, piano<br \/>Alejandro Ant\u00f3n, piano<\/p>\n<p>[\/et_pb_blurb][et_pb_blurb use_icon=\u00bbon\u00bb font_icon=\u00bb&#x3b;||divi||400&#8243; icon_placement=\u00bbleft\u00bb image_icon_width=\u00bb25px\u00bb admin_label=\u00bbFecha, hora\u00bb _builder_version=\u00bb4.27.4&#8243; _module_preset=\u00bbdefault\u00bb custom_margin=\u00bb|-61px||||\u00bb custom_padding=\u00bb1px|||||\u00bb icon_font_size=\u00bb25px\u00bb global_colors_info=\u00bb{}\u00bb]<\/p>\n<h3>24 de abril 2025, a las 18:30<\/h3>\n<p>[\/et_pb_blurb][\/et_pb_column][et_pb_column type=\u00bb1_2&#8243; _builder_version=\u00bb4.16&#8243; global_colors_info=\u00bb{}\u00bb][et_pb_blurb url=\u00bbhttps:\/\/ateneoescurialense.org\/casa-de-cultura\/\u00bb use_icon=\u00bbon\u00bb font_icon=\u00bb&#xe081;||divi||400&#8243; icon_placement=\u00bbleft\u00bb image_icon_width=\u00bb25px\u00bb disabled_on=\u00bbon|on|on\u00bb admin_label=\u00bbCasa de Cultura\u00bb _builder_version=\u00bb4.21.0&#8243; _module_preset=\u00bbdefault\u00bb body_font_size=\u00bb16px\u00bb custom_margin=\u00bb|-61px||157px||\u00bb link_option_url=\u00bbhttps:\/\/ateneoescurialense.org\/casa-de-cultura\/\u00bb icon_font_size=\u00bb25px\u00bb disabled=\u00bbon\u00bb global_colors_info=\u00bb{}\u00bb]<\/p>\n<p><span style=\"font-size: large\">Casa de Cultura\u00a0<\/span><\/p>\n<p>c\/Floridablanca 3<\/p>\n<p>[\/et_pb_blurb][et_pb_blurb url=\u00bbhttps:\/\/ateneoescurialense.org\/casa-de-cultura\/\u00bb use_icon=\u00bbon\u00bb font_icon=\u00bb&#xe081;||divi||400&#8243; icon_placement=\u00bbleft\u00bb image_icon_width=\u00bb25px\u00bb disabled_on=\u00bboff|off|off\u00bb admin_label=\u00bbSede\u00bb _builder_version=\u00bb4.25.1&#8243; _module_preset=\u00bbdefault\u00bb body_font_size=\u00bb16px\u00bb custom_margin=\u00bb|-61px||157px||\u00bb link_option_url=\u00bbhttps:\/\/ateneoescurialense.org\/casa-de-cultura\/\u00bb icon_font_size=\u00bb25px\u00bb global_colors_info=\u00bb{}\u00bb]<\/p>\n<p><span style=\"font-size: large;\">Sede de encuentros<\/span><\/p>\n<p>Calle del Rey 36, 1\u00aa planta<\/p>\n<p>[\/et_pb_blurb][et_pb_blurb use_icon=\u00bbon\u00bb font_icon=\u00bb&#xe081;||divi||400&#8243; icon_placement=\u00bbleft\u00bb image_icon_width=\u00bb25px\u00bb disabled_on=\u00bbon|on|on\u00bb admin_label=\u00bbCapilla Abantos\u00bb _builder_version=\u00bb4.27.0&#8243; _module_preset=\u00bbdefault\u00bb body_font_size=\u00bb16px\u00bb custom_margin=\u00bb|-61px||157px||\u00bb icon_font_size=\u00bb25px\u00bb disabled=\u00bbon\u00bb global_colors_info=\u00bb{}\u00bb]<\/p>\n<p><span style=\"font-size: large;\">Capilla de Abantos<\/span><\/p>\n<p>Calle Maestro Alonso s\/n<\/p>\n<p>[\/et_pb_blurb][\/et_pb_column][\/et_pb_row][et_pb_row column_structure=\u00bb2_5,3_5&#8243; _builder_version=\u00bb4.16&#8243; _module_preset=\u00bbdefault\u00bb global_colors_info=\u00bb{}\u00bb][et_pb_column type=\u00bb2_5&#8243; _builder_version=\u00bb4.16&#8243; _module_preset=\u00bbdefault\u00bb global_colors_info=\u00bb{}\u00bb][et_pb_image src=\u00bbhttps:\/\/drive.google.com\/thumbnail?sz=w1000&#038;id=1FryS3yI_UioEGlhX5JG4tbwqFQbUTCSG\u00bb _builder_version=\u00bb4.27.4&#8243; _module_preset=\u00bbdefault\u00bb global_colors_info=\u00bb{}\u00bb][\/et_pb_image][\/et_pb_column][et_pb_column type=\u00bb3_5&#8243; _builder_version=\u00bb4.16&#8243; _module_preset=\u00bbdefault\u00bb global_colors_info=\u00bb{}\u00bb][et_pb_text _builder_version=\u00bb4.27.4&#8243; _module_preset=\u00bbdefault\u00bb text_font_size=\u00bb18px\u00bb global_colors_info=\u00bb{}\u00bb]<\/p>\n<h2 style=\"text-align: center;\"><strong>Concierto Ateneo Escurialense, 24 de abril<\/strong><br \/><strong> Programa<\/strong><\/h2>\n<p><span style=\"color: #3366ff;\"><strong>\u2022 A. Piazzola; Adios Nonino<\/strong><\/span><\/p>\n<p><strong><span style=\"color: #3366ff;\">\u2022 P. Iturralde: Peque\u00f1a Czarda<\/span><\/strong><\/p>\n<p><strong>Jes\u00fas Baland\u00edn, saxo<\/strong><\/p>\n<p><strong>Gonzalo Santos, piano <\/strong><\/p>\n<p><span style=\"color: #3366ff;\"><strong>\u2022 Hindemith: Sonata<\/strong><\/span><\/p>\n<p style=\"padding-left: 40px;\">I. Ruhig bewegt<br \/>II. Lebhaft<br \/>III. Sher langsam<br \/>IV. Lebhaft<\/p>\n<p><strong><span style=\"color: #3366ff;\">\u2022 P. Woods: Sonata (I. Mov)<\/span><\/strong><\/p>\n<p><strong><span style=\"color: #3366ff;\">\u2022 A. Glazunov: Concierto en Mi bemol<\/span><\/strong><\/p>\n<p><strong>Jes\u00fas Baland\u00edn, saxo<\/strong><\/p>\n<p><strong>Alejandro Ant\u00f3n, piano<\/strong><\/p>\n<p>[\/et_pb_text][\/et_pb_column][\/et_pb_row][et_pb_row _builder_version=\u00bb4.16&#8243; _module_preset=\u00bbdefault\u00bb global_colors_info=\u00bb{}\u00bb][et_pb_column type=\u00bb4_4&#8243; _builder_version=\u00bb4.16&#8243; _module_preset=\u00bbdefault\u00bb global_colors_info=\u00bb{}\u00bb][\/et_pb_column][\/et_pb_row][\/et_pb_section]<\/p>\n","protected":false},"excerpt":{"rendered":"<p>Concierto de saxo y piano Centro integrado \u00abPadre Antonio Soler\u00bbJes\u00fas Baland\u00edn, saxoGonzalo Santos, pianoAlejandro Ant\u00f3n, piano24 de abril 2025, a las 18:30Casa de Cultura\u00a0 c\/Floridablanca 3Sede de encuentros Calle del Rey 36, 1\u00aa plantaCapilla de Abantos Calle Maestro Alonso s\/nConcierto Ateneo Escurialense, 24 de abril Programa \u2022 A. Piazzola; Adios Nonino \u2022 P. Iturralde: Peque\u00f1a [&hellip;]<\/p>\n","protected":false},"author":3,"featured_media":0,"parent":0,"menu_order":0,"comment_status":"closed","ping_status":"closed","template":"","meta":{"_et_pb_use_builder":"on","_et_pb_old_content":"","_et_gb_content_width":"","footnotes":""},"class_list":["post-2385","page","type-page","status-publish","hentry"],"_links":{"self":[{"href":"https:\/\/ateneoescurialense.org\/musica\/wp-json\/wp\/v2\/pages\/2385","targetHints":{"allow":["GET"]}}],"collection":[{"href":"https:\/\/ateneoescurialense.org\/musica\/wp-json\/wp\/v2\/pages"}],"about":[{"href":"https:\/\/ateneoescurialense.org\/musica\/wp-json\/wp\/v2\/types\/page"}],"author":[{"embeddable":true,"href":"https:\/\/ateneoescurialense.org\/musica\/wp-json\/wp\/v2\/users\/3"}],"replies":[{"embeddable":true,"href":"https:\/\/ateneoescurialense.org\/musica\/wp-json\/wp\/v2\/comments?post=2385"}],"version-history":[{"count":10,"href":"https:\/\/ateneoescurialense.org\/musica\/wp-json\/wp\/v2\/pages\/2385\/revisions"}],"predecessor-version":[{"id":2407,"href":"https:\/\/ateneoescurialense.org\/musica\/wp-json\/wp\/v2\/pages\/2385\/revisions\/2407"}],"wp:attachment":[{"href":"https:\/\/ateneoescurialense.org\/musica\/wp-json\/wp\/v2\/media?parent=2385"}],"curies":[{"name":"wp","href":"https:\/\/api.w.org\/{rel}","templated":true}]}}