{"id":1405,"date":"2024-02-19T11:44:03","date_gmt":"2024-02-19T10:44:03","guid":{"rendered":"https:\/\/ateneoescurialense.org\/historia\/?page_id=1405"},"modified":"2024-04-05T23:28:01","modified_gmt":"2024-04-05T21:28:01","slug":"la-primera-vuelta-al-mundo-o-de-como-un-espanol-demostro-que-la-tierra-era-redonda","status":"publish","type":"page","link":"https:\/\/ateneoescurialense.org\/historia\/la-primera-vuelta-al-mundo-o-de-como-un-espanol-demostro-que-la-tierra-era-redonda\/","title":{"rendered":"La Primera Vuelta al Mundo, o de c\u00f3mo un espa\u00f1ol demostr\u00f3 que la Tierra era redonda"},"content":{"rendered":"<p>[et_pb_section fb_built=\u00bb1&#8243; _builder_version=\u00bb4.16&#8243; background_color=\u00bb#e2e8ce\u00bb use_background_color_gradient=\u00bbon\u00bb background_color_gradient_stops=\u00bb#9ff430 0%|#35ffff 100%\u00bb background_color_gradient_start=\u00bb#9ff430&#8243; background_color_gradient_end=\u00bb#35ffff\u00bb global_colors_info=\u00bb{}\u00bb][et_pb_row _builder_version=\u00bb4.16&#8243; global_colors_info=\u00bb{}\u00bb][et_pb_column type=\u00bb4_4&#8243; _builder_version=\u00bb4.16&#8243; global_colors_info=\u00bb{}\u00bb][et_pb_text admin_label=\u00bbT\u00edtulo\u00bb _builder_version=\u00bb4.24.0&#8243; border_color_all=\u00bbrgba(0,0,0,0)\u00bb global_colors_info=\u00bb{}\u00bb]<\/p>\n<div class=\"cajacontenedoraindex\">\n<div class=\"tr_contenido2\">\n<div>\n<div id=\"contenedornoticias\" class=\"noticiascontenedor\">\n<h1><span style=\"color: #800000;\"><b>La Primera Vuelta al Mundo, o de c\u00f3mo un espa\u00f1ol demostr\u00f3 que la Tierra era redonda<\/b><\/span><\/h1>\n<\/div>\n<\/div>\n<\/div>\n<\/div>\n<p>[\/et_pb_text][\/et_pb_column][\/et_pb_row][et_pb_row column_structure=\u00bb1_2,1_2&#8243; _builder_version=\u00bb4.16&#8243; global_colors_info=\u00bb{}\u00bb][et_pb_column type=\u00bb1_2&#8243; _builder_version=\u00bb4.16&#8243; global_colors_info=\u00bb{}\u00bb][et_pb_blurb use_icon=\u00bbon\u00bb font_icon=\u00bb&#x3b;||divi||400&#8243; icon_color=\u00bb#B7321A\u00bb icon_placement=\u00bbleft\u00bb image_icon_width=\u00bb25px\u00bb admin_label=\u00bbFecha\/hora\u00bb _builder_version=\u00bb4.24.0&#8243; _module_preset=\u00bbdefault\u00bb icon_font_size=\u00bb25px\u00bb global_colors_info=\u00bb{}\u00bb]<\/p>\n<h2><span style=\"color: #800000;\"><b style=\"color: #800000;\">Jueves 4 de abril <\/b><b style=\"color: #800000;\">2024 a las 18:30h<\/b><\/span><\/h2>\n<p>[\/et_pb_blurb][et_pb_blurb use_icon=\u00bbon\u00bb font_icon=\u00bb&#xe081;||divi||400&#8243; icon_color=\u00bb#B7321A\u00bb icon_placement=\u00bbleft\u00bb disabled_on=\u00bbon|on|on\u00bb admin_label=\u00bbCasa de Cultura\u00bb _builder_version=\u00bb4.24.3&#8243; _module_preset=\u00bbdefault\u00bb disabled=\u00bbon\u00bb global_colors_info=\u00bb{}\u00bb]<\/p>\n<h2><span style=\"color: #800000;\"><strong>Casa de Cultura<\/strong><\/span><\/h2>\n<h2><span style=\"color: #800000;\"><strong>c\/Floridablanca 3<\/strong><\/span><\/h2>\n<p>[\/et_pb_blurb][et_pb_blurb use_icon=\u00bbon\u00bb font_icon=\u00bb&#xe081;||divi||400&#8243; icon_color=\u00bb#B7321A\u00bb icon_placement=\u00bbleft\u00bb disabled_on=\u00bboff|off|off\u00bb admin_label=\u00bbSede de encuentros\u00bb _builder_version=\u00bb4.24.3&#8243; _module_preset=\u00bbdefault\u00bb global_colors_info=\u00bb{}\u00bb]<\/p>\n<h2><span style=\"color: #800000;\"><strong>Sede de encuentros<\/strong><\/span><\/h2>\n<h2><span style=\"color: #800000;\"><strong>Calle del Rey 36, 1\u00aa planta<\/strong><\/span><\/h2>\n<p>[\/et_pb_blurb][\/et_pb_column][et_pb_column type=\u00bb1_2&#8243; _builder_version=\u00bb4.16&#8243; global_colors_info=\u00bb{}\u00bb][et_pb_blurb url=\u00bbhttps:\/\/ateneoescurialense.org\/ateneo-on-line\/\u00bb image=\u00bbhttps:\/\/ateneoescurialense.org\/historia\/wp-content\/uploads\/sites\/13\/2021\/03\/LOGO-Ateneo-DIGITAL-Ver-08.jpg\u00bb icon_placement=\u00bbleft\u00bb admin_label=\u00bbOn-line\u00bb _builder_version=\u00bb4.20.4&#8243; _module_preset=\u00bbdefault\u00bb link_option_url=\u00bbhttps:\/\/ateneoescurialense.org\/ateneo-on-line\/\u00bb global_colors_info=\u00bb{}\u00bb]<\/p>\n<h2><strong><span style=\"color: #800000;\">On-line<\/span><\/strong><\/h2>\n<p>[\/et_pb_blurb][et_pb_blurb use_icon=\u00bbon\u00bb font_icon=\u00bb&#xe08a;||divi||400&#8243; icon_color=\u00bb#B7321A\u00bb icon_placement=\u00bbleft\u00bb admin_label=\u00bbPonente\u00bb _builder_version=\u00bb4.24.3&#8243; _module_preset=\u00bbdefault\u00bb global_colors_info=\u00bb{}\u00bb]<\/p>\n<h2><strong><span style=\"color: #800000;\">Jos\u00e9 Yusty Bastarreche<\/span><\/strong><\/h2>\n<p>[\/et_pb_blurb][\/et_pb_column][\/et_pb_row][et_pb_row column_structure=\u00bb1_3,2_3&#8243; _builder_version=\u00bb4.16&#8243; background_color=\u00bbrgba(0,0,0,0)\u00bb background_size=\u00bbinitial\u00bb background_position=\u00bbtop_left\u00bb background_repeat=\u00bbrepeat\u00bb global_colors_info=\u00bb{}\u00bb][et_pb_column type=\u00bb1_3&#8243; _builder_version=\u00bb4.16&#8243; custom_padding=\u00bb|||\u00bb global_colors_info=\u00bb{}\u00bb custom_padding__hover=\u00bb|||\u00bb][et_pb_text disabled_on=\u00bboff|off|off\u00bb _builder_version=\u00bb4.16&#8243; _module_preset=\u00bbdefault\u00bb global_colors_info=\u00bb{}\u00bb]<\/p>\n<h2 style=\"text-align: center;\"><strong><span style=\"color: #3366ff;\">V\u00eddeo con la conferencia<\/span><\/strong><\/h2>\n<p>[\/et_pb_text][et_pb_video src=\u00bbhttps:\/\/youtu.be\/FKi91pPY7kM\u00bb disabled_on=\u00bboff|off|off\u00bb _builder_version=\u00bb4.24.3&#8243; _module_preset=\u00bbdefault\u00bb hover_enabled=\u00bb0&#8243; global_colors_info=\u00bb{}\u00bb sticky_enabled=\u00bb0&#8243;][\/et_pb_video][et_pb_image src=\u00bbhttps:\/\/drive.google.com\/thumbnail?sz=w1000&#038;id=14pxF0kGhstchLkkZjJhS8Y3ZGBEKlMLl\u00bb title_text=\u00bbInnovacion2&#8243; align=\u00bbcenter\u00bb _builder_version=\u00bb4.24.2&#8243; global_colors_info=\u00bb{}\u00bb][\/et_pb_image][\/et_pb_column][et_pb_column type=\u00bb2_3&#8243; _builder_version=\u00bb4.16&#8243; custom_padding=\u00bb|||\u00bb global_colors_info=\u00bb{}\u00bb custom_padding__hover=\u00bb|||\u00bb][et_pb_text _builder_version=\u00bb4.24.0&#8243; text_font_size=\u00bb16px\u00bb background_size=\u00bbinitial\u00bb background_position=\u00bbtop_left\u00bb background_repeat=\u00bbrepeat\u00bb global_colors_info=\u00bb{}\u00bb]<\/p>\n<p>La primera vuelta al mundo constituy\u00f3 es su momento una haza\u00f1a de la que los espa\u00f1oles se pueden sentir orgullosos, por lo que resulta muy adecuado conocer las circunstancias, peligros y aventuras que dieron lugar a la misma.<\/p>\n<p>[\/et_pb_text][\/et_pb_column][\/et_pb_row][et_pb_row column_structure=\u00bb3_4,1_4&#8243; admin_label=\u00bbCV\u00bb _builder_version=\u00bb4.16&#8243; background_color=\u00bbrgba(0,0,0,0)\u00bb background_size=\u00bbinitial\u00bb background_position=\u00bbtop_left\u00bb background_repeat=\u00bbrepeat\u00bb global_colors_info=\u00bb{}\u00bb][et_pb_column type=\u00bb3_4&#8243; _builder_version=\u00bb4.16&#8243; custom_padding=\u00bb|||\u00bb global_colors_info=\u00bb{}\u00bb custom_padding__hover=\u00bb|||\u00bb][et_pb_text _builder_version=\u00bb4.24.0&#8243; text_font_size=\u00bb16px\u00bb background_size=\u00bbinitial\u00bb background_position=\u00bbtop_left\u00bb background_repeat=\u00bbrepeat\u00bb global_colors_info=\u00bb{}\u00bb]<\/p>\n<p>Breve curriculum:<\/p>\n<p>Jos\u00e9 Yusty Bastarreche naci\u00f3 en Madrid en 1953. Licenciado en Derecho, en 1981 ingres\u00f3 en la Administraci\u00f3n de Justicia, ascendiendo a Magistrado en 1992, sirviendo Juzgados en Plasencia (C\u00e1ceres), Albacete, Pontevedra y Madrid, donde se jubil\u00f3 en 2020, cuando era Juez de lo Contencioso Administrativo n\u00ba 3. Ha sido profesor de la Universidad Aut\u00f3noma de Madrid, de la Escuela Gallega de Administraci\u00f3n P\u00fablica y de la Escuela Naval Militar. Es Alf\u00e9rez de Nav\u00edo de Complemento de la Armada Espa\u00f1ola y preside la Asociaci\u00f3n de Milicias Navales Universitarias.<\/p>\n<p>[\/et_pb_text][\/et_pb_column][et_pb_column type=\u00bb1_4&#8243; _builder_version=\u00bb4.16&#8243; custom_padding=\u00bb|||\u00bb global_colors_info=\u00bb{}\u00bb custom_padding__hover=\u00bb|||\u00bb][et_pb_image _builder_version=\u00bb4.24.0&#8243; _module_preset=\u00bbdefault\u00bb global_colors_info=\u00bb{}\u00bb][\/et_pb_image][\/et_pb_column][\/et_pb_row][\/et_pb_section]<\/p>\n","protected":false},"excerpt":{"rendered":"<p>La Primera Vuelta al Mundo, o de c\u00f3mo un espa\u00f1ol demostr\u00f3 que la Tierra era redonda Jueves 4 de abril 2024 a las 18:30hCasa de Cultura c\/Floridablanca 3Sede de encuentros Calle del Rey 36, 1\u00aa plantaOn-lineJos\u00e9 Yusty BastarrecheV\u00eddeo con la conferenciaLa primera vuelta al mundo constituy\u00f3 es su momento una haza\u00f1a de la que los [&hellip;]<\/p>\n","protected":false},"author":3,"featured_media":0,"parent":0,"menu_order":0,"comment_status":"closed","ping_status":"closed","template":"","meta":{"_et_pb_use_builder":"on","_et_pb_old_content":"","_et_gb_content_width":"","footnotes":""},"class_list":["post-1405","page","type-page","status-publish","hentry"],"_links":{"self":[{"href":"https:\/\/ateneoescurialense.org\/historia\/wp-json\/wp\/v2\/pages\/1405","targetHints":{"allow":["GET"]}}],"collection":[{"href":"https:\/\/ateneoescurialense.org\/historia\/wp-json\/wp\/v2\/pages"}],"about":[{"href":"https:\/\/ateneoescurialense.org\/historia\/wp-json\/wp\/v2\/types\/page"}],"author":[{"embeddable":true,"href":"https:\/\/ateneoescurialense.org\/historia\/wp-json\/wp\/v2\/users\/3"}],"replies":[{"embeddable":true,"href":"https:\/\/ateneoescurialense.org\/historia\/wp-json\/wp\/v2\/comments?post=1405"}],"version-history":[{"count":8,"href":"https:\/\/ateneoescurialense.org\/historia\/wp-json\/wp\/v2\/pages\/1405\/revisions"}],"predecessor-version":[{"id":1433,"href":"https:\/\/ateneoescurialense.org\/historia\/wp-json\/wp\/v2\/pages\/1405\/revisions\/1433"}],"wp:attachment":[{"href":"https:\/\/ateneoescurialense.org\/historia\/wp-json\/wp\/v2\/media?parent=1405"}],"curies":[{"name":"wp","href":"https:\/\/api.w.org\/{rel}","templated":true}]}}