{"id":922,"date":"2022-10-16T14:05:38","date_gmt":"2022-10-16T12:05:38","guid":{"rendered":"https:\/\/ateneoescurialense.org\/fotografia\/?page_id=922"},"modified":"2026-06-19T13:26:01","modified_gmt":"2026-06-19T11:26:01","slug":"uso-y-ventajas-de-los-archivos-en-formato-raw","status":"publish","type":"page","link":"https:\/\/ateneoescurialense.org\/fotografia\/uso-y-ventajas-de-los-archivos-en-formato-raw\/","title":{"rendered":"Uso y ventajas de los archivos en formato RAW"},"content":{"rendered":"<p>[et_pb_section fb_built=\u00bb1&#8243; disabled_on=\u00bboff|off|off\u00bb _builder_version=\u00bb4.27.6&#8243; background_color=\u00bbrgba(189,239,23,0.89)\u00bb use_background_color_gradient=\u00bbon\u00bb background_color_gradient_stops=\u00bb#1b897b 0%|#35ffff 100%\u00bb background_color_gradient_start=\u00bb#1b897b\u00bb background_color_gradient_end=\u00bb#35ffff\u00bb parallax=\u00bbon\u00bb global_colors_info=\u00bb{}\u00bb][et_pb_row column_structure=\u00bb1_2,1_2&#8243; _builder_version=\u00bb4.27.6&#8243; global_colors_info=\u00bb{}\u00bb][et_pb_column type=\u00bb1_2&#8243; _builder_version=\u00bb4.16&#8243; global_colors_info=\u00bb{}\u00bb][et_pb_text _builder_version=\u00bb4.18.0&#8243; border_color_all=\u00bbrgba(0,0,0,0)\u00bb global_colors_info=\u00bb{}\u00bb]<\/p>\n<div class=\"cajacontenedoraindex\">\n<div class=\"tr_contenido2\">\n<div>\n<div id=\"contenedornoticias\" class=\"noticiascontenedor\">\n<h1><span style=\"color: #800000\">Uso y ventajas de los archivos en formato RAW<\/span><\/h1>\n<\/div>\n<\/div>\n<\/div>\n<\/div>\n<p>[\/et_pb_text][et_pb_blurb use_icon=\u00bbon\u00bb font_icon=\u00bb&#x3b;||divi||400&#8243; icon_color=\u00bb#B7321A\u00bb icon_placement=\u00bbleft\u00bb image_icon_width=\u00bb25px\u00bb admin_label=\u00bbFecha\/hora\u00bb _builder_version=\u00bb4.18.0&#8243; _module_preset=\u00bbdefault\u00bb icon_font_size=\u00bb25px\u00bb global_colors_info=\u00bb{}\u00bb]<\/p>\n<p>26 de octubre 2022 de 17:00h<\/p>\n<p>[\/et_pb_blurb][et_pb_blurb use_icon=\u00bbon\u00bb font_icon=\u00bb&#xe08a;||divi||400&#8243; icon_color=\u00bb#B7321A\u00bb icon_placement=\u00bbleft\u00bb image_icon_width=\u00bb25px\u00bb admin_label=\u00bbPonente\u00bb _builder_version=\u00bb4.18.0&#8243; _module_preset=\u00bbdefault\u00bb icon_font_size=\u00bb25px\u00bb global_colors_info=\u00bb{}\u00bb]<\/p>\n<p>Manuel Rico<\/p>\n<p>[\/et_pb_blurb][\/et_pb_column][et_pb_column type=\u00bb1_2&#8243; _builder_version=\u00bb4.16&#8243; global_colors_info=\u00bb{}\u00bb][et_pb_blurb url=\u00bbhttps:\/\/ateneoescurialense.org\/ateneo-on-line\/\u00bb image=\u00bbhttps:\/\/ateneoescurialense.org\/fotografia\/wp-content\/uploads\/sites\/16\/2021\/03\/LOGO-Ateneo-DIGITAL-Ver-08.jpg\u00bb icon_placement=\u00bbleft\u00bb disabled_on=\u00bboff|off|off\u00bb admin_label=\u00bbOn-line\u00bb _builder_version=\u00bb4.18.0&#8243; _module_preset=\u00bbdefault\u00bb link_option_url=\u00bbhttps:\/\/ateneoescurialense.org\/ateneo-on-line\/\u00bb global_colors_info=\u00bb{}\u00bb]<\/p>\n<p>On-line<\/p>\n<p>[\/et_pb_blurb][et_pb_blurb url=\u00bbhttps:\/\/ateneoescurialense.org\/ateneo-on-line\/\u00bb use_icon=\u00bbon\u00bb font_icon=\u00bb&#xe081;||divi||400&#8243; icon_color=\u00bb#E02B20&#8243; icon_placement=\u00bbleft\u00bb disabled_on=\u00bboff|off|off\u00bb admin_label=\u00bbSede\u00bb _builder_version=\u00bb4.16&#8243; _module_preset=\u00bbdefault\u00bb link_option_url=\u00bbhttps:\/\/ateneoescurialense.org\/ateneo-on-line\/\u00bb global_colors_info=\u00bb{}\u00bb]<\/p>\n<p>Sede de encuentros<\/p>\n<p>C\/ del Rey 36, 1\u00aa planta<\/p>\n<p>[\/et_pb_blurb][\/et_pb_column][\/et_pb_row][et_pb_row column_structure=\u00bb2_3,1_3&#8243; _builder_version=\u00bb4.16&#8243; background_color=\u00bbrgba(0,0,0,0)\u00bb background_size=\u00bbinitial\u00bb background_position=\u00bbtop_left\u00bb background_repeat=\u00bbrepeat\u00bb global_colors_info=\u00bb{}\u00bb][et_pb_column type=\u00bb2_3&#8243; _builder_version=\u00bb4.16&#8243; custom_padding=\u00bb|||\u00bb global_colors_info=\u00bb{}\u00bb custom_padding__hover=\u00bb|||\u00bb][et_pb_text disabled_on=\u00bbon|on|on\u00bb _builder_version=\u00bb4.17.6&#8243; _module_preset=\u00bbdefault\u00bb disabled=\u00bbon\u00bb global_colors_info=\u00bb{}\u00bb]<\/p>\n<h1 style=\"text-align: center\"><span style=\"color: #3366ff\"><strong>V\u00eddeo con las fotos realizadas en las jornadas<\/strong><\/span><\/h1>\n<p>[\/et_pb_text][et_pb_image src=\u00bbhttps:\/\/drive.google.com\/thumbnail?sz=w1000&amp;id=1RFVyif92rD7UOw2XzeTPOxOnR6VuBSBg\u00bb _builder_version=\u00bb4.18.0&#8243; _module_preset=\u00bbdefault\u00bb global_colors_info=\u00bb{}\u00bb][\/et_pb_image][\/et_pb_column][et_pb_column type=\u00bb1_3&#8243; _builder_version=\u00bb4.16&#8243; custom_padding=\u00bb|||\u00bb global_colors_info=\u00bb{}\u00bb custom_padding__hover=\u00bb|||\u00bb][et_pb_text admin_label=\u00bbTexto\u00bb _builder_version=\u00bb4.27.6&#8243; text_font_size=\u00bb16px\u00bb background_size=\u00bbinitial\u00bb background_position=\u00bbtop_left\u00bb background_repeat=\u00bbrepeat\u00bb hover_enabled=\u00bb0&#8243; global_colors_info=\u00bb{}\u00bb sticky_enabled=\u00bb0&#8243;]<\/p>\n<p>El mi\u00e9rcoles 26 de octubre, continuaremos hablando del <a href=\"https:\/\/drive.google.com\/file\/d\/1TUWPeLWbdbbPIeLxP_1QONa-9tul0NCq\/view?usp=sharing\"><strong><span style=\"color: #800000\">uso y ventajas de los archivos en formato RAW<\/span><\/strong><\/a> y revisaremos las fotos de estos d\u00edas de <a href=\"https:\/\/drive.google.com\/file\/d\/12u-k-7xtUOJYw0UWhYkKT7_xWThmd4fL\/view?usp=sharing\"><strong><span style=\"color: #800000\">\u00abfotograf\u00eda de calle\u00bb<\/span><\/strong><\/a>. La reuni\u00f3n se iniciar\u00e1 a las 17:00 h en la sede del Ateneo y procuraremos que pueda ser tambi\u00e9n online v\u00eda zoom.<\/p>\n<p>&nbsp;<\/p>\n<p>[\/et_pb_text][et_pb_image src=\u00bbhttps:\/\/ateneoescurialense.org\/fotografia\/wp-content\/uploads\/sites\/16\/2022\/11\/FrasesPacoFarero.jpg\u00bb title_text=\u00bbFrasesPacoFarero\u00bb _builder_version=\u00bb4.19.0&#8243; _module_preset=\u00bbdefault\u00bb global_colors_info=\u00bb{}\u00bb][\/et_pb_image][\/et_pb_column][\/et_pb_row][\/et_pb_section]<\/p>\n","protected":false},"excerpt":{"rendered":"<p>Uso y ventajas de los archivos en formato RAW 26 de octubre 2022 de 17:00hManuel RicoOn-lineSede de encuentros C\/ del Rey 36, 1\u00aa plantaV\u00eddeo con las fotos realizadas en las jornadasEl mi\u00e9rcoles 26 de octubre, continuaremos hablando del uso y ventajas de los archivos en formato RAW y revisaremos las fotos de estos d\u00edas de [&hellip;]<\/p>\n","protected":false},"author":3,"featured_media":0,"parent":0,"menu_order":0,"comment_status":"closed","ping_status":"closed","template":"","meta":{"_et_pb_use_builder":"on","_et_pb_old_content":"","_et_gb_content_width":"","footnotes":""},"class_list":["post-922","page","type-page","status-publish","hentry"],"_links":{"self":[{"href":"https:\/\/ateneoescurialense.org\/fotografia\/wp-json\/wp\/v2\/pages\/922","targetHints":{"allow":["GET"]}}],"collection":[{"href":"https:\/\/ateneoescurialense.org\/fotografia\/wp-json\/wp\/v2\/pages"}],"about":[{"href":"https:\/\/ateneoescurialense.org\/fotografia\/wp-json\/wp\/v2\/types\/page"}],"author":[{"embeddable":true,"href":"https:\/\/ateneoescurialense.org\/fotografia\/wp-json\/wp\/v2\/users\/3"}],"replies":[{"embeddable":true,"href":"https:\/\/ateneoescurialense.org\/fotografia\/wp-json\/wp\/v2\/comments?post=922"}],"version-history":[{"count":8,"href":"https:\/\/ateneoescurialense.org\/fotografia\/wp-json\/wp\/v2\/pages\/922\/revisions"}],"predecessor-version":[{"id":1657,"href":"https:\/\/ateneoescurialense.org\/fotografia\/wp-json\/wp\/v2\/pages\/922\/revisions\/1657"}],"wp:attachment":[{"href":"https:\/\/ateneoescurialense.org\/fotografia\/wp-json\/wp\/v2\/media?parent=922"}],"curies":[{"name":"wp","href":"https:\/\/api.w.org\/{rel}","templated":true}]}}