{"id":1633,"date":"2026-06-18T18:49:45","date_gmt":"2026-06-18T16:49:45","guid":{"rendered":"https:\/\/ateneoescurialense.org\/fotografia\/?page_id=1633"},"modified":"2026-06-18T18:55:52","modified_gmt":"2026-06-18T16:55:52","slug":"formatos-y-exposicion","status":"publish","type":"page","link":"https:\/\/ateneoescurialense.org\/fotografia\/formatos-y-exposicion\/","title":{"rendered":"Formatos y exposici\u00f3n"},"content":{"rendered":"<p>[et_pb_section fb_built=\u00bb1&#8243; _builder_version=\u00bb4.27.6&#8243; background_color=\u00bb#e2e8ce\u00bb use_background_color_gradient=\u00bbon\u00bb background_color_gradient_stops=\u00bb#1b897b 0%|#35ffff 100%\u00bb background_color_gradient_start=\u00bb#1b897b\u00bb background_color_gradient_end=\u00bb#35ffff\u00bb global_colors_info=\u00bb{}\u00bb][et_pb_row _builder_version=\u00bb4.16&#8243; global_colors_info=\u00bb{}\u00bb][et_pb_column type=\u00bb4_4&#8243; _builder_version=\u00bb4.16&#8243; global_colors_info=\u00bb{}\u00bb][et_pb_text _builder_version=\u00bb4.27.6&#8243; border_color_all=\u00bbrgba(0,0,0,0)\u00bb global_colors_info=\u00bb{}\u00bb]<\/p>\n<h1><span style=\"color: #800000\">Formatos y exposici\u00f3n<\/span><\/h1>\n<p>[\/et_pb_text][et_pb_text _builder_version=\u00bb4.27.6&#8243; global_colors_info=\u00bb{}\u00bb]<\/p>\n<div class=\"cajacontenedoraindex\">\n<div class=\"tr_contenido2\">\n<div id=\"contenedornoticias\" class=\"noticiascontenedor\">\n<div class=\"entradillahor\">\n<div class=\"cajacontenedoraindex\">\n<div class=\"tr_contenido2\">\n<div id=\"contenedornoticias\" class=\"noticiascontenedor\">\n<div class=\"entradillahor\">\n<div class=\"cajacontenedoraindex\">\n<div class=\"tr_contenido2\">\n<div id=\"contenedornoticias\" class=\"noticiascontenedor\">\n<div class=\"entradillahor\">\n<div class=\"cajacontenedoraindex\">\n<div class=\"tr_contenido2\">\n<div id=\"contenedornoticias\" class=\"noticiascontenedor\">\n<div class=\"entradillahor\">\n<div class=\"cajacontenedoraindex\">\n<div class=\"tr_contenido2\">\n<div>\n<div id=\"contenedornoticias\" class=\"noticiascontenedor\">\n<div class=\"entradillahor\">\n<div>\n<div>Jueves 23 de abriul de 2020 a las 17.:30h<\/div>\n<\/div>\n<\/div>\n<\/div>\n<\/div>\n<\/div>\n<\/div>\n<\/div>\n<\/div>\n<\/div>\n<\/div>\n<\/div>\n<\/div>\n<\/div>\n<\/div>\n<\/div>\n<\/div>\n<\/div>\n<\/div>\n<\/div>\n<\/div>\n<\/div>\n<\/div>\n<h2 style=\"text-align: right\"><span style=\"color: #993300\"><i><\/i>Coordinado por:\u00a0 Manuel Rico<\/span><\/h2>\n<p>[\/et_pb_text][\/et_pb_column][\/et_pb_row][et_pb_row column_structure=\u00bb3_5,2_5&#8243; _builder_version=\u00bb4.16&#8243; background_color=\u00bbrgba(0,0,0,0)\u00bb background_size=\u00bbinitial\u00bb background_position=\u00bbtop_left\u00bb background_repeat=\u00bbrepeat\u00bb global_colors_info=\u00bb{}\u00bb][et_pb_column type=\u00bb3_5&#8243; _builder_version=\u00bb4.16&#8243; custom_padding=\u00bb|||\u00bb global_colors_info=\u00bb{}\u00bb custom_padding__hover=\u00bb|||\u00bb][et_pb_text _builder_version=\u00bb4.27.6&#8243; text_font_size=\u00bb16px\u00bb background_size=\u00bbinitial\u00bb background_position=\u00bbtop_left\u00bb background_repeat=\u00bbrepeat\u00bb hover_enabled=\u00bb0&#8243; global_colors_info=\u00bb{}\u00bb sticky_enabled=\u00bb0&#8243;]<\/p>\n<div class=\"cajacontenedoraindex\">\n<div class=\"tr_contenido2\">\n<div id=\"contenedornoticias\" class=\"noticiascontenedor\">\n<div id=\"contenido\">\n<div class=\"cajacontenedoraindex\">\n<div class=\"tr_contenido2\">\n<div id=\"contenedornoticias\" class=\"noticiascontenedor\">\n<div id=\"contenido\">\n<div class=\"cajacontenedoraindex\">\n<div class=\"tr_contenido2\">\n<div id=\"contenedornoticias\" class=\"noticiascontenedor\">\n<div id=\"contenido\">\n<p>En la pr\u00f3xima sesi\u00f3n del grupo del foro de fotograf\u00eda del Ateneo hablaremos sobre los diferentes <a href=\"https:\/\/drive.google.com\/file\/d\/1GuFLT6hFpibXVRRqZHa_WMkUTAS0jJpG\/view?usp=sharing\"><span style=\"color: #800000\"><strong>formatos utilizados en fotograf\u00eda y sobre la EXPOSICI\u00d3N<\/strong><\/span><\/a><\/p>\n<p>&nbsp;<\/p>\n<p>El tema propuesto para fotografiar esta semana es: <a href=\"https:\/\/drive.google.com\/file\/d\/1sLhSl9VwE2wnujGZw3g_LioHGeS5lpWH\/view?usp=sharing\"><span style=\"color: #800000\"><strong>Bodegones<\/strong><\/span><\/a><\/p>\n<\/div>\n<\/div>\n<\/div>\n<\/div>\n<\/div>\n<\/div>\n<\/div>\n<\/div>\n<\/div>\n<\/div>\n<\/div>\n<\/div>\n<figure class=\"wp-block-image size-large\"><\/figure>\n<p>[\/et_pb_text][\/et_pb_column][et_pb_column type=\u00bb2_5&#8243; _builder_version=\u00bb4.16&#8243; custom_padding=\u00bb|||\u00bb global_colors_info=\u00bb{}\u00bb custom_padding__hover=\u00bb|||\u00bb][et_pb_image src=\u00bbhttps:\/\/ateneoescurialense.org\/fotografia\/wp-content\/uploads\/sites\/16\/2026\/06\/1_1260998_1.jpg\u00bb title_text=\u00bb1_1260998_1&#8243; _builder_version=\u00bb4.27.6&#8243; _module_preset=\u00bbdefault\u00bb global_colors_info=\u00bb{}\u00bb][\/et_pb_image][\/et_pb_column][\/et_pb_row][\/et_pb_section]<\/p>\n","protected":false},"excerpt":{"rendered":"<p>Formatos y exposici\u00f3n Jueves 23 de abriul de 2020 a las 17.:30h Coordinado por:\u00a0 Manuel Rico En la pr\u00f3xima sesi\u00f3n del grupo del foro de fotograf\u00eda del Ateneo hablaremos sobre los diferentes formatos utilizados en fotograf\u00eda y sobre la EXPOSICI\u00d3N &nbsp; El tema propuesto para fotografiar esta semana es: Bodegones<\/p>\n","protected":false},"author":13,"featured_media":0,"parent":0,"menu_order":0,"comment_status":"closed","ping_status":"closed","template":"","meta":{"_et_pb_use_builder":"on","_et_pb_old_content":"","_et_gb_content_width":"","footnotes":""},"class_list":["post-1633","page","type-page","status-publish","hentry"],"_links":{"self":[{"href":"https:\/\/ateneoescurialense.org\/fotografia\/wp-json\/wp\/v2\/pages\/1633","targetHints":{"allow":["GET"]}}],"collection":[{"href":"https:\/\/ateneoescurialense.org\/fotografia\/wp-json\/wp\/v2\/pages"}],"about":[{"href":"https:\/\/ateneoescurialense.org\/fotografia\/wp-json\/wp\/v2\/types\/page"}],"author":[{"embeddable":true,"href":"https:\/\/ateneoescurialense.org\/fotografia\/wp-json\/wp\/v2\/users\/13"}],"replies":[{"embeddable":true,"href":"https:\/\/ateneoescurialense.org\/fotografia\/wp-json\/wp\/v2\/comments?post=1633"}],"version-history":[{"count":4,"href":"https:\/\/ateneoescurialense.org\/fotografia\/wp-json\/wp\/v2\/pages\/1633\/revisions"}],"predecessor-version":[{"id":1646,"href":"https:\/\/ateneoescurialense.org\/fotografia\/wp-json\/wp\/v2\/pages\/1633\/revisions\/1646"}],"wp:attachment":[{"href":"https:\/\/ateneoescurialense.org\/fotografia\/wp-json\/wp\/v2\/media?parent=1633"}],"curies":[{"name":"wp","href":"https:\/\/api.w.org\/{rel}","templated":true}]}}