{"id":901,"date":"2025-06-14T05:06:44","date_gmt":"2025-06-14T05:06:44","guid":{"rendered":"https:\/\/ateneoescurialense.org\/entornoynaturaleza\/?page_id=901"},"modified":"2025-06-17T14:19:58","modified_gmt":"2025-06-17T14:19:58","slug":"solana-del-barrancon","status":"publish","type":"page","link":"https:\/\/ateneoescurialense.org\/entornoynaturaleza\/solana-del-barrancon\/","title":{"rendered":"Solana del Barrancon"},"content":{"rendered":"<p>[et_pb_section fb_built=\u00bb1&#8243; _builder_version=\u00bb4.27.4&#8243; background_color=\u00bbrgba(237,237,237,0.95)\u00bb use_background_color_gradient=\u00bbon\u00bb background_color_gradient_stops=\u00bb#688987 0%|#35ffff 100%\u00bb background_color_gradient_start=\u00bb#688987&#8243; background_color_gradient_end=\u00bb#35ffff\u00bb global_colors_info=\u00bb{}\u00bb][et_pb_row _builder_version=\u00bb4.16&#8243; global_colors_info=\u00bb{}\u00bb][et_pb_column type=\u00bb4_4&#8243; _builder_version=\u00bb4.16&#8243; global_colors_info=\u00bb{}\u00bb][et_pb_text admin_label=\u00bbT\u00edtulo de la ruta\u00bb _builder_version=\u00bb4.27.4&#8243; border_color_all=\u00bbrgba(0,0,0,0)\u00bb global_colors_info=\u00bb{}\u00bb]<\/p>\n<h1><span style=\"color: #800000;\"><strong>Solana del Barranc\u00f3n \ud83c\udf32<\/strong><\/span><\/h1>\n<p>[\/et_pb_text][et_pb_blurb use_icon=\u00bbon\u00bb font_icon=\u00bb&#x3b;||divi||400&#8243; icon_color=\u00bb#B7321A\u00bb icon_placement=\u00bbleft\u00bb image_icon_width=\u00bb25px\u00bb admin_label=\u00bbFecha\/hora\u00bb _builder_version=\u00bb4.27.4&#8243; _module_preset=\u00bbdefault\u00bb body_font_size=\u00bb16px\u00bb icon_font_size=\u00bb25px\u00bb global_colors_info=\u00bb{}\u00bb]<\/p>\n<p><span style=\"color: #800000;\">Domingo 15 de junio 2025 a las 09:30h<\/span><\/p>\n<p>[\/et_pb_blurb][et_pb_blurb title=\u00bbFray Luis de Le\u00f3n 27&#8243; url=\u00bbhttps:\/\/maps.app.goo.gl\/d4vUzDkxHrH2rWaM6&#8243; use_icon=\u00bbon\u00bb font_icon=\u00bb&#xe081;||divi||400&#8243; icon_color=\u00bb#B7321A\u00bb icon_placement=\u00bbleft\u00bb image_icon_width=\u00bb25px\u00bb disabled_on=\u00bboff|off|off\u00bb admin_label=\u00bbFray Luis 47&#8243; _builder_version=\u00bb4.27.4&#8243; _module_preset=\u00bbdefault\u00bb header_text_color=\u00bb#C55F0D\u00bb header_font_size=\u00bb20px\u00bb body_font_size=\u00bb16px\u00bb link_option_url=\u00bbhttps:\/\/maps.app.goo.gl\/d4vUzDkxHrH2rWaM6&#8243; icon_font_size=\u00bb25px\u00bb global_colors_info=\u00bb{}\u00bb][\/et_pb_blurb][et_pb_blurb title=\u00bbAparcamiento carretera de \u00c1vila en la Herrer\u00eda\u00bb url=\u00bbhttps:\/\/maps.app.goo.gl\/2WNScburguG3oqt89&#8243; use_icon=\u00bbon\u00bb font_icon=\u00bb&#xe081;||divi||400&#8243; icon_color=\u00bb#B7321A\u00bb icon_placement=\u00bbleft\u00bb image_icon_width=\u00bb25px\u00bb disabled_on=\u00bbon|on|on\u00bb admin_label=\u00bbCtra \u00c1vila en la Herrer\u00eda\u00bb _builder_version=\u00bb4.27.4&#8243; _module_preset=\u00bbdefault\u00bb header_text_color=\u00bb#C55F0D\u00bb header_font_size=\u00bb20px\u00bb body_font_size=\u00bb16px\u00bb link_option_url=\u00bbhttps:\/\/maps.app.goo.gl\/2WNScburguG3oqt89&#8243; icon_font_size=\u00bb25px\u00bb disabled=\u00bbon\u00bb global_colors_info=\u00bb{}\u00bb][\/et_pb_blurb][et_pb_blurb title=\u00bbCarretera de la Presa\u00bb url=\u00bbhttps:\/\/maps.app.goo.gl\/QTU8bq8bfKYtWuxe7?g_st=aw\u00bb use_icon=\u00bbon\u00bb font_icon=\u00bb&#xe081;||divi||400&#8243; icon_color=\u00bb#B7321A\u00bb icon_placement=\u00bbleft\u00bb image_icon_width=\u00bb25px\u00bb disabled_on=\u00bbon|on|on\u00bb admin_label=\u00bbCtra de la Presa\u00bb _builder_version=\u00bb4.27.4&#8243; _module_preset=\u00bbdefault\u00bb header_text_color=\u00bb#C55F0D\u00bb header_font_size=\u00bb20px\u00bb body_font_size=\u00bb16px\u00bb link_option_url=\u00bbhttps:\/\/maps.app.goo.gl\/QTU8bq8bfKYtWuxe7?g_st=aw\u00bb icon_font_size=\u00bb25px\u00bb disabled=\u00bbon\u00bb global_colors_info=\u00bb{}\u00bb][\/et_pb_blurb][et_pb_blurb use_icon=\u00bbon\u00bb font_icon=\u00bb&#xe081;||divi||400&#8243; icon_color=\u00bb#B7321A\u00bb icon_placement=\u00bbleft\u00bb image_icon_width=\u00bb25px\u00bb disabled_on=\u00bbon|on|on\u00bb admin_label=\u00bbParking del Supercor\u00bb _builder_version=\u00bb4.19.0&#8243; _module_preset=\u00bbdefault\u00bb body_font_size=\u00bb16px\u00bb icon_font_size=\u00bb25px\u00bb disabled=\u00bbon\u00bb global_colors_info=\u00bb{}\u00bb]<\/p>\n<p>Parking del Supercor de San Lorenzo de El Escorial<\/p>\n<p>[\/et_pb_blurb][et_pb_blurb url=\u00bbhttps:\/\/drive.google.com\/thumbnail?sz=w1000&#038;id=1UZf9QP5JKgHX1lcii7Hy6pAem2tYxYCh\u00bb use_icon=\u00bbon\u00bb font_icon=\u00bb&#xe081;||divi||400&#8243; icon_color=\u00bb#B7321A\u00bb icon_placement=\u00bbleft\u00bb image_icon_width=\u00bb25px\u00bb disabled_on=\u00bbon|on|on\u00bb admin_label=\u00bbParking Horizontal\u00bb _builder_version=\u00bb4.27.4&#8243; _module_preset=\u00bbdefault\u00bb body_font_size=\u00bb16px\u00bb link_option_url=\u00bbhttps:\/\/drive.google.com\/thumbnail?sz=w1000&#038;id=1UZf9QP5JKgHX1lcii7Hy6pAem2tYxYCh\u00bb icon_font_size=\u00bb25px\u00bb disabled=\u00bbon\u00bb global_colors_info=\u00bb{}\u00bb]<\/p>\n<p>Esquina cartel Restaurante Horizontal<\/p>\n<p>[\/et_pb_blurb][et_pb_blurb use_icon=\u00bbon\u00bb font_icon=\u00bb&#xe081;||divi||400&#8243; icon_color=\u00bb#B7321A\u00bb icon_placement=\u00bbleft\u00bb image_icon_width=\u00bb25px\u00bb disabled_on=\u00bbon|on|on\u00bb admin_label=\u00bbParking Euroforum\u00bb _builder_version=\u00bb4.27.2&#8243; _module_preset=\u00bbdefault\u00bb body_font_size=\u00bb16px\u00bb icon_font_size=\u00bb25px\u00bb disabled=\u00bbon\u00bb global_colors_info=\u00bb{}\u00bb]<\/p>\n<p>Parking Euroforum<\/p>\n<p>[\/et_pb_blurb][et_pb_blurb use_icon=\u00bbon\u00bb font_icon=\u00bb&#xe081;||divi||400&#8243; icon_color=\u00bb#B7321A\u00bb icon_placement=\u00bbleft\u00bb image_icon_width=\u00bb25px\u00bb disabled_on=\u00bbon|on|on\u00bb admin_label=\u00bbEstanque Monasterio\u00bb _builder_version=\u00bb4.19.0&#8243; _module_preset=\u00bbdefault\u00bb body_font_size=\u00bb16px\u00bb icon_font_size=\u00bb25px\u00bb disabled=\u00bbon\u00bb global_colors_info=\u00bb{}\u00bb]<\/p>\n<p>Estanque Monasterio de San Lorenzo de El Escorial<\/p>\n<p>[\/et_pb_blurb][et_pb_blurb use_icon=\u00bbon\u00bb font_icon=\u00bb&#xe08a;||divi||400&#8243; icon_color=\u00bb#B7321A\u00bb icon_placement=\u00bbleft\u00bb image_icon_width=\u00bb25px\u00bb admin_label=\u00bbCoordinador\u00bb _builder_version=\u00bb4.27.2&#8243; _module_preset=\u00bbdefault\u00bb icon_font_size=\u00bb25px\u00bb global_colors_info=\u00bb{}\u00bb]<\/p>\n<h2><span style=\"color: #993300;\">Coordinado por:\u00a0 David G\u00f3mez<\/span><\/h2>\n<p>[\/et_pb_blurb][\/et_pb_column][\/et_pb_row][et_pb_row _builder_version=\u00bb4.16&#8243; background_color=\u00bbrgba(0,0,0,0)\u00bb background_size=\u00bbinitial\u00bb background_position=\u00bbtop_left\u00bb background_repeat=\u00bbrepeat\u00bb global_colors_info=\u00bb{}\u00bb][et_pb_column type=\u00bb4_4&#8243; _builder_version=\u00bb4.16&#8243; custom_padding=\u00bb|||\u00bb global_colors_info=\u00bb{}\u00bb custom_padding__hover=\u00bb|||\u00bb][et_pb_text admin_label=\u00bbDescripci\u00f3n de la ruta\u00bb _builder_version=\u00bb4.27.4&#8243; text_font_size=\u00bb16px\u00bb background_size=\u00bbinitial\u00bb background_position=\u00bbtop_left\u00bb background_repeat=\u00bbrepeat\u00bb global_colors_info=\u00bb{}\u00bb]<\/p>\n<p>Denominaci\u00f3n: <strong>Mirador desconocido \ud83d\ude09 en la Solana del Barranc\u00f3n \ud83c\udf32<\/strong><\/p>\n<p><strong>Indicaciones.<\/strong><\/p>\n<p>Ruta: Lineal<\/p>\n<p>Dificultad: Moderada<\/p>\n<p>Recorrido: 8 Km. aprox.<\/p>\n<p>Desnivel acumulado 150 mts.<\/p>\n<p>Duraci\u00f3n: 3 horas aprox. \u23f1\ufe0f dependiendo del ritmo.<\/p>\n<p>Terreno mixto de caminos de tierra, sendas.<\/p>\n<p>Hora: 9:30 de la ma\u00f1ana \ud83d\udd59.<\/p>\n<p>Punto de encuentro: <strong>\ud83d\udc49\ud83c\udffd <a href=\"https:\/\/maps.app.goo.gl\/d4vUzDkxHrH2rWaM6\" target=\"_blank\" rel=\"noopener\"><span style=\"color: #0000ff;\">Fray Luis de Le\u00f3n 27<\/span><\/a><\/strong><\/p>\n<p>Importante llevar vestimenta y calzado adecuados \ud83e\udd7e\ud83e\uddaf\ud83c\udf92. Agua \ud83d\udca7y un tentempi\u00e9 el que quiera<\/p>\n<p><strong>Log\u00edstica:<\/strong><\/p>\n<ul>\n<li>Reuni\u00f3n: Fray Luis de Le\u00f3n 27<\/li>\n<li>Hora de Reuni\u00f3n: 9:30 AM.<\/li>\n<li>Longitud del recorrido: Cerca de <span style=\"color: #000000;\">8 km<\/span> aproximadamente.<\/li>\n<li>Desnivel: Acumulado de unos <span style=\"color: #000000;\">150 mts.<\/span> positivos<\/li>\n<li>Tipo de terreno: pistas de tierra, sendas.<\/li>\n<li>Duraci\u00f3n estimada del trayecto: Dependiendo del ritmo, 3 horas.<\/li>\n<li>Dificultad: F\u00e1cil. Apta para todas personas si son caminantes habituales. Tipo de ruta lineal.<\/li>\n<li>Ropa: C\u00f3moda, adecuada a la climatolog\u00eda y en capas, mucho mejor.<\/li>\n<li>Calzado: El apropiado para el tipo de terreno<\/li>\n<li>Bastones: Siempre es bueno llevarlos como ayuda para mantener el equilibrio.<\/li>\n<li>Recomendaciones: Ropa en funci\u00f3n de la climatolog\u00eda y llevar agua suficiente.<\/li>\n<\/ul>\n<p>[\/et_pb_text][et_pb_text admin_label=\u00bbDisclaimer\u00bb _builder_version=\u00bb4.18.0&#8243; text_font_size=\u00bb16px\u00bb background_size=\u00bbinitial\u00bb background_position=\u00bbtop_left\u00bb background_repeat=\u00bbrepeat\u00bb border_radii=\u00bbon|11px|11px|11px|11px\u00bb border_width_all=\u00bb2px\u00bb global_colors_info=\u00bb{}\u00bb]<\/p>\n<p><strong>NOTAS IMPORTANTES:<\/strong><\/p>\n<ul>\n<li>En nuestras actividades <strong>no se permite la presencia de mascotas<\/strong>.<\/li>\n<li><strong>Las Actividades del foro de Entorno y Naturaleza, <u>NO ESTAN GESTIONADAS POR GUIAS.<\/u><\/strong><\/li>\n<li><strong>Quienes participan en la actividad lo hacen por voluntad propia<\/strong> y en su buena ventura.<\/li>\n<li>Mientras la actividad est\u00e9 activa, los y las participantes <strong>observar\u00e1n las indicaciones y recomendaciones<\/strong> dictadas por las personas que coordinen la misma.<\/li>\n<li>Tanto el Ateneo Escurialense como quienes coordinan la actividad propuesta, <strong>han tomado todas las precauciones para que esta se desarrolle sin incidencias<\/strong>. La observaci\u00f3n de las recomendaciones previas y las indicaciones que se den durante la actividad est\u00e1n <strong>encaminadas a procurar el bienestar y la seguridad de las personas que participan<\/strong> en la misma.<\/li>\n<li>Ni el Ateneo Escurialense, ni quienes coordinan la actividad, <strong>asumir\u00e1n responsabilidad alguna ante incidentes provocados por quienes no observen las recomendaciones e indicaciones publicadas<\/strong> y las sugeridas por quienes coordinen la actividad.<\/li>\n<li>Las personas participantes en la actividad <strong>manifiestan estar informados en qu\u00e9 consiste la actividad propuesta<\/strong>, el recorrido, la distancia a recorrer, las dificultades sobre el terreno, la climatolog\u00eda prevista, los tiempos estimados para completarla, riesgos existentes, etc.<\/li>\n<li>Por el hecho de participar en la actividad propuesta, el o la participante, manifiesta que <strong>no tienen ning\u00fan impedimento, ni f\u00edsico ni ps\u00edquico<\/strong>, para la plena y satisfactoria realizaci\u00f3n de la misma.<\/li>\n<li>As\u00ed mismo, ni el Ateneo Escurialense ni quienes coordinan la actividad, asumir\u00e1n responsabilidad alguna ante <strong>quienes oculten enfermedades, tengan impedimentos u oculten dolencias<\/strong> para participar en la realizaci\u00f3n de la actividad propuesta.<\/li>\n<li><strong>Las personas que se presenten<\/strong> para realizar la actividad <strong>con calzado y\/o vestimenta que se considere inadecuada<\/strong> por las personas que la coordinen y que adem\u00e1s quienes la coordines, comuniquen a estas personas que es desaconsejado participar en tales circunstancias, si estas personas persistan en la idea de continuar con la realizaci\u00f3n de la actividad, <strong>ser\u00e1n ellas las que asumen toda la responsabilidad de lo que pueda sucederles<\/strong>.<\/li>\n<li><strong>Cada persona que participe en la actividad tiene la responsabilidad de prestar atenci\u00f3n a su cuidado personal<\/strong>. Sobre el participante recae toda responsabilidad ante incidencias causadas por el descuido en hidratarse, alimentarse, usar protecci\u00f3n solar, protegerse contra el fr\u00edo, el calor, las picaduras de insectos, etc.<\/li>\n<li>Durante la actividad, <strong>se tomar\u00e1n fotograf\u00edas<\/strong> con el prop\u00f3sito de documentarla y de su posterior publicidad por parte del foro y del Ateneo. Quienes no deseen que se muestre su imagen, deben comunicarlo por escrito al email: <strong><span style=\"color: #3366ff;\">ateneoescurialense@gmail.com<\/span><\/strong><\/li>\n<\/ul>\n<p>[\/et_pb_text][et_pb_text disabled_on=\u00bboff|off|off\u00bb _builder_version=\u00bb4.27.4&#8243; _module_preset=\u00bbdefault\u00bb text_font_size=\u00bb16px\u00bb global_colors_info=\u00bb{}\u00bb]<\/p>\n<p>Hola \ud83d\udc4b a todos. Hoy 10 en ruta. Empezamos un poco m\u00e1s pronto por aquello de los calores \ud83c\udf1e. D\u00eda soleado\u00a0 y \ud83c\udf21\ufe0f temperatura media de 26\u00b0 aunque con una suave brisa que se agradeci\u00f3 a lo largo de la ma\u00f1ana. Camino de Las Cebadillas &#8211; Chorrera del Barranc\u00f3n &#8211; \u00abMirador desconocido\u00bb en la Solana del Barranc\u00f3n &#8211; regreso.<\/p>\n<p>Gracias a todos por compartir \ud83d\ude03<\/p>\n<p>[\/et_pb_text][\/et_pb_column][\/et_pb_row][et_pb_row column_structure=\u00bb1_3,2_3&#8243; _builder_version=\u00bb4.16&#8243; background_color=\u00bbrgba(0,0,0,0)\u00bb background_size=\u00bbinitial\u00bb background_position=\u00bbtop_left\u00bb background_repeat=\u00bbrepeat\u00bb global_colors_info=\u00bb{}\u00bb][et_pb_column type=\u00bb1_3&#8243; _builder_version=\u00bb4.16&#8243; custom_padding=\u00bb|||\u00bb global_colors_info=\u00bb{}\u00bb custom_padding__hover=\u00bb|||\u00bb][et_pb_image src=\u00bbhttps:\/\/drive.google.com\/thumbnail?sz=w1000&#038;id=1VgTPE-k7QEyI4o-4B2cvDO8R0b4Zx8cW\u00bb _builder_version=\u00bb4.27.4&#8243; _module_preset=\u00bbdefault\u00bb global_colors_info=\u00bb{}\u00bb][\/et_pb_image][et_pb_text _builder_version=\u00bb4.27.4&#8243; _module_preset=\u00bbdefault\u00bb global_colors_info=\u00bb{}\u00bb]<\/p>\n<h2><span style=\"color: #3366ff;\">V\u00eddeo de la ruta<\/span><\/h2>\n<p>[\/et_pb_text][\/et_pb_column][et_pb_column type=\u00bb2_3&#8243; _builder_version=\u00bb4.16&#8243; custom_padding=\u00bb|||\u00bb global_colors_info=\u00bb{}\u00bb custom_padding__hover=\u00bb|||\u00bb][et_pb_video src=\u00bbhttps:\/\/youtu.be\/_awzLe9SmMQ\u00bb _builder_version=\u00bb4.27.4&#8243; _module_preset=\u00bbdefault\u00bb global_colors_info=\u00bb{}\u00bb][\/et_pb_video][\/et_pb_column][\/et_pb_row][et_pb_row column_structure=\u00bb1_2,1_2&#8243; _builder_version=\u00bb4.27.4&#8243; _module_preset=\u00bbdefault\u00bb global_colors_info=\u00bb{}\u00bb][et_pb_column type=\u00bb1_2&#8243; _builder_version=\u00bb4.27.4&#8243; _module_preset=\u00bbdefault\u00bb global_colors_info=\u00bb{}\u00bb][et_pb_image src=\u00bbhttps:\/\/drive.google.com\/thumbnail?sz=w1000&#038;id=136RYNBEPErrQNK3RICTBepioSVbC0_G7&#8243; url=\u00bbhttps:\/\/drive.google.com\/thumbnail?sz=w1000&#038;id=136RYNBEPErrQNK3RICTBepioSVbC0_G7&#8243; _builder_version=\u00bb4.27.4&#8243; _module_preset=\u00bbdefault\u00bb global_colors_info=\u00bb{}\u00bb][\/et_pb_image][et_pb_image src=\u00bbhttps:\/\/drive.google.com\/thumbnail?sz=w1000&#038;id=1CzXtZ6_XgT5br7_ERHWatEJGlBczN0Zd\u00bb url=\u00bbhttps:\/\/drive.google.com\/thumbnail?sz=w1000&#038;id=1CzXtZ6_XgT5br7_ERHWatEJGlBczN0Zd\u00bb _builder_version=\u00bb4.27.4&#8243; _module_preset=\u00bbdefault\u00bb global_colors_info=\u00bb{}\u00bb][\/et_pb_image][et_pb_image src=\u00bbhttps:\/\/drive.google.com\/thumbnail?sz=w1000&#038;id=1EE1BfA0OITcxgvQuebzr1P0zVVxAYZuC\u00bb url=\u00bbhttps:\/\/drive.google.com\/thumbnail?sz=w1000&#038;id=1EE1BfA0OITcxgvQuebzr1P0zVVxAYZuC\u00bb _builder_version=\u00bb4.27.4&#8243; _module_preset=\u00bbdefault\u00bb global_colors_info=\u00bb{}\u00bb][\/et_pb_image][et_pb_image src=\u00bbhttps:\/\/drive.google.com\/thumbnail?sz=w1000&#038;id=1NEMFT4Pw2XmP4u2fikA7fjQExpSGKa8d\u00bb url=\u00bbhttps:\/\/drive.google.com\/thumbnail?sz=w1000&#038;id=1NEMFT4Pw2XmP4u2fikA7fjQExpSGKa8d\u00bb _builder_version=\u00bb4.27.4&#8243; _module_preset=\u00bbdefault\u00bb global_colors_info=\u00bb{}\u00bb][\/et_pb_image][et_pb_image src=\u00bbhttps:\/\/drive.google.com\/thumbnail?sz=w1000&#038;id=1l8VK-8JnEQDNinv-UqoyocU5QgxaCQqU\u00bb url=\u00bbhttps:\/\/drive.google.com\/thumbnail?sz=w1000&#038;id=1l8VK-8JnEQDNinv-UqoyocU5QgxaCQqU\u00bb _builder_version=\u00bb4.27.4&#8243; _module_preset=\u00bbdefault\u00bb global_colors_info=\u00bb{}\u00bb][\/et_pb_image][et_pb_image src=\u00bbhttps:\/\/drive.google.com\/thumbnail?sz=w1000&#038;id=1Dss_LgRlcYbv6jPLekkDAwTfjjQOztv2&#8243; url=\u00bbhttps:\/\/drive.google.com\/thumbnail?sz=w1000&#038;id=1Dss_LgRlcYbv6jPLekkDAwTfjjQOztv2&#8243; _builder_version=\u00bb4.27.4&#8243; _module_preset=\u00bbdefault\u00bb global_colors_info=\u00bb{}\u00bb][\/et_pb_image][\/et_pb_column][et_pb_column type=\u00bb1_2&#8243; _builder_version=\u00bb4.27.4&#8243; _module_preset=\u00bbdefault\u00bb global_colors_info=\u00bb{}\u00bb][et_pb_image src=\u00bbhttps:\/\/drive.google.com\/thumbnail?sz=w1000&#038;id=1FewkcMlnm3f02rT1Vl_QYlTMFvNdlhi2&#8243; url=\u00bbhttps:\/\/drive.google.com\/thumbnail?sz=w1000&#038;id=1FewkcMlnm3f02rT1Vl_QYlTMFvNdlhi2&#8243; _builder_version=\u00bb4.27.4&#8243; _module_preset=\u00bbdefault\u00bb global_colors_info=\u00bb{}\u00bb][\/et_pb_image][et_pb_image src=\u00bbhttps:\/\/drive.google.com\/thumbnail?sz=w1000&#038;id=1UDx0CBZmFbFiSOZKDLUpeNJanVA6Xzfe\u00bb url=\u00bbhttps:\/\/drive.google.com\/thumbnail?sz=w1000&#038;id=1UDx0CBZmFbFiSOZKDLUpeNJanVA6Xzfe\u00bb _builder_version=\u00bb4.27.4&#8243; _module_preset=\u00bbdefault\u00bb global_colors_info=\u00bb{}\u00bb][\/et_pb_image][et_pb_image src=\u00bbhttps:\/\/drive.google.com\/thumbnail?sz=w1000&#038;id=1TPln_3ePKACPqGhoVecMWbMFcDKoP6AG\u00bb url=\u00bbhttps:\/\/drive.google.com\/thumbnail?sz=w1000&#038;id=1TPln_3ePKACPqGhoVecMWbMFcDKoP6AG\u00bb _builder_version=\u00bb4.27.4&#8243; _module_preset=\u00bbdefault\u00bb global_colors_info=\u00bb{}\u00bb][\/et_pb_image][et_pb_image src=\u00bbhttps:\/\/drive.google.com\/thumbnail?sz=w1000&#038;id=1jO_CxtVSPrDA5FL_cJVeaZbbIWHO5PtA\u00bb url=\u00bbhttps:\/\/drive.google.com\/thumbnail?sz=w1000&#038;id=1jO_CxtVSPrDA5FL_cJVeaZbbIWHO5PtA\u00bb _builder_version=\u00bb4.27.4&#8243; _module_preset=\u00bbdefault\u00bb global_colors_info=\u00bb{}\u00bb][\/et_pb_image][et_pb_image src=\u00bbhttps:\/\/drive.google.com\/thumbnail?sz=w1000&#038;id=1erJUVlYxrcFtDqeh0njJQbI_6wCkrRMO\u00bb url=\u00bbhttps:\/\/drive.google.com\/thumbnail?sz=w1000&#038;id=1erJUVlYxrcFtDqeh0njJQbI_6wCkrRMO\u00bb _builder_version=\u00bb4.27.4&#8243; _module_preset=\u00bbdefault\u00bb global_colors_info=\u00bb{}\u00bb][\/et_pb_image][\/et_pb_column][\/et_pb_row][\/et_pb_section]<\/p>\n","protected":false},"excerpt":{"rendered":"<p>Solana del Barranc\u00f3n \ud83c\udf32Domingo 15 de junio 2025 a las 09:30hParking del Supercor de San Lorenzo de El EscorialEsquina cartel Restaurante HorizontalParking EuroforumEstanque Monasterio de San Lorenzo de El EscorialCoordinado por:\u00a0 David G\u00f3mezDenominaci\u00f3n: Mirador desconocido \ud83d\ude09 en la Solana del Barranc\u00f3n \ud83c\udf32 Indicaciones. Ruta: Lineal Dificultad: Moderada Recorrido: 8 Km. aprox. Desnivel acumulado 150 mts. [&hellip;]<\/p>\n","protected":false},"author":3,"featured_media":0,"parent":0,"menu_order":0,"comment_status":"closed","ping_status":"closed","template":"","meta":{"_et_pb_use_builder":"on","_et_pb_old_content":"","_et_gb_content_width":"","footnotes":""},"class_list":["post-901","page","type-page","status-publish","hentry"],"_links":{"self":[{"href":"https:\/\/ateneoescurialense.org\/entornoynaturaleza\/wp-json\/wp\/v2\/pages\/901","targetHints":{"allow":["GET"]}}],"collection":[{"href":"https:\/\/ateneoescurialense.org\/entornoynaturaleza\/wp-json\/wp\/v2\/pages"}],"about":[{"href":"https:\/\/ateneoescurialense.org\/entornoynaturaleza\/wp-json\/wp\/v2\/types\/page"}],"author":[{"embeddable":true,"href":"https:\/\/ateneoescurialense.org\/entornoynaturaleza\/wp-json\/wp\/v2\/users\/3"}],"replies":[{"embeddable":true,"href":"https:\/\/ateneoescurialense.org\/entornoynaturaleza\/wp-json\/wp\/v2\/comments?post=901"}],"version-history":[{"count":16,"href":"https:\/\/ateneoescurialense.org\/entornoynaturaleza\/wp-json\/wp\/v2\/pages\/901\/revisions"}],"predecessor-version":[{"id":936,"href":"https:\/\/ateneoescurialense.org\/entornoynaturaleza\/wp-json\/wp\/v2\/pages\/901\/revisions\/936"}],"wp:attachment":[{"href":"https:\/\/ateneoescurialense.org\/entornoynaturaleza\/wp-json\/wp\/v2\/media?parent=901"}],"curies":[{"name":"wp","href":"https:\/\/api.w.org\/{rel}","templated":true}]}}