{"id":791,"date":"2025-02-19T15:52:22","date_gmt":"2025-02-19T15:52:22","guid":{"rendered":"https:\/\/ateneoescurialense.org\/entornoynaturaleza\/?page_id=791"},"modified":"2025-03-25T21:09:40","modified_gmt":"2025-03-25T21:09:40","slug":"arca-del-helechal-desde-los-llanillos","status":"publish","type":"page","link":"https:\/\/ateneoescurialense.org\/entornoynaturaleza\/arca-del-helechal-desde-los-llanillos\/","title":{"rendered":"Arca del Helechal desde Los Llanillos"},"content":{"rendered":"<p>[et_pb_section fb_built=\u00bb1&#8243; _builder_version=\u00bb4.16&#8243; background_color=\u00bb#e2e8ce\u00bb use_background_color_gradient=\u00bbon\u00bb background_color_gradient_stops=\u00bb#688987 0%|#35ffff 100%\u00bb background_color_gradient_start=\u00bb#688987&#8243; background_color_gradient_end=\u00bb#35ffff\u00bb global_colors_info=\u00bb{}\u00bb][et_pb_row _builder_version=\u00bb4.16&#8243; global_colors_info=\u00bb{}\u00bb][et_pb_column type=\u00bb4_4&#8243; _builder_version=\u00bb4.16&#8243; global_colors_info=\u00bb{}\u00bb][et_pb_text admin_label=\u00bbT\u00edtulo de la ruta\u00bb _builder_version=\u00bb4.27.4&#8243; border_color_all=\u00bbrgba(0,0,0,0)\u00bb global_colors_info=\u00bb{}\u00bb]<\/p>\n<h1><span style=\"color: #800000;\"><strong>Arca del Helechal desde Los Llanillos<\/strong><\/span><\/h1>\n<p>[\/et_pb_text][et_pb_blurb use_icon=\u00bbon\u00bb font_icon=\u00bb&#x3b;||divi||400&#8243; icon_color=\u00bb#B7321A\u00bb icon_placement=\u00bbleft\u00bb image_icon_width=\u00bb25px\u00bb admin_label=\u00bbFecha\/hora\u00bb _builder_version=\u00bb4.27.4&#8243; _module_preset=\u00bbdefault\u00bb body_font_size=\u00bb16px\u00bb icon_font_size=\u00bb25px\u00bb global_colors_info=\u00bb{}\u00bb]<\/p>\n<p><span style=\"color: #800000;\">Domingo 23 de febrero 2025 a las 10:00h<\/span><\/p>\n<p>[\/et_pb_blurb][et_pb_blurb use_icon=\u00bbon\u00bb font_icon=\u00bb&#xe081;||divi||400&#8243; icon_color=\u00bb#B7321A\u00bb icon_placement=\u00bbleft\u00bb image_icon_width=\u00bb25px\u00bb disabled_on=\u00bbon|on|on\u00bb admin_label=\u00bbParking del Supercor\u00bb _builder_version=\u00bb4.19.0&#8243; _module_preset=\u00bbdefault\u00bb body_font_size=\u00bb16px\u00bb icon_font_size=\u00bb25px\u00bb disabled=\u00bbon\u00bb global_colors_info=\u00bb{}\u00bb]<\/p>\n<p>Parking del Supercor de San Lorenzo de El Escorial<\/p>\n<p>[\/et_pb_blurb][et_pb_blurb url=\u00bbhttps:\/\/drive.google.com\/thumbnail?sz=w1000&#038;id=1UZf9QP5JKgHX1lcii7Hy6pAem2tYxYCh\u00bb use_icon=\u00bbon\u00bb font_icon=\u00bb&#xe081;||divi||400&#8243; icon_color=\u00bb#B7321A\u00bb icon_placement=\u00bbleft\u00bb image_icon_width=\u00bb25px\u00bb disabled_on=\u00bbon|on|on\u00bb admin_label=\u00bbParking Horizontal\u00bb _builder_version=\u00bb4.27.4&#8243; _module_preset=\u00bbdefault\u00bb body_font_size=\u00bb16px\u00bb link_option_url=\u00bbhttps:\/\/drive.google.com\/thumbnail?sz=w1000&#038;id=1UZf9QP5JKgHX1lcii7Hy6pAem2tYxYCh\u00bb icon_font_size=\u00bb25px\u00bb disabled=\u00bbon\u00bb global_colors_info=\u00bb{}\u00bb]<\/p>\n<p>Esquina cartel Restaurante Horizontal<\/p>\n<p>[\/et_pb_blurb][et_pb_blurb use_icon=\u00bbon\u00bb font_icon=\u00bb&#xe081;||divi||400&#8243; icon_color=\u00bb#B7321A\u00bb icon_placement=\u00bbleft\u00bb image_icon_width=\u00bb25px\u00bb disabled_on=\u00bbon|on|on\u00bb admin_label=\u00bbParking Euroforum\u00bb _builder_version=\u00bb4.27.2&#8243; _module_preset=\u00bbdefault\u00bb body_font_size=\u00bb16px\u00bb icon_font_size=\u00bb25px\u00bb disabled=\u00bbon\u00bb global_colors_info=\u00bb{}\u00bb]<\/p>\n<p>Parking Euroforum<\/p>\n<p>[\/et_pb_blurb][et_pb_blurb use_icon=\u00bbon\u00bb font_icon=\u00bb&#xe081;||divi||400&#8243; icon_color=\u00bb#B7321A\u00bb icon_placement=\u00bbleft\u00bb image_icon_width=\u00bb25px\u00bb disabled_on=\u00bbon|on|on\u00bb admin_label=\u00bbEstanque Monasterio\u00bb _builder_version=\u00bb4.19.0&#8243; _module_preset=\u00bbdefault\u00bb body_font_size=\u00bb16px\u00bb icon_font_size=\u00bb25px\u00bb disabled=\u00bbon\u00bb global_colors_info=\u00bb{}\u00bb]<\/p>\n<p>Estanque Monasterio de San Lorenzo de El Escorial<\/p>\n<p>[\/et_pb_blurb][et_pb_blurb use_icon=\u00bbon\u00bb font_icon=\u00bb&#xe08a;||divi||400&#8243; icon_color=\u00bb#B7321A\u00bb icon_placement=\u00bbleft\u00bb image_icon_width=\u00bb25px\u00bb admin_label=\u00bbCoordinador\u00bb _builder_version=\u00bb4.27.2&#8243; _module_preset=\u00bbdefault\u00bb icon_font_size=\u00bb25px\u00bb global_colors_info=\u00bb{}\u00bb]<\/p>\n<h2><span style=\"color: #993300;\">Coordinado por:\u00a0 David G\u00f3mez<\/span><\/h2>\n<p>[\/et_pb_blurb][\/et_pb_column][\/et_pb_row][et_pb_row _builder_version=\u00bb4.16&#8243; background_color=\u00bbrgba(0,0,0,0)\u00bb background_size=\u00bbinitial\u00bb background_position=\u00bbtop_left\u00bb background_repeat=\u00bbrepeat\u00bb global_colors_info=\u00bb{}\u00bb][et_pb_column type=\u00bb4_4&#8243; _builder_version=\u00bb4.16&#8243; custom_padding=\u00bb|||\u00bb global_colors_info=\u00bb{}\u00bb custom_padding__hover=\u00bb|||\u00bb][et_pb_text admin_label=\u00bbDescripci\u00f3n de la ruta\u00bb _builder_version=\u00bb4.27.4&#8243; text_font_size=\u00bb16px\u00bb background_size=\u00bbinitial\u00bb background_position=\u00bbtop_left\u00bb background_repeat=\u00bbrepeat\u00bb global_colors_info=\u00bb{}\u00bb]<\/p>\n<p>Denominaci\u00f3n: <strong>Arca del Helechal desde Los Llanillos<\/strong><\/p>\n<p><strong>Indicaciones.<\/strong><\/p>\n<p>Ruta circular.<\/p>\n<p>Dificultad moderada.<\/p>\n<p>Recorrido 10 Km. aprox.<\/p>\n<p>Duraci\u00f3n \u23f1\ufe0funas 3 horas aprox. (dependiendo del ritmo).<\/p>\n<p>Desnivel + y &#8211; 260 mts.<\/p>\n<p>Terreno mixto de pista forestal, asfalto y sendas.<\/p>\n<p>Hora 10,00 \ud83d\udd59 de la ma\u00f1ana.<\/p>\n<p>Punto de encuentro (cruce Google Maps)<\/p>\n<p>24 horas antes pondr\u00e9 encuesta asistencia<\/p>\n<p><strong>Log\u00edstica:<\/strong><\/p>\n<ul>\n<li>Reuni\u00f3n:<\/li>\n<li>Hora de Reuni\u00f3n: 10:00 AM.<\/li>\n<li>Longitud del recorrido: Cerca de <span style=\"color: #ff0000;\">x km<\/span> aproximadamente.<\/li>\n<li>Desnivel: Acumulado de unos <span style=\"color: #ff0000;\">yy0 mts<\/span>. positivos<\/li>\n<li>Tipo de terreno: Sendas de tierra.<\/li>\n<li>Duraci\u00f3n estimada del trayecto: Dependiendo del ritmo, entre 3:00 y 3:30 horas.<\/li>\n<li>Dificultad: Sin dificultad t\u00e9cnica. Apta para casi todas personas si son caminantes habituales. Tipo de ruta lineal.<\/li>\n<li>Ropa: C\u00f3moda, adecuada a la climatolog\u00eda y en capas, mucho mejor.<\/li>\n<li>Calzado: El propio para el tipo de terreno<\/li>\n<li>Bastones: Siempre es bueno llevarlos como ayuda para mantener el equilibrio.<\/li>\n<li>Recomendaciones: Ropa en funci\u00f3n de la climatolog\u00eda y llevar agua suficiente.<\/li>\n<\/ul>\n<p>[\/et_pb_text][et_pb_text admin_label=\u00bbDisclaimer\u00bb _builder_version=\u00bb4.18.0&#8243; text_font_size=\u00bb16px\u00bb background_size=\u00bbinitial\u00bb background_position=\u00bbtop_left\u00bb background_repeat=\u00bbrepeat\u00bb border_radii=\u00bbon|11px|11px|11px|11px\u00bb border_width_all=\u00bb2px\u00bb global_colors_info=\u00bb{}\u00bb]<\/p>\n<p><strong>NOTAS IMPORTANTES:<\/strong><\/p>\n<ul>\n<li>En nuestras actividades <strong>no se permite la presencia de mascotas<\/strong>.<\/li>\n<li><strong>Las Actividades del foro de Entorno y Naturaleza, <u>NO ESTAN GESTIONADAS POR GUIAS.<\/u><\/strong><\/li>\n<li><strong>Quienes participan en la actividad lo hacen por voluntad propia<\/strong> y en su buena ventura.<\/li>\n<li>Mientras la actividad est\u00e9 activa, los y las participantes <strong>observar\u00e1n las indicaciones y recomendaciones<\/strong> dictadas por las personas que coordinen la misma.<\/li>\n<li>Tanto el Ateneo Escurialense como quienes coordinan la actividad propuesta, <strong>han tomado todas las precauciones para que esta se desarrolle sin incidencias<\/strong>. La observaci\u00f3n de las recomendaciones previas y las indicaciones que se den durante la actividad est\u00e1n <strong>encaminadas a procurar el bienestar y la seguridad de las personas que participan<\/strong> en la misma.<\/li>\n<li>Ni el Ateneo Escurialense, ni quienes coordinan la actividad, <strong>asumir\u00e1n responsabilidad alguna ante incidentes provocados por quienes no observen las recomendaciones e indicaciones publicadas<\/strong> y las sugeridas por quienes coordinen la actividad.<\/li>\n<li>Las personas participantes en la actividad <strong>manifiestan estar informados en qu\u00e9 consiste la actividad propuesta<\/strong>, el recorrido, la distancia a recorrer, las dificultades sobre el terreno, la climatolog\u00eda prevista, los tiempos estimados para completarla, riesgos existentes, etc.<\/li>\n<li>Por el hecho de participar en la actividad propuesta, el o la participante, manifiesta que <strong>no tienen ning\u00fan impedimento, ni f\u00edsico ni ps\u00edquico<\/strong>, para la plena y satisfactoria realizaci\u00f3n de la misma.<\/li>\n<li>As\u00ed mismo, ni el Ateneo Escurialense ni quienes coordinan la actividad, asumir\u00e1n responsabilidad alguna ante <strong>quienes oculten enfermedades, tengan impedimentos u oculten dolencias<\/strong> para participar en la realizaci\u00f3n de la actividad propuesta.<\/li>\n<li><strong>Las personas que se presenten<\/strong> para realizar la actividad <strong>con calzado y\/o vestimenta que se considere inadecuada<\/strong> por las personas que la coordinen y que adem\u00e1s quienes la coordines, comuniquen a estas personas que es desaconsejado participar en tales circunstancias, si estas personas persistan en la idea de continuar con la realizaci\u00f3n de la actividad, <strong>ser\u00e1n ellas las que asumen toda la responsabilidad de lo que pueda sucederles<\/strong>.<\/li>\n<li><strong>Cada persona que participe en la actividad tiene la responsabilidad de prestar atenci\u00f3n a su cuidado personal<\/strong>. Sobre el participante recae toda responsabilidad ante incidencias causadas por el descuido en hidratarse, alimentarse, usar protecci\u00f3n solar, protegerse contra el fr\u00edo, el calor, las picaduras de insectos, etc.<\/li>\n<li>Durante la actividad, <strong>se tomar\u00e1n fotograf\u00edas<\/strong> con el prop\u00f3sito de documentarla y de su posterior publicidad por parte del foro y del Ateneo. Quienes no deseen que se muestre su imagen, deben comunicarlo por escrito al email: <strong><span style=\"color: #3366ff;\">ateneoescurialense@gmail.com<\/span><\/strong><\/li>\n<\/ul>\n<p>[\/et_pb_text][et_pb_text _builder_version=\u00bb4.27.4&#8243; _module_preset=\u00bbdefault\u00bb text_font_size=\u00bb16px\u00bb global_colors_info=\u00bb{}\u00bb]<\/p>\n<p>Grupo numeroso y muchas cara nuevas \ud83d\ude09. Arrancamos 19 participantes (20 con Miguel Angel que se uni\u00f3 despu\u00e9s) Temperatura \ud83c\udf21 media de 10\u00b0 y un precioso sol \ud83c\udf1e. Fant\u00e1stica ma\u00f1ana en la que deleitarnos con un magn\u00edfico paisaje y mejor compa\u00f1\u00eda. Fuente de la bola &#8211; Arroyo del Romeral &#8211; Senda Tesoros de Abantos &#8211; Arboreto Luis Ceballos &#8211; Los Llanillos &#8211; Arca del Helechal. Este \u00faltimo era la excusa del d\u00eda de hoy, os dejar\u00e9 alguna rese\u00f1a para el que le interese. Gracias a todos por compartir y os esperamos en la pr\u00f3xima \ud83d\ude03.<\/p>\n<p>&nbsp;<\/p>\n<p>[\/et_pb_text][\/et_pb_column][\/et_pb_row][et_pb_row column_structure=\u00bb1_2,1_2&#8243; _builder_version=\u00bb4.27.4&#8243; _module_preset=\u00bbdefault\u00bb global_colors_info=\u00bb{}\u00bb][et_pb_column type=\u00bb1_2&#8243; _builder_version=\u00bb4.27.4&#8243; _module_preset=\u00bbdefault\u00bb global_colors_info=\u00bb{}\u00bb][et_pb_image src=\u00bbhttps:\/\/drive.google.com\/thumbnail?sz=w1000&#038;id=1qVq6lB_2KPDMg-HF0REMPaDnRDlqOveG\u00bb _builder_version=\u00bb4.27.4&#8243; _module_preset=\u00bbdefault\u00bb global_colors_info=\u00bb{}\u00bb][\/et_pb_image][et_pb_image src=\u00bbhttps:\/\/drive.google.com\/thumbnail?sz=w1000&#038;id=12n7fKNU2Eunuj0RPTgbaDqhUE2JwUREi\u00bb _builder_version=\u00bb4.27.4&#8243; _module_preset=\u00bbdefault\u00bb global_colors_info=\u00bb{}\u00bb][\/et_pb_image][et_pb_image src=\u00bbhttps:\/\/drive.google.com\/thumbnail?sz=w1000&#038;id=1oM-35ht4KDbrLAJMAP_qq1ZvytXbhr7w\u00bb _builder_version=\u00bb4.27.4&#8243; _module_preset=\u00bbdefault\u00bb global_colors_info=\u00bb{}\u00bb][\/et_pb_image][et_pb_image src=\u00bbhttps:\/\/drive.google.com\/thumbnail?sz=w1000&#038;id=1CUKH7pNOnUKJ16ObtyAG6fgEUtRMuxHv\u00bb _builder_version=\u00bb4.27.4&#8243; _module_preset=\u00bbdefault\u00bb global_colors_info=\u00bb{}\u00bb][\/et_pb_image][et_pb_image src=\u00bbhttps:\/\/drive.google.com\/thumbnail?sz=w1000&#038;id=1OoZSlW-ad7bQ8N9T45iJyqgaq9-UhK9q\u00bb _builder_version=\u00bb4.27.4&#8243; _module_preset=\u00bbdefault\u00bb global_colors_info=\u00bb{}\u00bb][\/et_pb_image][et_pb_image src=\u00bbhttps:\/\/drive.google.com\/thumbnail?sz=w1000&#038;id=1dt1-qWk_RAIUf-UeYHjHaMsIPnWO1dEA\u00bb _builder_version=\u00bb4.27.4&#8243; _module_preset=\u00bbdefault\u00bb global_colors_info=\u00bb{}\u00bb][\/et_pb_image][et_pb_image src=\u00bbhttps:\/\/drive.google.com\/thumbnail?sz=w1000&#038;id=1azU4FeTIzjK6hD9ttvFWcnbB3qbCzNB-\u00bb _builder_version=\u00bb4.27.4&#8243; _module_preset=\u00bbdefault\u00bb global_colors_info=\u00bb{}\u00bb][\/et_pb_image][\/et_pb_column][et_pb_column type=\u00bb1_2&#8243; _builder_version=\u00bb4.27.4&#8243; _module_preset=\u00bbdefault\u00bb global_colors_info=\u00bb{}\u00bb][et_pb_image src=\u00bbhttps:\/\/drive.google.com\/thumbnail?sz=w1000&#038;id=1CTWGbYK0KQN98KzLx4b0nH6KbdvY1PxY\u00bb _builder_version=\u00bb4.27.4&#8243; _module_preset=\u00bbdefault\u00bb global_colors_info=\u00bb{}\u00bb][\/et_pb_image][et_pb_image src=\u00bbhttps:\/\/drive.google.com\/thumbnail?sz=w1000&#038;id=1TPFt5b9OblHQsEYYFwj1pJ4WMypdozuq\u00bb _builder_version=\u00bb4.27.4&#8243; _module_preset=\u00bbdefault\u00bb global_colors_info=\u00bb{}\u00bb][\/et_pb_image][et_pb_image src=\u00bbhttps:\/\/drive.google.com\/thumbnail?sz=w1000&#038;id=1FvNIqxJvazTAO27txtkuMQrUvs02czz4&#8243; _builder_version=\u00bb4.27.4&#8243; _module_preset=\u00bbdefault\u00bb global_colors_info=\u00bb{}\u00bb][\/et_pb_image][et_pb_image src=\u00bbhttps:\/\/drive.google.com\/thumbnail?sz=w1000&#038;id=1_fz7JYfkARR5HIm1I9iGbVoA8gRXcNl-\u00bb _builder_version=\u00bb4.27.4&#8243; _module_preset=\u00bbdefault\u00bb global_colors_info=\u00bb{}\u00bb][\/et_pb_image][et_pb_image src=\u00bbhttps:\/\/drive.google.com\/thumbnail?sz=w1000&#038;id=1WQpcbC1TjEg0i2H2oWOULshgZ6EIdcPw\u00bb _builder_version=\u00bb4.27.4&#8243; _module_preset=\u00bbdefault\u00bb global_colors_info=\u00bb{}\u00bb][\/et_pb_image][et_pb_image src=\u00bbhttps:\/\/drive.google.com\/thumbnail?sz=w1000&#038;id=1CnasscDSGmvSEH&#8211;15cWiQ0WI9dZHcWw\u00bb _builder_version=\u00bb4.27.4&#8243; _module_preset=\u00bbdefault\u00bb global_colors_info=\u00bb{}\u00bb][\/et_pb_image][et_pb_image src=\u00bbhttps:\/\/drive.google.com\/thumbnail?sz=w1000&#038;id=1eE7VprEczcU9nDZ-heuzwZbTl2nO6zGX\u00bb _builder_version=\u00bb4.27.4&#8243; _module_preset=\u00bbdefault\u00bb global_colors_info=\u00bb{}\u00bb][\/et_pb_image][\/et_pb_column][\/et_pb_row][et_pb_row column_structure=\u00bb2_3,1_3&#8243; _builder_version=\u00bb4.16&#8243; background_color=\u00bbrgba(0,0,0,0)\u00bb background_size=\u00bbinitial\u00bb background_position=\u00bbtop_left\u00bb background_repeat=\u00bbrepeat\u00bb global_colors_info=\u00bb{}\u00bb][et_pb_column type=\u00bb2_3&#8243; _builder_version=\u00bb4.16&#8243; custom_padding=\u00bb|||\u00bb global_colors_info=\u00bb{}\u00bb custom_padding__hover=\u00bb|||\u00bb][et_pb_image src=\u00bbhttps:\/\/maps.app.goo.gl\/hmwcYvqZWQEDm8i28?g_st=aw\u00bb title_text=\u00bbInnovacion2&#8243; url=\u00bbhttps:\/\/drive.google.com\/thumbnail?sz=w1000&#038;id=1A2hC4MxKKE29Zmj4ZgbwPKjIizKFOuI9&#8243; align=\u00bbcenter\u00bb disabled_on=\u00bbon|on|on\u00bb admin_label=\u00bbMapa\u00bb _builder_version=\u00bb4.27.4&#8243; disabled=\u00bbon\u00bb global_colors_info=\u00bb{}\u00bb][\/et_pb_image][\/et_pb_column][et_pb_column type=\u00bb1_3&#8243; _builder_version=\u00bb4.16&#8243; custom_padding=\u00bb|||\u00bb global_colors_info=\u00bb{}\u00bb custom_padding__hover=\u00bb|||\u00bb][\/et_pb_column][\/et_pb_row][\/et_pb_section]<\/p>\n","protected":false},"excerpt":{"rendered":"<p>Arca del Helechal desde Los LlanillosDomingo 23 de febrero 2025 a las 10:00hParking del Supercor de San Lorenzo de El EscorialEsquina cartel Restaurante HorizontalParking EuroforumEstanque Monasterio de San Lorenzo de El EscorialCoordinado por:\u00a0 David G\u00f3mezDenominaci\u00f3n: Arca del Helechal desde Los Llanillos Indicaciones. Ruta circular. Dificultad moderada. Recorrido 10 Km. aprox. Duraci\u00f3n \u23f1\ufe0funas 3 horas aprox. [&hellip;]<\/p>\n","protected":false},"author":3,"featured_media":0,"parent":0,"menu_order":0,"comment_status":"closed","ping_status":"closed","template":"","meta":{"_et_pb_use_builder":"on","_et_pb_old_content":"","_et_gb_content_width":"","footnotes":""},"class_list":["post-791","page","type-page","status-publish","hentry"],"_links":{"self":[{"href":"https:\/\/ateneoescurialense.org\/entornoynaturaleza\/wp-json\/wp\/v2\/pages\/791","targetHints":{"allow":["GET"]}}],"collection":[{"href":"https:\/\/ateneoescurialense.org\/entornoynaturaleza\/wp-json\/wp\/v2\/pages"}],"about":[{"href":"https:\/\/ateneoescurialense.org\/entornoynaturaleza\/wp-json\/wp\/v2\/types\/page"}],"author":[{"embeddable":true,"href":"https:\/\/ateneoescurialense.org\/entornoynaturaleza\/wp-json\/wp\/v2\/users\/3"}],"replies":[{"embeddable":true,"href":"https:\/\/ateneoescurialense.org\/entornoynaturaleza\/wp-json\/wp\/v2\/comments?post=791"}],"version-history":[{"count":9,"href":"https:\/\/ateneoescurialense.org\/entornoynaturaleza\/wp-json\/wp\/v2\/pages\/791\/revisions"}],"predecessor-version":[{"id":821,"href":"https:\/\/ateneoescurialense.org\/entornoynaturaleza\/wp-json\/wp\/v2\/pages\/791\/revisions\/821"}],"wp:attachment":[{"href":"https:\/\/ateneoescurialense.org\/entornoynaturaleza\/wp-json\/wp\/v2\/media?parent=791"}],"curies":[{"name":"wp","href":"https:\/\/api.w.org\/{rel}","templated":true}]}}