{"id":228,"date":"2022-11-15T21:56:06","date_gmt":"2022-11-15T21:56:06","guid":{"rendered":"https:\/\/ateneoescurialense.org\/entornoynaturaleza\/?page_id=228"},"modified":"2024-01-02T16:01:52","modified_gmt":"2024-01-02T16:01:52","slug":"circular-por-la-calzada-romana-y-ermitanos-de-arriba","status":"publish","type":"page","link":"https:\/\/ateneoescurialense.org\/entornoynaturaleza\/circular-por-la-calzada-romana-y-ermitanos-de-arriba\/","title":{"rendered":"Circular por la Calzada Romana y Ermita\u00f1os de Arriba"},"content":{"rendered":"<p>[et_pb_section fb_built=\u00bb1&#8243; _builder_version=\u00bb4.16&#8243; background_color=\u00bb#e2e8ce\u00bb use_background_color_gradient=\u00bbon\u00bb background_color_gradient_stops=\u00bb#688987 0%|#35ffff 100%\u00bb background_color_gradient_start=\u00bb#688987&#8243; background_color_gradient_end=\u00bb#35ffff\u00bb global_colors_info=\u00bb{}\u00bb][et_pb_row _builder_version=\u00bb4.16&#8243; global_colors_info=\u00bb{}\u00bb][et_pb_column type=\u00bb4_4&#8243; _builder_version=\u00bb4.16&#8243; global_colors_info=\u00bb{}\u00bb][et_pb_text admin_label=\u00bbT\u00edtulo de la ruta\u00bb _builder_version=\u00bb4.19.0&#8243; border_color_all=\u00bbrgba(0,0,0,0)\u00bb global_colors_info=\u00bb{}\u00bb]<\/p>\n<h1><span style=\"color: #800000;\"><strong>Circular por la Calzada Romana y Ermita\u00f1os de Arriba<\/strong><\/span><\/h1>\n<p>[\/et_pb_text][et_pb_blurb use_icon=\u00bbon\u00bb font_icon=\u00bb&#x3b;||divi||400&#8243; icon_color=\u00bb#B7321A\u00bb icon_placement=\u00bbleft\u00bb image_icon_width=\u00bb25px\u00bb admin_label=\u00bbFecha\/hora\u00bb _builder_version=\u00bb4.19.0&#8243; _module_preset=\u00bbdefault\u00bb body_font_size=\u00bb16px\u00bb icon_font_size=\u00bb25px\u00bb global_colors_info=\u00bb{}\u00bb]<\/p>\n<p><span style=\"color: #800000;\">Domingo 27 de noviembre a las 9:30h<\/span><\/p>\n<p>[\/et_pb_blurb][et_pb_blurb use_icon=\u00bbon\u00bb font_icon=\u00bb&#xe081;||divi||400&#8243; icon_color=\u00bb#B7321A\u00bb icon_placement=\u00bbleft\u00bb image_icon_width=\u00bb25px\u00bb disabled_on=\u00bbon|on|on\u00bb admin_label=\u00bbParking del Supercor\u00bb _builder_version=\u00bb4.19.0&#8243; _module_preset=\u00bbdefault\u00bb body_font_size=\u00bb16px\u00bb icon_font_size=\u00bb25px\u00bb disabled=\u00bbon\u00bb global_colors_info=\u00bb{}\u00bb]<\/p>\n<p>Parking del Supercor de San Lorenzo de El Escorial<\/p>\n<p>[\/et_pb_blurb][et_pb_blurb use_icon=\u00bbon\u00bb font_icon=\u00bb&#xe081;||divi||400&#8243; icon_color=\u00bb#B7321A\u00bb icon_placement=\u00bbleft\u00bb image_icon_width=\u00bb25px\u00bb admin_label=\u00bbEstanque Monasterio\u00bb _builder_version=\u00bb4.19.0&#8243; _module_preset=\u00bbdefault\u00bb body_font_size=\u00bb16px\u00bb icon_font_size=\u00bb25px\u00bb global_colors_info=\u00bb{}\u00bb]<\/p>\n<p>Estanque Monasterio de San Lorenzo de El Escorial<\/p>\n<p>[\/et_pb_blurb][et_pb_blurb use_icon=\u00bbon\u00bb font_icon=\u00bb&#xe08a;||divi||400&#8243; icon_color=\u00bb#B7321A\u00bb icon_placement=\u00bbleft\u00bb image_icon_width=\u00bb25px\u00bb admin_label=\u00bbCoordinador\u00bb _builder_version=\u00bb4.19.0&#8243; _module_preset=\u00bbdefault\u00bb icon_font_size=\u00bb25px\u00bb global_colors_info=\u00bb{}\u00bb]<\/p>\n<h2><span style=\"color: #993300;\">Coordinado por:\u00a0 David G\u00f3mez<\/span><\/h2>\n<p>[\/et_pb_blurb][\/et_pb_column][\/et_pb_row][et_pb_row _builder_version=\u00bb4.16&#8243; background_color=\u00bbrgba(0,0,0,0)\u00bb background_size=\u00bbinitial\u00bb background_position=\u00bbtop_left\u00bb background_repeat=\u00bbrepeat\u00bb global_colors_info=\u00bb{}\u00bb][et_pb_column type=\u00bb4_4&#8243; _builder_version=\u00bb4.16&#8243; custom_padding=\u00bb|||\u00bb global_colors_info=\u00bb{}\u00bb custom_padding__hover=\u00bb|||\u00bb][et_pb_text admin_label=\u00bbDescripci\u00f3n de la ruta\u00bb _builder_version=\u00bb4.19.0&#8243; text_font_size=\u00bb16px\u00bb background_size=\u00bbinitial\u00bb background_position=\u00bbtop_left\u00bb background_repeat=\u00bbrepeat\u00bb global_colors_info=\u00bb{}\u00bb]<\/p>\n<p>Denominaci\u00f3n: <strong>Circular por la Calzada Romana y Ermita\u00f1os de Arriba<\/strong><\/p>\n<p><strong>Indicaciones.<\/strong><\/p>\n<p>Nos reuniremos a las 09:30 AM en el estanque del monasterio de San Lorenzo de El Escorial, desde d\u00f3nde nos iniciaremos el recorrido encamin\u00e1ndonos hacia la <em>Cuesta de los Pastores<\/em>. Cruzaremos la carretera de \u00c1vila y nos encaminaremos hacia el camino del <em>Chicharr\u00f3n, <\/em>para continuar despu\u00e9s por la denominada \u201ccalzada romana de Zarzalejo\u201d y regresar atravesando por la finca de los <em>Ermita\u00f1os de Arriba<\/em>.<\/p>\n<p>El trayecto propuesto, circular, es de unos 14 km de longitud, presenta un desnivel acumulado de 340 metros. Debido al desnivel y la distancia a recorrer, el recorrido es aconsejable a personas habituadas a caminar.<\/p>\n<p>La calzada romana, cuenta con algunos tramos muy bien conservados, aunque en su mayor parte, ha derivado en un camino rural que une las localidades de Zarzalejo y El Escorial.<\/p>\n<p>No est\u00e1 clara la autenticidad de la denominada calzada romana de Zarzalejo. La propia web del ayuntamiento de Zarzalejo, apunta a que \u201cLo m\u00e1s probable es que fuera una v\u00eda secundaria, un aliviadero o un atajo que conflu\u00eda con la Calzada de Cercedilla (correspondiente al tramo Titulcia-Miacum-Segovia), aunque todav\u00eda no se ha podido establecer un trazado convincente que relacione los tramos conservados en Santa Mar\u00eda de la Alameda, El Escorial, Zarzalejo, Galapagar, Torrej\u00f3n de Velasco, Esquivias y Aranjuez\u201d sic.<\/p>\n<p>Este recorrido transcurre por un rico entorno vegetal (robledales, casta\u00f1ares, enebrales, piornales, etc.) y faun\u00edstico (zorros, jabal\u00edes, reptiles varios, y aves rapaces), contando adem\u00e1s con elementos de valor hist\u00f3rico y una gran diversidad paisaj\u00edstica.<\/p>\n<p><strong>Log\u00edstica:<\/strong><\/p>\n<ul>\n<li>Reuni\u00f3n: En el estanque del Monasterio de San Lorenzo de El Escorial.<\/li>\n<li>Hora de Reuni\u00f3n: 09:30 AM.<\/li>\n<li>Longitud del recorrido: Sobre 14 km aproximadamente.<\/li>\n<li>Desnivel: Acumulado de unos 340 mts.<\/li>\n<li>Tipo de terreno: Senda.<\/li>\n<li>Duraci\u00f3n estimada: Dependiendo del ritmo, unas 4 horas.<\/li>\n<li>Dificultad: El recorrido es aconsejable a personas acostumbradas a caminar de forma habitual.<\/li>\n<li>Meteorolog\u00eda: Ver informe adjunto<\/li>\n<li>Ropa: C\u00f3moda, en capas, adecuada al clima, temperatura y terreno. Un chubasquero es muy importante llevarlo en la mochila, adem\u00e1s de proteger contra la lluvia, sirve como cortavientos.<\/li>\n<li>Calzado: Botas t\u00e9cnicas con buena suela para agarre en el tipo de terreno mencionado.<\/li>\n<li>Bastones: Recomendables para apoyo y mantener el equilibrio.<\/li>\n<li>Recomendaciones: Llevar ropa de abrigo y agua suficiente adem\u00e1s de un tente en pie.<\/li>\n<\/ul>\n<p>[\/et_pb_text][et_pb_text admin_label=\u00bbDisclaimer\u00bb _builder_version=\u00bb4.18.0&#8243; text_font_size=\u00bb16px\u00bb background_size=\u00bbinitial\u00bb background_position=\u00bbtop_left\u00bb background_repeat=\u00bbrepeat\u00bb border_radii=\u00bbon|11px|11px|11px|11px\u00bb border_width_all=\u00bb2px\u00bb global_colors_info=\u00bb{}\u00bb]<\/p>\n<p><strong>NOTAS IMPORTANTES:<\/strong><\/p>\n<ul>\n<li>En nuestras actividades <strong>no se permite la presencia de mascotas<\/strong>.<\/li>\n<li><strong>Las Actividades del foro de Entorno y Naturaleza, <u>NO ESTAN GESTIONADAS POR GUIAS.<\/u><\/strong><\/li>\n<li><strong>Quienes participan en la actividad lo hacen por voluntad propia<\/strong> y en su buena ventura.<\/li>\n<li>Mientras la actividad est\u00e9 activa, los y las participantes <strong>observar\u00e1n las indicaciones y recomendaciones<\/strong> dictadas por las personas que coordinen la misma.<\/li>\n<li>Tanto el Ateneo Escurialense como quienes coordinan la actividad propuesta, <strong>han tomado todas las precauciones para que esta se desarrolle sin incidencias<\/strong>. La observaci\u00f3n de las recomendaciones previas y las indicaciones que se den durante la actividad est\u00e1n <strong>encaminadas a procurar el bienestar y la seguridad de las personas que participan<\/strong> en la misma.<\/li>\n<li>Ni el Ateneo Escurialense, ni quienes coordinan la actividad, <strong>asumir\u00e1n responsabilidad alguna ante incidentes provocados por quienes no observen las recomendaciones e indicaciones publicadas<\/strong> y las sugeridas por quienes coordinen la actividad.<\/li>\n<li>Las personas participantes en la actividad <strong>manifiestan estar informados en qu\u00e9 consiste la actividad propuesta<\/strong>, el recorrido, la distancia a recorrer, las dificultades sobre el terreno, la climatolog\u00eda prevista, los tiempos estimados para completarla, riesgos existentes, etc.<\/li>\n<li>Por el hecho de participar en la actividad propuesta, el o la participante, manifiesta que <strong>no tienen ning\u00fan impedimento, ni f\u00edsico ni ps\u00edquico<\/strong>, para la plena y satisfactoria realizaci\u00f3n de la misma.<\/li>\n<li>As\u00ed mismo, ni el Ateneo Escurialense ni quienes coordinan la actividad, asumir\u00e1n responsabilidad alguna ante <strong>quienes oculten enfermedades, tengan impedimentos u oculten dolencias<\/strong> para participar en la realizaci\u00f3n de la actividad propuesta.<\/li>\n<li><strong>Las personas que se presenten<\/strong> para realizar la actividad <strong>con calzado y\/o vestimenta que se considere inadecuada<\/strong> por las personas que la coordinen y que adem\u00e1s quienes la coordines, comuniquen a estas personas que es desaconsejado participar en tales circunstancias, si estas personas persistan en la idea de continuar con la realizaci\u00f3n de la actividad, <strong>ser\u00e1n ellas las que asumen toda la responsabilidad de lo que pueda sucederles<\/strong>.<\/li>\n<li><strong>Cada persona que participe en la actividad tiene la responsabilidad de prestar atenci\u00f3n a su cuidado personal<\/strong>. Sobre el participante recae toda responsabilidad ante incidencias causadas por el descuido en hidratarse, alimentarse, usar protecci\u00f3n solar, protegerse contra el fr\u00edo, el calor, las picaduras de insectos, etc.<\/li>\n<li>Durante la actividad, <strong>se tomar\u00e1n fotograf\u00edas<\/strong> con el prop\u00f3sito de documentarla y de su posterior publicidad por parte del foro y del Ateneo. Quienes no deseen que se muestre su imagen, deben comunicarlo por escrito al email: <strong><span style=\"color: #3366ff;\">ateneoescurialense@gmail.com<\/span><\/strong><\/li>\n<\/ul>\n<p>[\/et_pb_text][\/et_pb_column][\/et_pb_row][et_pb_row column_structure=\u00bb2_3,1_3&#8243; _builder_version=\u00bb4.16&#8243; background_color=\u00bbrgba(0,0,0,0)\u00bb background_size=\u00bbinitial\u00bb background_position=\u00bbtop_left\u00bb background_repeat=\u00bbrepeat\u00bb global_colors_info=\u00bb{}\u00bb][et_pb_column type=\u00bb2_3&#8243; _builder_version=\u00bb4.16&#8243; custom_padding=\u00bb|||\u00bb global_colors_info=\u00bb{}\u00bb custom_padding__hover=\u00bb|||\u00bb][et_pb_image src=\u00bbhttps:\/\/drive.google.com\/thumbnail?sz=w1000&#038;id=1MLNjs-F1p9WxMz5-UPc71e9zOR_woVRE\u00bb title_text=\u00bbInnovacion2&#8243; url=\u00bbhttps:\/\/drive.google.com\/thumbnail?sz=w1000&#038;id=1MLNjs-F1p9WxMz5-UPc71e9zOR_woVRE\u00bb align=\u00bbcenter\u00bb admin_label=\u00bbMapa\u00bb _builder_version=\u00bb4.23.4&#8243; hover_enabled=\u00bb0&#8243; global_colors_info=\u00bb{}\u00bb sticky_enabled=\u00bb0&#8243;][\/et_pb_image][et_pb_text _builder_version=\u00bb4.19.0&#8243; _module_preset=\u00bbdefault\u00bb global_colors_info=\u00bb{}\u00bb][\/et_pb_text][\/et_pb_column][et_pb_column type=\u00bb1_3&#8243; _builder_version=\u00bb4.16&#8243; custom_padding=\u00bb|||\u00bb global_colors_info=\u00bb{}\u00bb custom_padding__hover=\u00bb|||\u00bb][et_pb_image title_text=\u00bbInnovacion2&#8243; align=\u00bbcenter\u00bb disabled_on=\u00bboff|off|off\u00bb admin_label=\u00bbPrevisi\u00f3n del tiempo\u00bb _builder_version=\u00bb4.19.0&#8243; global_colors_info=\u00bb{}\u00bb][\/et_pb_image][et_pb_text _builder_version=\u00bb4.19.1&#8243; _module_preset=\u00bbdefault\u00bb text_font_size=\u00bb16px\u00bb global_colors_info=\u00bb{}\u00bb]<\/p>\n<p>Ruta 8 Temporada 2022-23. Domingo 27 de noviembre. Ruta circular por la Calzada Romana y Ermita\u00f1os de Arriba. 15 participantes. 14 Km. Aprox. 10\u00b0 Temperatura media. Y los Dioses del Olimpo volvieron a estar con nosotros arranc\u00e1ndole al oto\u00f1o otro d\u00eda maravilloso. Estanque del Monasterio &#8211; Cuesta de los Pastores &#8211; Camino del Chicharr\u00f3n &#8211; Calzada Romana &#8211; Finca de los Ermita\u00f1os de Arriba &#8211; Herrer\u00eda\u00a0 &#8211; Estanque del Monasterio. Y en ausencia de nuestra Mar\u00eda Jes\u00fas y en su honor, una peque\u00f1a lectura acerca de la historia de la imagen de la Virgen de Gracia. Ahora debo confesaros que a la altura de la silla de Felipe II perdimos a Marcos, un poco m\u00e1s tarde a Gonzalo, un poco m\u00e1s tarde a Luciana y a Juanjo. O sea, he ido perdiendo miembros \ud83e\udd2d (enti\u00e9ndase la expresi\u00f3n) hasta el final de la ruta de lo cual me responsabilizo totalmente teniendo que presentar mi dimisi\u00f3n. Gracias por compartir.<\/p>\n<p>[\/et_pb_text][\/et_pb_column][\/et_pb_row][\/et_pb_section]<\/p>\n","protected":false},"excerpt":{"rendered":"<p>Circular por la Calzada Romana y Ermita\u00f1os de ArribaDomingo 27 de noviembre a las 9:30hParking del Supercor de San Lorenzo de El EscorialEstanque Monasterio de San Lorenzo de El EscorialCoordinado por:\u00a0 David G\u00f3mezDenominaci\u00f3n: Circular por la Calzada Romana y Ermita\u00f1os de Arriba Indicaciones. Nos reuniremos a las 09:30 AM en el estanque del monasterio de [&hellip;]<\/p>\n","protected":false},"author":3,"featured_media":0,"parent":0,"menu_order":0,"comment_status":"closed","ping_status":"closed","template":"","meta":{"_et_pb_use_builder":"on","_et_pb_old_content":"","_et_gb_content_width":"","footnotes":""},"class_list":["post-228","page","type-page","status-publish","hentry"],"_links":{"self":[{"href":"https:\/\/ateneoescurialense.org\/entornoynaturaleza\/wp-json\/wp\/v2\/pages\/228","targetHints":{"allow":["GET"]}}],"collection":[{"href":"https:\/\/ateneoescurialense.org\/entornoynaturaleza\/wp-json\/wp\/v2\/pages"}],"about":[{"href":"https:\/\/ateneoescurialense.org\/entornoynaturaleza\/wp-json\/wp\/v2\/types\/page"}],"author":[{"embeddable":true,"href":"https:\/\/ateneoescurialense.org\/entornoynaturaleza\/wp-json\/wp\/v2\/users\/3"}],"replies":[{"embeddable":true,"href":"https:\/\/ateneoescurialense.org\/entornoynaturaleza\/wp-json\/wp\/v2\/comments?post=228"}],"version-history":[{"count":10,"href":"https:\/\/ateneoescurialense.org\/entornoynaturaleza\/wp-json\/wp\/v2\/pages\/228\/revisions"}],"predecessor-version":[{"id":562,"href":"https:\/\/ateneoescurialense.org\/entornoynaturaleza\/wp-json\/wp\/v2\/pages\/228\/revisions\/562"}],"wp:attachment":[{"href":"https:\/\/ateneoescurialense.org\/entornoynaturaleza\/wp-json\/wp\/v2\/media?parent=228"}],"curies":[{"name":"wp","href":"https:\/\/api.w.org\/{rel}","templated":true}]}}