{"id":80,"date":"2020-07-10T13:07:48","date_gmt":"2020-07-10T11:07:48","guid":{"rendered":"https:\/\/ateneoescurialense.org\/calidadvida\/?page_id=80"},"modified":"2020-12-11T07:23:02","modified_gmt":"2020-12-11T06:23:02","slug":"introduccion-al-mundo-de-la-innovacion-y-el-emprendimiento","status":"publish","type":"page","link":"https:\/\/ateneoescurialense.org\/calidadvida\/introduccion-al-mundo-de-la-innovacion-y-el-emprendimiento\/","title":{"rendered":"La Psicoterapia corporal Bioenerg\u00e9tica"},"content":{"rendered":"<p>[et_pb_section fb_built=\u00bb1&#8243; _builder_version=\u00bb4.4.9&#8243; background_color=\u00bb#e2e8ce\u00bb use_background_color_gradient=\u00bbon\u00bb background_color_gradient_start=\u00bb#1b897b\u00bb background_color_gradient_end=\u00bb#35ffff\u00bb][et_pb_row _builder_version=\u00bb4.4.9&#8243;][et_pb_column type=\u00bb4_4&#8243; _builder_version=\u00bb4.4.9&#8243;][et_pb_text _builder_version=\u00bb4.6.0&#8243; border_color_all=\u00bbrgba(0,0,0,0)\u00bb]<\/p>\n<h1><span style=\"color: #800000;\">La Psicoterapia corporal\u00a0Bioenerg\u00e9tica<\/span><\/h1>\n<p>[\/et_pb_text][et_pb_text _builder_version=\u00bb4.6.0&#8243; hover_enabled=\u00bb0&#8243; sticky_enabled=\u00bb0&#8243;]<\/p>\n<p>Jueves 10 de diciembre 2020 a las 18:30h (32) (on-line)<\/p>\n<h2 style=\"text-align: right;\"><span style=\"color: #993300;\"><i><\/i>Presentado por:\u00a0 Jaime Guillen de Enr\u00edquez<\/span><\/h2>\n<p>[\/et_pb_text][\/et_pb_column][\/et_pb_row][et_pb_row column_structure=\u00bb3_4,1_4&#8243; _builder_version=\u00bb4.4.9&#8243; background_color=\u00bbrgba(0,0,0,0)\u00bb background_size=\u00bbinitial\u00bb background_position=\u00bbtop_left\u00bb background_repeat=\u00bbrepeat\u00bb][et_pb_column type=\u00bb3_4&#8243; _builder_version=\u00bb3.25&#8243; custom_padding=\u00bb|||\u00bb custom_padding__hover=\u00bb|||\u00bb][et_pb_text _builder_version=\u00bb4.6.0&#8243; text_font_size=\u00bb16px\u00bb background_size=\u00bbinitial\u00bb background_position=\u00bbtop_left\u00bb background_repeat=\u00bbrepeat\u00bb]<\/p>\n<p>Desarrollo personal y espiritual para un tiempo apocal\u00edptico previo al gran Despertar de la Nueva Humanidad<\/p>\n<p>Conferencia-taller on line con un dise\u00f1o te\u00f3rico-pr\u00e1ctico para las tensiones cr\u00f3nicas y la salud emocional<\/p>\n<p>CV<\/p>\n<p>Licenciado en Psicolog\u00eda.<\/p>\n<p>Presidente de la Asociaci\u00f3n Espa\u00f1ola de Psico-somaterapia.<\/p>\n<p>La Psicoterapia corporal bioenerg\u00e9tica,\u00a0<a href=\"http:\/\/corenergetica.com\/\"><strong>Corenerg\u00e9tica<\/strong><\/a>.<\/p>\n<figure class=\"wp-block-image size-large\"><\/figure>\n<p>[\/et_pb_text][\/et_pb_column][et_pb_column type=\u00bb1_4&#8243; _builder_version=\u00bb3.25&#8243; custom_padding=\u00bb|||\u00bb custom_padding__hover=\u00bb|||\u00bb][et_pb_image src=\u00bbhttps:\/\/drive.google.com\/thumbnail?sz=w1000&#038;id=1jIGiS-g_NDK3ppyLCH6yPtQim5DvUS-V\u00bb title_text=\u00bbInnovacion2&#8243; align=\u00bbcenter\u00bb _builder_version=\u00bb4.6.0&#8243;][\/et_pb_image][\/et_pb_column][\/et_pb_row][et_pb_row _builder_version=\u00bb4.4.9&#8243; background_color=\u00bbrgba(0,0,0,0)\u00bb background_size=\u00bbinitial\u00bb background_position=\u00bbtop_left\u00bb background_repeat=\u00bbrepeat\u00bb][et_pb_column type=\u00bb4_4&#8243; _builder_version=\u00bb3.25&#8243; custom_padding=\u00bb|||\u00bb custom_padding__hover=\u00bb|||\u00bb][et_pb_text _builder_version=\u00bb4.6.0&#8243; text_font_size=\u00bb16px\u00bb background_size=\u00bbinitial\u00bb background_position=\u00bbtop_left\u00bb background_repeat=\u00bbrepeat\u00bb]<\/p>\n<h2 style=\"text-align: center;\"><span style=\"color: #800000;\"><strong>C\u00f3mo conectarnos<\/strong><\/span><\/h2>\n<p>Incluimos el acceso para esta semana. Os aconsejamos que le\u00e1is el manual que adjuntamos (Manual de instalaci\u00f3n y uso de Zoom), que en la parte de <u>seguridad y actualizaci\u00f3n<\/u> os indicamos c\u00f3mo actualizar el cliente de la herramienta. <strong>Estamos en la versi\u00f3n <\/strong><strong>5.4.6<\/strong> y deb\u00e9is actualizar vuestro cliente zoom para un uso m\u00e1s eficiente y seguro.<\/p>\n<p style=\"text-align: center;\"><span style=\"color: #800000;\"><strong><a style=\"color: #800000;\" href=\"https:\/\/us02web.zoom.us\/j\/7573069171?pwd=dk9XN0ZSQlZwY1M5dE8vUXZocTBFZz09\">https:\/\/us02web.zoom.us\/j\/7573069171?pwd=dk9XN0ZSQlZwY1M5dE8vUXZocTBFZz09<\/a><\/strong><\/span><\/p>\n<p>Si por el contrario quer\u00e9is entrar por el cliente de Zoom usar el siguiente ID:\u00a0\u00a0\u00a0\u00a0 <strong>7573069171<\/strong> \u00a0\u00a0\u00a0y con contrase\u00f1a \u00a0\u00a0 <strong>06081945<\/strong><strong>\u00a0<\/strong><\/p>\n<figure class=\"wp-block-image size-large\"><\/figure>\n<p>[\/et_pb_text][\/et_pb_column][\/et_pb_row][\/et_pb_section]<\/p>\n","protected":false},"excerpt":{"rendered":"<p>La Psicoterapia corporal\u00a0Bioenerg\u00e9ticaJueves 10 de diciembre 2020 a las 18:30h (32) (on-line) Presentado por:\u00a0 Jaime Guillen de Enr\u00edquez Desarrollo personal y espiritual para un tiempo apocal\u00edptico previo al gran Despertar de la Nueva Humanidad Conferencia-taller on line con un dise\u00f1o te\u00f3rico-pr\u00e1ctico para las tensiones cr\u00f3nicas y la salud emocional CV Licenciado en Psicolog\u00eda. Presidente de [&hellip;]<\/p>\n","protected":false},"author":3,"featured_media":0,"parent":0,"menu_order":0,"comment_status":"closed","ping_status":"closed","template":"","meta":{"_et_pb_use_builder":"on","_et_pb_old_content":"","_et_gb_content_width":"","footnotes":""},"class_list":["post-80","page","type-page","status-publish","hentry"],"_links":{"self":[{"href":"https:\/\/ateneoescurialense.org\/calidadvida\/wp-json\/wp\/v2\/pages\/80","targetHints":{"allow":["GET"]}}],"collection":[{"href":"https:\/\/ateneoescurialense.org\/calidadvida\/wp-json\/wp\/v2\/pages"}],"about":[{"href":"https:\/\/ateneoescurialense.org\/calidadvida\/wp-json\/wp\/v2\/types\/page"}],"author":[{"embeddable":true,"href":"https:\/\/ateneoescurialense.org\/calidadvida\/wp-json\/wp\/v2\/users\/3"}],"replies":[{"embeddable":true,"href":"https:\/\/ateneoescurialense.org\/calidadvida\/wp-json\/wp\/v2\/comments?post=80"}],"version-history":[{"count":49,"href":"https:\/\/ateneoescurialense.org\/calidadvida\/wp-json\/wp\/v2\/pages\/80\/revisions"}],"predecessor-version":[{"id":479,"href":"https:\/\/ateneoescurialense.org\/calidadvida\/wp-json\/wp\/v2\/pages\/80\/revisions\/479"}],"wp:attachment":[{"href":"https:\/\/ateneoescurialense.org\/calidadvida\/wp-json\/wp\/v2\/media?parent=80"}],"curies":[{"name":"wp","href":"https:\/\/api.w.org\/{rel}","templated":true}]}}