{"id":3563,"date":"2025-05-12T19:34:21","date_gmt":"2025-05-12T17:34:21","guid":{"rendered":"https:\/\/ateneoescurialense.org\/arte\/?page_id=3563"},"modified":"2025-05-17T22:20:24","modified_gmt":"2025-05-17T20:20:24","slug":"xi-certamen-de-pintura-obras-seleccionadas","status":"publish","type":"page","link":"https:\/\/ateneoescurialense.org\/arte\/xi-certamen-de-pintura-obras-seleccionadas\/","title":{"rendered":"XI Certamen de Pintura (obras seleccionadas)"},"content":{"rendered":"<p>[et_pb_section fb_built=\u00bb1&#8243; _builder_version=\u00bb4.16&#8243; _module_preset=\u00bbdefault\u00bb global_colors_info=\u00bb{}\u00bb][et_pb_row _builder_version=\u00bb4.16&#8243; _module_preset=\u00bbdefault\u00bb global_colors_info=\u00bb{}\u00bb][et_pb_column type=\u00bb4_4&#8243; _builder_version=\u00bb4.16&#8243; _module_preset=\u00bbdefault\u00bb global_colors_info=\u00bb{}\u00bb][et_pb_text admin_label=\u00bbTexto\u00bb _builder_version=\u00bb4.27.4&#8243; _module_preset=\u00bbdefault\u00bb global_colors_info=\u00bb{}\u00bb]<\/p>\n<h1><span style=\"color: #800000;\">XI Certamen de Pintura (obras seleccionadas)<\/span><\/h1>\n<div class=\"cajacontenedoraindex\">\n<div class=\"tr_contenido2\">\n<div>\n<div id=\"contenedornoticias\" class=\"noticiascontenedor\">\n<div class=\"entradillahor\">\n<div>\n<div>17 al 22 de mayo 2025, Casa de Cultura (Sala F\u00e9lix Bernardino)<\/div>\n<\/div>\n<\/div>\n<\/div>\n<\/div>\n<\/div>\n<\/div>\n<p>[\/et_pb_text][\/et_pb_column][\/et_pb_row][et_pb_row _builder_version=\u00bb4.16&#8243; _module_preset=\u00bbdefault\u00bb global_colors_info=\u00bb{}\u00bb][et_pb_column type=\u00bb4_4&#8243; _builder_version=\u00bb4.16&#8243; _module_preset=\u00bbdefault\u00bb global_colors_info=\u00bb{}\u00bb][et_pb_text admin_label=\u00bbTexto\u00bb _builder_version=\u00bb4.27.4&#8243; _module_preset=\u00bbdefault\u00bb text_font_size=\u00bb16px\u00bb global_colors_info=\u00bb{}\u00bb]<\/p>\n<div class=\"cajacontenedoraindex\">\n<div class=\"tr_contenido2\">\n<div id=\"contenedornoticias\" class=\"noticiascontenedor\">\n<div id=\"contenido\">\n<div class=\"cajacontenedoraindex\">\n<div class=\"tr_contenido2\">\n<div>\n<div id=\"contenedornoticias\" class=\"noticiascontenedor\">\n<div id=\"contenido\">\n<p>Presentamos a continuaci\u00f3n las obras que han sido seleccionadas en este Certamen, 23. Han concurrido 38 pintores. Las obras est\u00e1n por orden alfab\u00e9tico.<\/p>\n<\/div>\n<\/div>\n<\/div>\n<\/div>\n<\/div>\n<\/div>\n<\/div>\n<\/div>\n<\/div>\n<p>[\/et_pb_text][\/et_pb_column][\/et_pb_row][et_pb_row column_structure=\u00bb1_3,1_3,1_3&#8243; admin_label=\u00bbFila1&#8243; _builder_version=\u00bb4.16&#8243; _module_preset=\u00bbdefault\u00bb global_colors_info=\u00bb{}\u00bb][et_pb_column type=\u00bb1_3&#8243; _builder_version=\u00bb4.16&#8243; _module_preset=\u00bbdefault\u00bb global_colors_info=\u00bb{}\u00bb][et_pb_image src=\u00bbhttps:\/\/drive.google.com\/thumbnail?sz=w1000&#038;id=1LK1mKdmMEZuxHfBwLmnDyXzxZuVUatCK\u00bb url=\u00bbhttps:\/\/drive.google.com\/thumbnail?sz=w1000&#038;id=1LK1mKdmMEZuxHfBwLmnDyXzxZuVUatCK\u00bb _builder_version=\u00bb4.27.4&#8243; _module_preset=\u00bbdefault\u00bb global_colors_info=\u00bb{}\u00bb][\/et_pb_image][et_pb_text _builder_version=\u00bb4.27.4&#8243; _module_preset=\u00bbdefault\u00bb global_colors_info=\u00bb{}\u00bb]<\/p>\n<p><strong>Camino a Abantos<\/strong><\/p>\n<p>n\u00ba 22 Acr\u00edlico sobre lienzo 50&#215;60<\/p>\n<p>Carlos \u00c1lvarez Esteban<\/p>\n<p>[\/et_pb_text][\/et_pb_column][et_pb_column type=\u00bb1_3&#8243; _builder_version=\u00bb4.16&#8243; _module_preset=\u00bbdefault\u00bb global_colors_info=\u00bb{}\u00bb][et_pb_image src=\u00bbhttps:\/\/drive.google.com\/thumbnail?sz=w1000&#038;id=1qT3h22k7X7xL0dDCaopxy0HwDh71u0mA\u00bb url=\u00bbhttps:\/\/drive.google.com\/thumbnail?sz=w1000&#038;id=1qT3h22k7X7xL0dDCaopxy0HwDh71u0mA\u00bb _builder_version=\u00bb4.27.4&#8243; _module_preset=\u00bbdefault\u00bb global_colors_info=\u00bb{}\u00bb][\/et_pb_image][et_pb_text admin_label=\u00bbSebas Calder\u00f3n\u00bb _builder_version=\u00bb4.27.4&#8243; _module_preset=\u00bbdefault\u00bb global_colors_info=\u00bb{}\u00bb]<\/p>\n<p><strong>La monta\u00f1a<\/strong><\/p>\n<p>n\u00ba 4 \u00d3leo sobre lienzo 100&#215;81<\/p>\n<p>Sebasti\u00e1n Calder\u00f3n Honrubia<\/p>\n<p>[\/et_pb_text][\/et_pb_column][et_pb_column type=\u00bb1_3&#8243; _builder_version=\u00bb4.16&#8243; _module_preset=\u00bbdefault\u00bb global_colors_info=\u00bb{}\u00bb][et_pb_image src=\u00bbhttps:\/\/drive.google.com\/thumbnail?sz=w1000&#038;id=1-5dPzWPfe8o3-SD-kIV10zS1s8zpzK_P\u00bb url=\u00bbhttps:\/\/drive.google.com\/thumbnail?sz=w1000&#038;id=1-5dPzWPfe8o3-SD-kIV10zS1s8zpzK_P\u00bb _builder_version=\u00bb4.27.4&#8243; _module_preset=\u00bbdefault\u00bb global_colors_info=\u00bb{}\u00bb][\/et_pb_image][et_pb_text admin_label=\u00bbCort\u00bb _builder_version=\u00bb4.27.4&#8243; _module_preset=\u00bbdefault\u00bb global_colors_info=\u00bb{}\u00bb]<\/p>\n<p><strong>Brotes<\/strong><\/p>\n<p>n\u00ba 24 Acuarela\/Collage\/Acr\u00edlico 97&#215;64<\/p>\n<p>Paula Cort Lantero<\/p>\n<p>[\/et_pb_text][\/et_pb_column][\/et_pb_row][et_pb_row column_structure=\u00bb1_3,1_3,1_3&#8243; admin_label=\u00bbFila2&#8243; _builder_version=\u00bb4.16&#8243; _module_preset=\u00bbdefault\u00bb global_colors_info=\u00bb{}\u00bb][et_pb_column type=\u00bb1_3&#8243; _builder_version=\u00bb4.16&#8243; _module_preset=\u00bbdefault\u00bb global_colors_info=\u00bb{}\u00bb][et_pb_image src=\u00bbhttps:\/\/drive.google.com\/thumbnail?sz=w1000&#038;id=1o9NxqfKwkqJkRDDzQPoDIdO7-L3rNyoD\u00bb url=\u00bbhttps:\/\/drive.google.com\/thumbnail?sz=w1000&#038;id=1o9NxqfKwkqJkRDDzQPoDIdO7-L3rNyoD\u00bb _builder_version=\u00bb4.27.4&#8243; _module_preset=\u00bbdefault\u00bb global_colors_info=\u00bb{}\u00bb][\/et_pb_image][et_pb_text _builder_version=\u00bb4.27.4&#8243; _module_preset=\u00bbdefault\u00bb global_colors_info=\u00bb{}\u00bb]<\/p>\n<p><strong>Amanecer en la Cuesta del Hielo<\/strong><\/p>\n<p>n\u00ba 15 \u00d3leo sobre lienzo 73&#215;60<\/p>\n<p>Mar\u00eda Teresa Cueto Eizaguirre\u200b<\/p>\n<p>[\/et_pb_text][\/et_pb_column][et_pb_column type=\u00bb1_3&#8243; _builder_version=\u00bb4.16&#8243; _module_preset=\u00bbdefault\u00bb global_colors_info=\u00bb{}\u00bb][et_pb_image src=\u00bbhttps:\/\/drive.google.com\/thumbnail?sz=w1000&#038;id=1maRycmDZ2FiZnLtoPnlFiD0AfOhTrD4O\u00bb url=\u00bbhttps:\/\/drive.google.com\/thumbnail?sz=w1000&#038;id=1maRycmDZ2FiZnLtoPnlFiD0AfOhTrD4O\u00bb _builder_version=\u00bb4.27.4&#8243; _module_preset=\u00bbdefault\u00bb global_colors_info=\u00bb{}\u00bb][\/et_pb_image][et_pb_text admin_label=\u00bbCharo\u00bb _builder_version=\u00bb4.27.4&#8243; _module_preset=\u00bbdefault\u00bb global_colors_info=\u00bb{}\u00bb]<\/p>\n<p><strong>Camino al Hornillo<\/strong><\/p>\n<p>n\u00ba 32 \u00d3leo sobre lienzo 100&#215;85 <span style=\"color: #3366ff;\"><strong>(Acc\u00e9sit)<\/strong><\/span><\/p>\n<p>Charo del R\u00edo Mu\u00f1oz<\/p>\n<p>[\/et_pb_text][\/et_pb_column][et_pb_column type=\u00bb1_3&#8243; _builder_version=\u00bb4.16&#8243; _module_preset=\u00bbdefault\u00bb global_colors_info=\u00bb{}\u00bb][et_pb_image src=\u00bbhttps:\/\/drive.google.com\/thumbnail?sz=w1000&#038;id=1lKsW-220gDhBgjclua6Tbo4cF_P6Ga1h\u00bb url=\u00bbhttps:\/\/drive.google.com\/thumbnail?sz=w1000&#038;id=1lKsW-220gDhBgjclua6Tbo4cF_P6Ga1h\u00bb _builder_version=\u00bb4.27.4&#8243; _module_preset=\u00bbdefault\u00bb global_colors_info=\u00bb{}\u00bb][\/et_pb_image][et_pb_text _builder_version=\u00bb4.27.4&#8243; _module_preset=\u00bbdefault\u00bb global_colors_info=\u00bb{}\u00bb]<\/p>\n<p><strong>Contemplando la Sierra<\/strong><\/p>\n<p>n\u00ba 31 Acr\u00edlico y carb\u00f3n sobre lienzo 73&#215;60<\/p>\n<p>Mercedes Fern\u00e1ndez Guti\u00e9rrez<\/p>\n<p>[\/et_pb_text][\/et_pb_column][\/et_pb_row][et_pb_row column_structure=\u00bb1_3,1_3,1_3&#8243; admin_label=\u00bbFila3&#8243; _builder_version=\u00bb4.16&#8243; _module_preset=\u00bbdefault\u00bb global_colors_info=\u00bb{}\u00bb][et_pb_column type=\u00bb1_3&#8243; _builder_version=\u00bb4.16&#8243; _module_preset=\u00bbdefault\u00bb global_colors_info=\u00bb{}\u00bb][et_pb_image src=\u00bbhttps:\/\/drive.google.com\/thumbnail?sz=w1000&#038;id=1R1jLioAZqzI5rcoPJUPyELOAL9i1vsw7&#8243; url=\u00bbhttps:\/\/drive.google.com\/thumbnail?sz=w1000&#038;id=1R1jLioAZqzI5rcoPJUPyELOAL9i1vsw7&#8243; _builder_version=\u00bb4.27.4&#8243; _module_preset=\u00bbdefault\u00bb global_colors_info=\u00bb{}\u00bb][\/et_pb_image][et_pb_text admin_label=\u00bbGonz\u00e1lez Cerrajero\u00bb _builder_version=\u00bb4.27.4&#8243; _module_preset=\u00bbdefault\u00bb global_colors_info=\u00bb{}\u00bb]<\/p>\n<p><strong>Despu\u00e9s de la tormenta<\/strong><\/p>\n<p>n\u00ba 9 \u00d3leo 80&#215;80<\/p>\n<p>Ana Rosario Gonz\u00e1lez Cerrajero\u200b<\/p>\n<p>[\/et_pb_text][\/et_pb_column][et_pb_column type=\u00bb1_3&#8243; _builder_version=\u00bb4.16&#8243; _module_preset=\u00bbdefault\u00bb global_colors_info=\u00bb{}\u00bb][et_pb_image src=\u00bbhttps:\/\/drive.google.com\/thumbnail?sz=w1000&#038;id=1VyK3eiyjaBJn11GdP9rGjV2hGYrwXatl\u00bb url=\u00bbhttps:\/\/drive.google.com\/thumbnail?sz=w1000&#038;id=1VyK3eiyjaBJn11GdP9rGjV2hGYrwXatl\u00bb _builder_version=\u00bb4.27.4&#8243; _module_preset=\u00bbdefault\u00bb global_colors_info=\u00bb{}\u00bb][\/et_pb_image][et_pb_text admin_label=\u00bbRaquel Guijarro\u00bb _builder_version=\u00bb4.27.4&#8243; _module_preset=\u00bbdefault\u00bb global_colors_info=\u00bb{}\u00bb]<\/p>\n<p><strong>El color de mi Sierra<\/strong><\/p>\n<p>n\u00ba 3 Acuarela sobre papel\u00a050&#215;70<\/p>\n<p>Raquel Guijarro Iglesias<\/p>\n<p>[\/et_pb_text][\/et_pb_column][et_pb_column type=\u00bb1_3&#8243; _builder_version=\u00bb4.16&#8243; _module_preset=\u00bbdefault\u00bb global_colors_info=\u00bb{}\u00bb][et_pb_image src=\u00bbhttps:\/\/drive.google.com\/thumbnail?sz=w1000&#038;id=1pNh1B1eIIFDz9aT2pcyCWqfgYA5gQr-9&#8243; url=\u00bbhttps:\/\/drive.google.com\/thumbnail?sz=w1000&#038;id=1pNh1B1eIIFDz9aT2pcyCWqfgYA5gQr-9&#8243; _builder_version=\u00bb4.27.4&#8243; _module_preset=\u00bbdefault\u00bb global_colors_info=\u00bb{}\u00bb][\/et_pb_image][et_pb_text admin_label=\u00bbJim\u00e9nez Molina\u00bb _builder_version=\u00bb4.27.4&#8243; _module_preset=\u00bbdefault\u00bb global_colors_info=\u00bb{}\u00bb]<\/p>\n<p><b>Atardeceres desde el embalse de Santillana<\/b><\/p>\n<p>n\u00ba 34 Mixta sobre tabla 100&#215;81<\/p>\n<p>Patricia Jim\u00e9nez Molina<\/p>\n<p>[\/et_pb_text][\/et_pb_column][\/et_pb_row][et_pb_row column_structure=\u00bb1_3,1_3,1_3&#8243; admin_label=\u00bbFila4&#8243; _builder_version=\u00bb4.16&#8243; _module_preset=\u00bbdefault\u00bb global_colors_info=\u00bb{}\u00bb][et_pb_column type=\u00bb1_3&#8243; _builder_version=\u00bb4.16&#8243; _module_preset=\u00bbdefault\u00bb global_colors_info=\u00bb{}\u00bb][et_pb_image src=\u00bbhttps:\/\/drive.google.com\/thumbnail?sz=w1000&#038;id=1Ee9JvwO3eLIL9zdIkv0CZKckTo5rbJx0&#8243; url=\u00bbhttps:\/\/drive.google.com\/thumbnail?sz=w1000&#038;id=1Ee9JvwO3eLIL9zdIkv0CZKckTo5rbJx0&#8243; _builder_version=\u00bb4.27.4&#8243; _module_preset=\u00bbdefault\u00bb global_colors_info=\u00bb{}\u00bb][\/et_pb_image][et_pb_text admin_label=\u00bbNuria Liria\u00bb _builder_version=\u00bb4.27.4&#8243; _module_preset=\u00bbdefault\u00bb global_colors_info=\u00bb{}\u00bb]<\/p>\n<p><strong>Maliciosa desde Cabeza Mediana<\/strong><\/p>\n<p>n\u00ba 11 \u00d3leo sobre lienzo 100&#215;100 \u00a0<span style=\"color: #3366ff;\"><strong>(Primer premio)<\/strong><\/span><\/p>\n<p>Nuria Liria Gonz\u00e1lez<\/p>\n<p>[\/et_pb_text][\/et_pb_column][et_pb_column type=\u00bb1_3&#8243; _builder_version=\u00bb4.16&#8243; _module_preset=\u00bbdefault\u00bb global_colors_info=\u00bb{}\u00bb][et_pb_image src=\u00bbhttps:\/\/drive.google.com\/thumbnail?sz=w1000&#038;id=1rixQOTJah6xCYiflAWbRrgyEeLNY0DhJ\u00bb url=\u00bbhttps:\/\/drive.google.com\/thumbnail?sz=w1000&#038;id=1rixQOTJah6xCYiflAWbRrgyEeLNY0DhJ\u00bb _builder_version=\u00bb4.27.4&#8243; _module_preset=\u00bbdefault\u00bb global_colors_info=\u00bb{}\u00bb][\/et_pb_image][et_pb_text admin_label=\u00bbSagrario\u00bb _builder_version=\u00bb4.27.4&#8243; _module_preset=\u00bbdefault\u00bb global_colors_info=\u00bb{}\u00bb]<\/p>\n<p><b>Atardecer en Valmayor<\/b><\/p>\n<p>n\u00ba 10 \u00d3leo sobre 64&#215;80<\/p>\n<p>Sagrario L\u00f3pez Amador<\/p>\n<p>[\/et_pb_text][\/et_pb_column][et_pb_column type=\u00bb1_3&#8243; _builder_version=\u00bb4.16&#8243; _module_preset=\u00bbdefault\u00bb global_colors_info=\u00bb{}\u00bb][et_pb_image src=\u00bbhttps:\/\/drive.google.com\/thumbnail?sz=w1000&#038;id=1K30ZfxaZlYedP1xHQVsWUy3RUmMPuibu\u00bb url=\u00bbhttps:\/\/drive.google.com\/thumbnail?sz=w1000&#038;id=1K30ZfxaZlYedP1xHQVsWUy3RUmMPuibu\u00bb _builder_version=\u00bb4.27.4&#8243; _module_preset=\u00bbdefault\u00bb global_colors_info=\u00bb{}\u00bb][\/et_pb_image][et_pb_text admin_label=\u00bbLucas\u00bb _builder_version=\u00bb4.27.4&#8243; _module_preset=\u00bbdefault\u00bb global_colors_info=\u00bb{}\u00bb]<\/p>\n<p><strong>Monasterio<\/strong><\/p>\n<p>n\u00ba 5 \u00d3leo sobre tabla 100&#215;81<\/p>\n<p>\u00c1ngel Lucas Moro<\/p>\n<p>[\/et_pb_text][\/et_pb_column][\/et_pb_row][et_pb_row column_structure=\u00bb1_3,1_3,1_3&#8243; admin_label=\u00bbFila5&#8243; _builder_version=\u00bb4.16&#8243; _module_preset=\u00bbdefault\u00bb global_colors_info=\u00bb{}\u00bb][et_pb_column type=\u00bb1_3&#8243; _builder_version=\u00bb4.16&#8243; _module_preset=\u00bbdefault\u00bb global_colors_info=\u00bb{}\u00bb][et_pb_image src=\u00bbhttps:\/\/drive.google.com\/thumbnail?sz=w1000&#038;id=1pSgOH5AlmZBBOHM7YkeEncwoQ5M11Fw9&#8243; url=\u00bbhttps:\/\/drive.google.com\/thumbnail?sz=w1000&#038;id=1pSgOH5AlmZBBOHM7YkeEncwoQ5M11Fw9&#8243; _builder_version=\u00bb4.27.4&#8243; _module_preset=\u00bbdefault\u00bb global_colors_info=\u00bb{}\u00bb][\/et_pb_image][et_pb_text admin_label=\u00bbJuan Ram\u00f3n Luque \u00c1valos\u00bb _builder_version=\u00bb4.27.4&#8243; _module_preset=\u00bbdefault\u00bb global_colors_info=\u00bb{}\u00bb]<\/p>\n<p><strong>La Pedriza, despu\u00e9s de la tormenta<\/strong><\/p>\n<p>n\u00ba 29 Acuarela sobre papel Arches de 300gr 80&#215;55<\/p>\n<p>Juan Ram\u00f3n Luque \u00c1valos<\/p>\n<p>[\/et_pb_text][\/et_pb_column][et_pb_column type=\u00bb1_3&#8243; _builder_version=\u00bb4.16&#8243; _module_preset=\u00bbdefault\u00bb global_colors_info=\u00bb{}\u00bb][et_pb_image src=\u00bbhttps:\/\/drive.google.com\/thumbnail?sz=w1000&#038;id=1IE9g9CwBBHjhJ4fy2FsVF6yFkbDrw2g2&#8243; url=\u00bbhttps:\/\/drive.google.com\/thumbnail?sz=w1000&#038;id=1IE9g9CwBBHjhJ4fy2FsVF6yFkbDrw2g2&#8243; _builder_version=\u00bb4.27.4&#8243; _module_preset=\u00bbdefault\u00bb global_colors_info=\u00bb{}\u00bb][\/et_pb_image][et_pb_text admin_label=\u00bbMarina Rodr\u00edguez\u00bb _builder_version=\u00bb4.27.4&#8243; _module_preset=\u00bbdefault\u00bb global_colors_info=\u00bb{}\u00bb]<\/p>\n<p><strong>Nublado<\/strong><\/p>\n<p>n\u00ba 2 Mixto tabla 73&#215;73 \u00a0<span style=\"color: #3366ff;\"><strong>(Segundo premio)<\/strong><\/span><\/p>\n<p>Antonio Marina Rodr\u00edguez<\/p>\n<p>[\/et_pb_text][\/et_pb_column][et_pb_column type=\u00bb1_3&#8243; _builder_version=\u00bb4.16&#8243; _module_preset=\u00bbdefault\u00bb global_colors_info=\u00bb{}\u00bb][et_pb_image src=\u00bbhttps:\/\/drive.google.com\/thumbnail?sz=w1000&#038;id=1yDVWtwj2XnvpV3aDIFfmba92EiDM5IeA\u00bb url=\u00bbhttps:\/\/drive.google.com\/thumbnail?sz=w1000&#038;id=1yDVWtwj2XnvpV3aDIFfmba92EiDM5IeA\u00bb _builder_version=\u00bb4.27.4&#8243; _module_preset=\u00bbdefault\u00bb global_colors_info=\u00bb{}\u00bb][\/et_pb_image][et_pb_text admin_label=\u00bbMontero Alonso\u00bb _builder_version=\u00bb4.27.4&#8243; _module_preset=\u00bbdefault\u00bb global_colors_info=\u00bb{}\u00bb]<\/p>\n<p><strong>Macizo de Pe\u00f1alara, cresta claveles<\/strong><\/p>\n<p>n\u00ba 28 L\u00e1piz sobre papel 88&#215;66<\/p>\n<p>Antonio Montero Alonso<\/p>\n<p>[\/et_pb_text][\/et_pb_column][\/et_pb_row][et_pb_row column_structure=\u00bb1_3,1_3,1_3&#8243; admin_label=\u00bbFila6&#8243; _builder_version=\u00bb4.16&#8243; _module_preset=\u00bbdefault\u00bb global_colors_info=\u00bb{}\u00bb][et_pb_column type=\u00bb1_3&#8243; _builder_version=\u00bb4.16&#8243; _module_preset=\u00bbdefault\u00bb global_colors_info=\u00bb{}\u00bb][et_pb_image src=\u00bbhttps:\/\/drive.google.com\/thumbnail?sz=w1000&#038;id=1l-bsMoqEy0y90GAG_soa3A4AELptmSuc\u00bb url=\u00bbhttps:\/\/drive.google.com\/thumbnail?sz=w1000&#038;id=1l-bsMoqEy0y90GAG_soa3A4AELptmSuc\u00bb _builder_version=\u00bb4.27.4&#8243; _module_preset=\u00bbdefault\u00bb global_colors_info=\u00bb{}\u00bb][\/et_pb_image][et_pb_text admin_label=\u00bbSeila Ochandiano\u00bb _builder_version=\u00bb4.27.4&#8243; _module_preset=\u00bbdefault\u00bb global_colors_info=\u00bb{}\u00bb]<\/p>\n<p><b>Olivos en la nieve<\/b><\/p>\n<p>n\u00ba 12 Mixta sobre tabla 80&#215;80<\/p>\n<p>Seila Ochandiano Ochandiano<\/p>\n<p>[\/et_pb_text][\/et_pb_column][et_pb_column type=\u00bb1_3&#8243; _builder_version=\u00bb4.16&#8243; _module_preset=\u00bbdefault\u00bb global_colors_info=\u00bb{}\u00bb][et_pb_image src=\u00bbhttps:\/\/drive.google.com\/thumbnail?sz=w1000&#038;id=1mcU42MdjXLFGLI91Zp-KUoYET-P-gIYd\u00bb url=\u00bbhttps:\/\/drive.google.com\/thumbnail?sz=w1000&#038;id=1mcU42MdjXLFGLI91Zp-KUoYET-P-gIYd\u00bb _builder_version=\u00bb4.27.4&#8243; _module_preset=\u00bbdefault\u00bb global_colors_info=\u00bb{}\u00bb][\/et_pb_image][et_pb_text admin_label=\u00bbOsorio\u00bb _builder_version=\u00bb4.27.4&#8243; _module_preset=\u00bbdefault\u00bb global_colors_info=\u00bb{}\u00bb]<\/p>\n<p><strong>Hibernando<\/strong><\/p>\n<p>n\u00ba 14 Acuarela 77&#215;63<\/p>\n<p>Paz Osorio Dorado<\/p>\n<p>[\/et_pb_text][\/et_pb_column][et_pb_column type=\u00bb1_3&#8243; _builder_version=\u00bb4.16&#8243; _module_preset=\u00bbdefault\u00bb global_colors_info=\u00bb{}\u00bb][et_pb_image src=\u00bbhttps:\/\/drive.google.com\/thumbnail?sz=w1000&#038;id=1mmP5Q7rvUV-Ncjc56N9uNc8PGapGFUuQ\u00bb url=\u00bbhttps:\/\/drive.google.com\/thumbnail?sz=w1000&#038;id=1mmP5Q7rvUV-Ncjc56N9uNc8PGapGFUuQ\u00bb _builder_version=\u00bb4.27.4&#8243; _module_preset=\u00bbdefault\u00bb global_colors_info=\u00bb{}\u00bb][\/et_pb_image][et_pb_text admin_label=\u00bbPedrosa\u00bb _builder_version=\u00bb4.27.4&#8243; _module_preset=\u00bbdefault\u00bb global_colors_info=\u00bb{}\u00bb]<\/p>\n<p><b>Dehesa II<\/b><\/p>\n<p>n\u00ba 33 Mixta sobre lienzo 50&#215;100<\/p>\n<p>Juan Jos\u00e9 Pedrosa Gonz\u00e1lez<\/p>\n<p>[\/et_pb_text][\/et_pb_column][\/et_pb_row][et_pb_row column_structure=\u00bb1_3,1_3,1_3&#8243; admin_label=\u00bbFila7&#8243; _builder_version=\u00bb4.16&#8243; _module_preset=\u00bbdefault\u00bb global_colors_info=\u00bb{}\u00bb][et_pb_column type=\u00bb1_3&#8243; _builder_version=\u00bb4.16&#8243; _module_preset=\u00bbdefault\u00bb global_colors_info=\u00bb{}\u00bb][et_pb_image src=\u00bbhttps:\/\/drive.google.com\/thumbnail?sz=w1000&#038;id=19S95mv-s-Hl3udce_Z7EKYIkFoEkIOmZ\u00bb url=\u00bbhttps:\/\/drive.google.com\/thumbnail?sz=w1000&#038;id=19S95mv-s-Hl3udce_Z7EKYIkFoEkIOmZ\u00bb _builder_version=\u00bb4.27.4&#8243; _module_preset=\u00bbdefault\u00bb global_colors_info=\u00bb{}\u00bb][\/et_pb_image][et_pb_text admin_label=\u00bbRepoll\u00e9s\u00bb _builder_version=\u00bb4.27.4&#8243; _module_preset=\u00bbdefault\u00bb global_colors_info=\u00bb{}\u00bb]<\/p>\n<p><b>Paisajes de Verdes<\/b><\/p>\n<p>n\u00ba 19 Mixta Acr\u00edlico\/\u00f3leo sobre tabla 50&#215;100 \u00a0<span style=\"color: #3366ff;\"><strong>(Acc\u00e9sit)<\/strong><\/span><\/p>\n<p>Miguel \u00c1ngel Repoll\u00e9s Mart\u00ednez<\/p>\n<p>[\/et_pb_text][\/et_pb_column][et_pb_column type=\u00bb1_3&#8243; _builder_version=\u00bb4.16&#8243; _module_preset=\u00bbdefault\u00bb global_colors_info=\u00bb{}\u00bb][et_pb_image src=\u00bbhttps:\/\/drive.google.com\/thumbnail?sz=w1000&#038;id=1vKmdm9L4Arb7MFzzEDut7J1St92bl-1U\u00bb url=\u00bbhttps:\/\/drive.google.com\/thumbnail?sz=w1000&#038;id=1vKmdm9L4Arb7MFzzEDut7J1St92bl-1U\u00bb _builder_version=\u00bb4.27.4&#8243; _module_preset=\u00bbdefault\u00bb global_colors_info=\u00bb{}\u00bb][\/et_pb_image][et_pb_text admin_label=\u00bbRubio\u00bb _builder_version=\u00bb4.27.4&#8243; _module_preset=\u00bbdefault\u00bb global_colors_info=\u00bb{}\u00bb]<\/p>\n<p><b>Jardines<\/b><\/p>\n<p>n\u00ba 20 Mixta 80&#215;80<\/p>\n<p>Mercedes Rubio Barrios<\/p>\n<p>[\/et_pb_text][\/et_pb_column][et_pb_column type=\u00bb1_3&#8243; _builder_version=\u00bb4.16&#8243; _module_preset=\u00bbdefault\u00bb global_colors_info=\u00bb{}\u00bb][et_pb_image src=\u00bbhttps:\/\/drive.google.com\/thumbnail?sz=w1000&#038;id=1FGnndalSJgUVUjkXITrC8qi4B21i5PHy\u00bb url=\u00bbhttps:\/\/drive.google.com\/thumbnail?sz=w1000&#038;id=1FGnndalSJgUVUjkXITrC8qi4B21i5PHy\u00bb _builder_version=\u00bb4.27.4&#8243; _module_preset=\u00bbdefault\u00bb global_colors_info=\u00bb{}\u00bb][\/et_pb_image][et_pb_text admin_label=\u00bbSanz\u00bb _builder_version=\u00bb4.27.4&#8243; _module_preset=\u00bbdefault\u00bb hover_enabled=\u00bb0&#8243; global_colors_info=\u00bb{}\u00bb sticky_enabled=\u00bb0&#8243;]<\/p>\n<p><b>La Maliciosa<\/b><\/p>\n<p>n\u00ba 38 Mixta (acr\u00edlico y \u00f3leo) 100&#215;100 <span style=\"color: #3366ff;\"><strong>(Acc\u00e9sit)<\/strong><\/span><\/p>\n<p>Javier Sanz Plaza<\/p>\n<p>[\/et_pb_text][\/et_pb_column][\/et_pb_row][et_pb_row column_structure=\u00bb1_3,1_3,1_3&#8243; admin_label=\u00bbFila 8&#8243; _builder_version=\u00bb4.16&#8243; _module_preset=\u00bbdefault\u00bb global_colors_info=\u00bb{}\u00bb][et_pb_column type=\u00bb1_3&#8243; _builder_version=\u00bb4.16&#8243; _module_preset=\u00bbdefault\u00bb global_colors_info=\u00bb{}\u00bb][et_pb_image src=\u00bbhttps:\/\/drive.google.com\/thumbnail?sz=w1000&#038;id=106xPBXISaUeHANDzfO0eud1-3YH-RRPh\u00bb url=\u00bbhttps:\/\/drive.google.com\/thumbnail?sz=w1000&#038;id=106xPBXISaUeHANDzfO0eud1-3YH-RRPh\u00bb _builder_version=\u00bb4.27.4&#8243; _module_preset=\u00bbdefault\u00bb global_colors_info=\u00bb{}\u00bb][\/et_pb_image][et_pb_text admin_label=\u00bbTamames G\u00f3mez\u00bb _builder_version=\u00bb4.27.4&#8243; _module_preset=\u00bbdefault\u00bb global_colors_info=\u00bb{}\u00bb]<\/p>\n<p><b>Siete Picos<\/b><\/p>\n<p>n\u00ba 27 \u00d3leo sobre lienzo 100&#215;81<\/p>\n<p>M\u00f3nica Tamames G\u00f3mez\u200b<\/p>\n<p>[\/et_pb_text][\/et_pb_column][et_pb_column type=\u00bb1_3&#8243; _builder_version=\u00bb4.16&#8243; _module_preset=\u00bbdefault\u00bb global_colors_info=\u00bb{}\u00bb][et_pb_image src=\u00bbhttps:\/\/drive.google.com\/thumbnail?sz=w1000&#038;id=1Do9n45rYWTtjmKkmo-txOOjvRJ2rLMQd\u00bb url=\u00bbhttps:\/\/drive.google.com\/thumbnail?sz=w1000&#038;id=1Do9n45rYWTtjmKkmo-txOOjvRJ2rLMQd\u00bb _builder_version=\u00bb4.27.4&#8243; _module_preset=\u00bbdefault\u00bb global_colors_info=\u00bb{}\u00bb][\/et_pb_image][et_pb_text admin_label=\u00bbAna Vega Viejo\u00bb _builder_version=\u00bb4.27.4&#8243; _module_preset=\u00bbdefault\u00bb global_colors_info=\u00bb{}\u00bb]<\/p>\n<p><b>Volviendo de la sierra<\/b><\/p>\n<p>n\u00ba 16 Collage y \u00f3leo sobre tabla 60&#215;92<\/p>\n<p>Ana Vega Viejo<\/p>\n<p>[\/et_pb_text][\/et_pb_column][et_pb_column type=\u00bb1_3&#8243; _builder_version=\u00bb4.16&#8243; _module_preset=\u00bbdefault\u00bb global_colors_info=\u00bb{}\u00bb][et_pb_image src=\u00bbhttps:\/\/drive.google.com\/thumbnail?sz=w1000&#038;id=17OWLIbSEXoFU2DB7nS3Y_4ckkkrEKpcQ\u00bb url=\u00bbhttps:\/\/drive.google.com\/thumbnail?sz=w1000&#038;id=17OWLIbSEXoFU2DB7nS3Y_4ckkkrEKpcQ\u00bb _builder_version=\u00bb4.27.4&#8243; _module_preset=\u00bbdefault\u00bb global_colors_info=\u00bb{}\u00bb][\/et_pb_image][\/et_pb_column][\/et_pb_row][\/et_pb_section]<\/p>\n","protected":false},"excerpt":{"rendered":"<p>XI Certamen de Pintura (obras seleccionadas) 17 al 22 de mayo 2025, Casa de Cultura (Sala F\u00e9lix Bernardino) Presentamos a continuaci\u00f3n las obras que han sido seleccionadas en este Certamen, 23. Han concurrido 38 pintores. Las obras est\u00e1n por orden alfab\u00e9tico. Camino a Abantos n\u00ba 22 Acr\u00edlico sobre lienzo 50&#215;60 Carlos \u00c1lvarez EstebanLa monta\u00f1a n\u00ba [&hellip;]<\/p>\n","protected":false},"author":3,"featured_media":0,"parent":0,"menu_order":0,"comment_status":"closed","ping_status":"closed","template":"","meta":{"_et_pb_use_builder":"on","_et_pb_old_content":"","_et_gb_content_width":"","footnotes":""},"class_list":["post-3563","page","type-page","status-publish","hentry"],"_links":{"self":[{"href":"https:\/\/ateneoescurialense.org\/arte\/wp-json\/wp\/v2\/pages\/3563","targetHints":{"allow":["GET"]}}],"collection":[{"href":"https:\/\/ateneoescurialense.org\/arte\/wp-json\/wp\/v2\/pages"}],"about":[{"href":"https:\/\/ateneoescurialense.org\/arte\/wp-json\/wp\/v2\/types\/page"}],"author":[{"embeddable":true,"href":"https:\/\/ateneoescurialense.org\/arte\/wp-json\/wp\/v2\/users\/3"}],"replies":[{"embeddable":true,"href":"https:\/\/ateneoescurialense.org\/arte\/wp-json\/wp\/v2\/comments?post=3563"}],"version-history":[{"count":25,"href":"https:\/\/ateneoescurialense.org\/arte\/wp-json\/wp\/v2\/pages\/3563\/revisions"}],"predecessor-version":[{"id":3633,"href":"https:\/\/ateneoescurialense.org\/arte\/wp-json\/wp\/v2\/pages\/3563\/revisions\/3633"}],"wp:attachment":[{"href":"https:\/\/ateneoescurialense.org\/arte\/wp-json\/wp\/v2\/media?parent=3563"}],"curies":[{"name":"wp","href":"https:\/\/api.w.org\/{rel}","templated":true}]}}