{"id":3374,"date":"2024-09-18T12:20:52","date_gmt":"2024-09-18T10:20:52","guid":{"rendered":"https:\/\/ateneoescurialense.org\/arte\/?page_id=3374"},"modified":"2024-10-14T16:47:51","modified_gmt":"2024-10-14T14:47:51","slug":"la-hermandad-prerrafaelista-y-sus-musas","status":"publish","type":"page","link":"https:\/\/ateneoescurialense.org\/arte\/la-hermandad-prerrafaelista-y-sus-musas\/","title":{"rendered":"La hermandad prerrafaelista y sus musas"},"content":{"rendered":"<p>[et_pb_section fb_built=\u00bb1&#8243; _builder_version=\u00bb4.16&#8243; background_color=\u00bb#ceeaa1&#8243; use_background_color_gradient=\u00bbon\u00bb background_color_gradient_stops=\u00bbrgba(138,151,234,0.85) 0%|#35ffff 100%\u00bb background_color_gradient_start=\u00bbrgba(138,151,234,0.85)\u00bb background_color_gradient_end=\u00bb#35ffff\u00bb global_colors_info=\u00bb{}\u00bb][et_pb_row column_structure=\u00bb1_2,1_2&#8243; admin_label=\u00bbCabecera\u00bb _builder_version=\u00bb4.16&#8243; collapsed=\u00bboff\u00bb global_colors_info=\u00bb{}\u00bb][et_pb_column type=\u00bb1_2&#8243; _builder_version=\u00bb4.16&#8243; global_colors_info=\u00bb{}\u00bb][et_pb_text admin_label=\u00bbT\u00edtulo\u00bb _builder_version=\u00bb4.27.0&#8243; custom_padding=\u00bb|0px||||\u00bb border_color_all=\u00bbrgba(0,0,0,0)\u00bb global_colors_info=\u00bb{}\u00bb]<\/p>\n<div class=\"cajacontenedoraindex\">\n<div class=\"tr_contenido2\">\n<div id=\"contenedornoticias\" class=\"noticiascontenedor\">\n<h1><span style=\"color: #800000\"><strong>La hermandad prerrafaelista y sus musas<\/strong><\/span><\/h1>\n<\/div>\n<\/div>\n<\/div>\n<p>[\/et_pb_text][et_pb_blurb use_icon=\u00bbon\u00bb font_icon=\u00bb&#x3b;||divi||400&#8243; icon_color=\u00bb#B7321A\u00bb icon_placement=\u00bbleft\u00bb image_icon_width=\u00bb25px\u00bb admin_label=\u00bbFecha\u00bb _builder_version=\u00bb4.27.0&#8243; _module_preset=\u00bbdefault\u00bb icon_font_size=\u00bb25px\u00bb global_colors_info=\u00bb{}\u00bb]<\/p>\n<p>Jueves\u00a0 10 de octubre 2024 a las 18:30h<\/p>\n<p>[\/et_pb_blurb][et_pb_blurb url=\u00bbhttps:\/\/ateneoescurialense.org\/casa-de-cultura\/\u00bb use_icon=\u00bbon\u00bb font_icon=\u00bb&#xe081;||divi||400&#8243; icon_color=\u00bb#B7321A\u00bb icon_placement=\u00bbleft\u00bb image_icon_width=\u00bb25px\u00bb disabled_on=\u00bboff|off|off\u00bb admin_label=\u00bbCasa de Cultura\u00bb _builder_version=\u00bb4.24.3&#8243; _module_preset=\u00bbdefault\u00bb link_option_url=\u00bbhttps:\/\/ateneoescurialense.org\/casa-de-cultura\/\u00bb icon_font_size=\u00bb25px\u00bb global_colors_info=\u00bb{}\u00bb]<\/p>\n<p>Casa de Cultura San Lorenzo de El Escorial. Presencial<\/p>\n<p>Calle Floridablanca 3, San Lorenzo de El Escorial<\/p>\n<p>[\/et_pb_blurb][\/et_pb_column][et_pb_column type=\u00bb1_2&#8243; _builder_version=\u00bb4.16&#8243; global_colors_info=\u00bb{}\u00bb][et_pb_text admin_label=\u00bbPonente\u00bb _builder_version=\u00bb4.27.0&#8243; custom_padding=\u00bb5px|||||\u00bb global_colors_info=\u00bb{}\u00bb]<\/p>\n<div class=\"tr_contenido2\">\n<div id=\"contenedornoticias\" class=\"noticiascontenedor\">\n<div class=\"entradillahor\">\n<div class=\"cajacontenedoraindex\">\n<div class=\"tr_contenido2\">\n<div id=\"contenedornoticias\" class=\"noticiascontenedor\">\n<div class=\"entradillahor\">\n<div class=\"cajacontenedoraindex\">\n<div class=\"tr_contenido2\">\n<div id=\"contenedornoticias\" class=\"noticiascontenedor\">\n<div class=\"entradillahor\">\n<h1 style=\"text-align: left\"><span style=\"color: #800000\"><strong>\u00a0Ponente: Juan Manuel Calo Garc\u00eda<\/strong><\/span><\/h1>\n<p><span style=\"color: #800000\">Presenta:\u00a0<\/span><\/p>\n<\/div>\n<\/div>\n<\/div>\n<\/div>\n<\/div>\n<\/div>\n<\/div>\n<\/div>\n<\/div>\n<\/div>\n<\/div>\n<p>[\/et_pb_text][et_pb_blurb url=\u00bbhttps:\/\/ateneoescurialense.org\/ateneo-on-line\/\u00bb image=\u00bbhttps:\/\/ateneoescurialense.org\/arte\/wp-content\/uploads\/sites\/8\/2021\/03\/LOGO-Ateneo-DIGITAL-Ver-08.jpg\u00bb icon_placement=\u00bbleft\u00bb image_icon_width=\u00bb25px\u00bb disabled_on=\u00bboff|off|off\u00bb admin_label=\u00bbOn-line\u00bb _builder_version=\u00bb4.24.0&#8243; _module_preset=\u00bbdefault\u00bb link_option_url=\u00bbhttps:\/\/ateneoescurialense.org\/ateneo-on-line\/\u00bb icon_font_size=\u00bb25px\u00bb global_colors_info=\u00bb{}\u00bb]<\/p>\n<p>On-line<\/p>\n<p>[\/et_pb_blurb][\/et_pb_column][\/et_pb_row][et_pb_row column_structure=\u00bb1_2,1_2&#8243; admin_label=\u00bbTitulo 1 de Arte\u00bb _builder_version=\u00bb4.16&#8243; background_color=\u00bbrgba(0,0,0,0)\u00bb background_size=\u00bbinitial\u00bb background_position=\u00bbtop_left\u00bb background_repeat=\u00bbrepeat\u00bb custom_margin=\u00bb|auto|123px|auto||\u00bb collapsed=\u00bboff\u00bb global_colors_info=\u00bb{}\u00bb][et_pb_column type=\u00bb1_2&#8243; _builder_version=\u00bb4.16&#8243; custom_padding=\u00bb|||\u00bb global_colors_info=\u00bb{}\u00bb custom_padding__hover=\u00bb|||\u00bb][et_pb_image src=\u00bbhttps:\/\/drive.google.com\/thumbnail?sz=w1000&#038;id=1XoDzY8tlJCBnzxqMow3DlVmu90Y4M8yW\u00bb _builder_version=\u00bb4.27.0&#8243; _module_preset=\u00bbdefault\u00bb min_height=\u00bb538.6px\u00bb custom_margin=\u00bb||-129px|||\u00bb global_colors_info=\u00bb{}\u00bb][\/et_pb_image][\/et_pb_column][et_pb_column type=\u00bb1_2&#8243; _builder_version=\u00bb4.16&#8243; custom_padding=\u00bb|||\u00bb global_colors_info=\u00bb{}\u00bb custom_padding__hover=\u00bb|||\u00bb][et_pb_text disabled_on=\u00bboff|off|off\u00bb _builder_version=\u00bb4.27.2&#8243; text_font_size=\u00bb18px\u00bb background_size=\u00bbinitial\u00bb background_position=\u00bbtop_left\u00bb background_repeat=\u00bbrepeat\u00bb global_colors_info=\u00bb{}\u00bb]<\/p>\n<h2 style=\"text-align: center;\"><strong><span style=\"color: #3366ff;\">V\u00eddeo con la conferencia<\/span><\/strong><\/h2>\n<p>[\/et_pb_text][et_pb_video src=\u00bbhttps:\/\/youtu.be\/E3QJtTzE2Oo\u00bb disabled_on=\u00bboff|off|off\u00bb _builder_version=\u00bb4.27.2&#8243; _module_preset=\u00bbdefault\u00bb global_colors_info=\u00bb{}\u00bb][\/et_pb_video][et_pb_text _builder_version=\u00bb4.27.2&#8243; text_font_size=\u00bb18px\u00bb background_size=\u00bbinitial\u00bb background_position=\u00bbtop_left\u00bb background_repeat=\u00bbrepeat\u00bb width=\u00bb100%\u00bb custom_margin=\u00bb|-81px||||\u00bb global_colors_info=\u00bb{}\u00bb]<\/p>\n<div class=\"cajacontenedoraindex\">\n<div class=\"tr_contenido2\">\n<div id=\"contenedornoticias\" class=\"noticiascontenedor\">\n<div id=\"contenido\">\n<div class=\"cajacontenedoraindex\">\n<div class=\"tr_contenido2\">\n<div id=\"contenedornoticias\" class=\"noticiascontenedor\">\n<div id=\"contenido\">\n<p>Prerrafaelismo es el movimiento pict\u00f3rico-literario surgido en Inglaterra a mediados del siglo XIX, surgi\u00f3 como una tendencia art\u00edstica radicalmente opuesta a la estricta y tradicional academia del siglo XIX,\u00a0la <em>Royal Academy of Arts<\/em>, pues pretende perpetuar el m\u00e9todo y expresi\u00f3n pict\u00f3rica de los ilustres Raffaello Sanzio (1483-1520) y Michelangelo Buonarroti (1475-1564). De modo que sus integrantes anhelan expresar el m\u00e1s minucioso detalle a partir de intensos y luminosos colores que resaltasen los temas de sus obras. Algunos de los m\u00e1s memorables giran en torno a las escrituras b\u00edblicas, la materia de Breta\u00f1a o la figura de la mujer fatal.<\/p>\n<p>Todos los pintores prerrafaelistas ten\u00edan pasi\u00f3n por las mujeres hermosas que pintaron\u00a0 en\u00a0 sus cuadros y fueron las musas que los inspiraron. Algunas de ellas llegaron a ser sus esposas otras solo pasaron a ser sus amantes y algunas realmente solo fueron sus musas de inspiraci\u00f3n y a las que pusieron sus caras en los retratos y pinturas m\u00e1s bellas que se conocen.<\/p>\n<\/div>\n<\/div>\n<\/div>\n<\/div>\n<\/div>\n<\/div>\n<\/div>\n<\/div>\n<p>[\/et_pb_text][\/et_pb_column][\/et_pb_row][et_pb_row column_structure=\u00bb2_3,1_3&#8243; admin_label=\u00bbCV\u00bb _builder_version=\u00bb4.17.3&#8243; _module_preset=\u00bbdefault\u00bb width=\u00bb81.7%\u00bb global_colors_info=\u00bb{}\u00bb][et_pb_column type=\u00bb2_3&#8243; _builder_version=\u00bb4.17.3&#8243; _module_preset=\u00bbdefault\u00bb global_colors_info=\u00bb{}\u00bb][et_pb_text admin_label=\u00bbCV\u00bb _builder_version=\u00bb4.27.2&#8243; text_font_size=\u00bb18px\u00bb background_size=\u00bbinitial\u00bb background_position=\u00bbtop_left\u00bb background_repeat=\u00bbrepeat\u00bb hover_enabled=\u00bb0&#8243; global_colors_info=\u00bb{}\u00bb sticky_enabled=\u00bb0&#8243;]<\/p>\n<p>CV<\/p>\n<p>Juan Manuel Calo Garc\u00eda:<\/p>\n<ul>\n<li>Ingeniero superior en Telecomunicaciones, por la Universidad Polit\u00e9cnica de Madrid, desarrollando labores como Project Manager certificado, en entornos multinacionales en Espa\u00f1a y en M\u00e9xico en empresas como Digital Equipment Corporation, Compaq , Hewlett Packard.Con certificaciones tales como SCRUM MASTER, COBIT5, PROJECT MANAGER PROFESSIONAL etc\n<p>Profesor de Sistemas de Telecomunicaci\u00f3n en la Escuela t\u00e9cnica superior de Ingenieros de Telecomunicaci\u00f3n<\/p>\n<p>Profesor en Centros oficiales de certificaci\u00f3n en temas tales como Sistema Operativos, Bases de datos, Realizaci\u00f3n de proyectos con Project, Visio, Servidores de correo electr\u00f3nico etc<\/p>\n<p>Colaborador del aula de estudios hist\u00f3ricos del Centro Cultural Coyoacan en Ciudad de M\u00e9xico<\/p>\n<p>Miembro y ponente en la Tertulia Literaria La fuente en Valdemorillo<\/p>\n<\/li>\n<\/ul>\n<p>[\/et_pb_text][\/et_pb_column][et_pb_column type=\u00bb1_3&#8243; _builder_version=\u00bb4.17.3&#8243; _module_preset=\u00bbdefault\u00bb global_colors_info=\u00bb{}\u00bb][\/et_pb_column][\/et_pb_row][\/et_pb_section]<\/p>\n","protected":false},"excerpt":{"rendered":"<p>La hermandad prerrafaelista y sus musas Jueves\u00a0 10 de octubre 2024 a las 18:30hCasa de Cultura San Lorenzo de El Escorial. Presencial Calle Floridablanca 3, San Lorenzo de El Escorial \u00a0Ponente: Juan Manuel Calo Garc\u00eda Presenta:\u00a0 On-lineV\u00eddeo con la conferencia Prerrafaelismo es el movimiento pict\u00f3rico-literario surgido en Inglaterra a mediados del siglo XIX, surgi\u00f3 como [&hellip;]<\/p>\n","protected":false},"author":2,"featured_media":0,"parent":0,"menu_order":0,"comment_status":"closed","ping_status":"closed","template":"","meta":{"_et_pb_use_builder":"on","_et_pb_old_content":"","_et_gb_content_width":"","footnotes":""},"class_list":["post-3374","page","type-page","status-publish","hentry"],"_links":{"self":[{"href":"https:\/\/ateneoescurialense.org\/arte\/wp-json\/wp\/v2\/pages\/3374","targetHints":{"allow":["GET"]}}],"collection":[{"href":"https:\/\/ateneoescurialense.org\/arte\/wp-json\/wp\/v2\/pages"}],"about":[{"href":"https:\/\/ateneoescurialense.org\/arte\/wp-json\/wp\/v2\/types\/page"}],"author":[{"embeddable":true,"href":"https:\/\/ateneoescurialense.org\/arte\/wp-json\/wp\/v2\/users\/2"}],"replies":[{"embeddable":true,"href":"https:\/\/ateneoescurialense.org\/arte\/wp-json\/wp\/v2\/comments?post=3374"}],"version-history":[{"count":8,"href":"https:\/\/ateneoescurialense.org\/arte\/wp-json\/wp\/v2\/pages\/3374\/revisions"}],"predecessor-version":[{"id":3387,"href":"https:\/\/ateneoescurialense.org\/arte\/wp-json\/wp\/v2\/pages\/3374\/revisions\/3387"}],"wp:attachment":[{"href":"https:\/\/ateneoescurialense.org\/arte\/wp-json\/wp\/v2\/media?parent=3374"}],"curies":[{"name":"wp","href":"https:\/\/api.w.org\/{rel}","templated":true}]}}